{"id":86,"date":"2016-09-16T16:34:26","date_gmt":"2016-09-16T16:34:26","guid":{"rendered":"http:\/\/eventos.ufrrj.br\/simposio-abc\/?page_id=86"},"modified":"2017-11-18T23:16:40","modified_gmt":"2017-11-18T23:16:40","slug":"resumos","status":"publish","type":"page","link":"https:\/\/eventos.ufrrj.br\/simposio-abc\/resumos\/","title":{"rendered":"Resumos"},"content":{"rendered":"<h3><strong>Resumos &#8211; I Simp\u00f3sio ABC &#8211; 2016<\/strong><\/h3>\n<p><strong>Apresenta\u00e7\u00f5es Orais<\/strong><\/p>\n<p>1-<a href=\"http:\/\/eventos.ufrrj.br\/simposio-abc\/files\/2016\/09\/33-Camila-Matos-Produ\u00e7\u00e3o-De-Biofertilizante-a-Partir-da-Digest\u00e3o-Anaer\u00f3bia-de-Dejetos-de-Bovinos-Sob-Sistema-Org\u00e2nico-e-Convencional-de-Produ\u00e7\u00e3o.pdf\">Produ\u00e7\u00e3o de biofertilizante a partir da digest\u00e3o anaer\u00f3bia de dejetos de bovinos sob sistema org\u00e2nico e convencional de produ\u00e7\u00e3o<\/a><\/p>\n<p>2-<a href=\"http:\/\/eventos.ufrrj.br\/simposio-abc\/files\/2016\/09\/10-CarlosRoberto-Caracteriza\u00e7\u00e3o-e-Limita\u00e7\u00f5es-de-Uso-dos-Solos-de-Uma-Topossequ\u00eancia-no-Semi-\u00c1rido-Cearense.pdf\">Caracteriza\u00e7\u00e3o e limita\u00e7\u00f5es de \u00a0uso dos Solos de uma topossequ\u00eancia no semi \u00c1rido Cearense<\/a><\/p>\n<p>3-<a href=\"http:\/\/eventos.ufrrj.br\/simposio-abc\/files\/2016\/09\/5-DeboraQuerino-Din\u00e2mica-da-Cobertura-da-Terra-Estudo-de-Caso-da-\u00c1rea-do-Aqu\u00edfero-de-Guaratiba-Rio-De-Janeiro-RJ.pdf\">Din\u00e2mica da cobertura da terra: Estudo de caso da \u00e1rea do \u00a0aqu\u00edfero de Guaratiba Rio de Janeiro-RJ<\/a><\/p>\n<p>4-<a href=\"http:\/\/eventos.ufrrj.br\/simposio-abc\/files\/2016\/09\/35-Diogo-Alexandre-Rela\u00e7\u00e3o-entre-os-teores-biodipon\u00edveis-de-Cd-e-Zn-e-seus-teores-pseudo-totais-e-os-atributos-qu\u00edmicos-do-solo.pdf\">Rela\u00e7\u00e3o entre os teores biodipon\u00edveis de Cd e Zn e seus teores pseudo-totais e os atributos qu\u00edmicos do solo<\/a><\/p>\n<p>5-\u00a0<a href=\"http:\/\/eventos.ufrrj.br\/simposio-abc\/files\/2016\/09\/21-Erick-Trigueiro-Teores-de-Metais-T\u00f3xicos-na-Parte-Comest\u00edvel-das-Plantas-de-Couve-flor-Produzidas-em-Nova-Friburgo-RJ.pdf\">Teores de metais t\u00f3xicos na parte comest\u00edvel das plantas de couve-flor produzidas em Nova Friburgo-RJ<\/a><\/p>\n<p>6-<a href=\"http:\/\/eventos.ufrrj.br\/simposio-abc\/files\/2016\/09\/16-Fabiana-Barros-Distribui\u00e7\u00e3o-de-Vo\u00e7orocas-em-Pedoformas-C\u00f4ncava-e-Convexa-na-Sub-\u2013-Bacia-do-Ribeir\u00e3o-Cachimbal-Pinheiral-RJ.pdf\">Distribui\u00e7\u00e3o de Vo\u00e7orocas em Pedoformas C\u00f4ncava e Convexa na Sub Bacia do Ribeir\u00e3o Cachimbal Pinheiral-RJ<\/a><\/p>\n<p>7-<a href=\"http:\/\/eventos.ufrrj.br\/simposio-abc\/files\/2016\/09\/26-Fabiana-Borros-Avalia\u00e7\u00e3o-da-fertilidade-de-um-solo-cultivado-com-milho-Zea-mays-L.-sob-um-sistema-org\u00e2nico-de-produ\u00e7\u00e3o-fertirrigado-com-\u00e1gua-residu\u00e1ria-de-suinocultura-e-quantifica\u00e7\u00e3o-da.pdf\">Avalia\u00e7\u00e3o da fertilidade de um solo cultivado com milho (<em>Zea mays<\/em> L.) sob um sistema org\u00e2nico de produ\u00e7\u00e3o fertirrigado com \u00e1gua residu\u00e1ria de suinocultura\u00a0<\/a><\/p>\n<p>8-<a href=\"http:\/\/eventos.ufrrj.br\/simposio-abc\/files\/2016\/09\/2-Joao-Silva-Metais-Pesados-em-Nitossolo-Vermelho-Distr\u00f3fico-Fertilizado-com-Dejeto-L\u00edquido-de-Su\u00ednos-sob-Manejos-de-Fitomassa-em-Campos-Novos-\u2013-SC.pdf\">Metais-Pesados-em-Nitossolo-Vermelho-Distr\u00f3fico-Fertilizado-com-Dejeto-L\u00edquido-de-Su\u00ednos-sob-Manejos-de-Fitomassa-em-Campos-Novos-SC<\/a><\/p>\n<p>9-<a href=\"http:\/\/eventos.ufrrj.br\/simposio-abc\/files\/2016\/09\/1-Jo\u00e3oGaia-Avalia\u00e7\u00e3o-dos-Atributos-F\u00edsicos-e-Qu\u00edmicos-do-Solo-em-Vo\u00e7orocas-Localizadas-em-Pedoformas-C\u00f4ncava-e-Convexa-Pinheiral-RJ.pdf\">Avalia\u00e7\u00e3o dos atributos f\u00edsicos e qu\u00edmicos do solo em vo\u00e7orocas localizadas em pedoformas c\u00f4ncava e convexa Pinheiral-RJ<\/a><\/p>\n<p>10-<a href=\"http:\/\/eventos.ufrrj.br\/simposio-abc\/files\/2016\/09\/24-Osnar-Arag\u00e3o-IUso-de-Escore-de-Nodula\u00e7\u00e3o-para-Avalia\u00e7\u00e3o-do-Potencial-Simbi\u00f3tico-de-Cultivares-de-Feijoeiro-Comum-em-Condi\u00e7\u00f5es-de-Campo.pdf\">Uso de escore de nodula\u00e7\u00e3o para avalia\u00e7\u00e3o do potencial simbi\u00f3tico de cultivares de feijoeiro comum em condi\u00e7\u00f5es de campo<\/a><\/p>\n<p>11-<a href=\"http:\/\/eventos.ufrrj.br\/simposio-abc\/files\/2016\/09\/31-Pedro-Ferreira-An\u00e1lise-Comparativa-de-Dois-Modelos-de-Avalia\u00e7\u00e3o-da-Eros\u00e3o-na-Bacia-Hidrogr\u00e1fica-do-Rio-Guapi-Macacu.pdf\">An\u00e1lise comparativa de dois modelos de avalia\u00e7\u00e3o da eros\u00e3o na Bacia hidrogr\u00e1fica do Rio Guapi-Macacu<\/a><\/p>\n<p>12-<a href=\"http:\/\/eventos.ufrrj.br\/simposio-abc\/files\/2016\/09\/25-SAEL-ELIAS-Caracteriza\u00e7\u00e3o-de-uma-\u00c1rea-Contaminada-com-Metais-Pesados-e-Poss\u00edveis-Solu\u00e7\u00f5es.-San-Jos\u00e9-de-las-Lajas-Mayabeque-Cuba.pdf\">Caracteriza\u00e7\u00e3o de uma \u00e1rea contaminada com metais-pesados e poss\u00edveis solu\u00e7\u00f5es (San Jos\u00e9 de las Lajas Mayabeque-Cuba)<\/a><\/p>\n<p><strong>Apresenta\u00e7\u00f5es em P\u00f4ster<\/strong><\/p>\n<p>1-\u00a0<a href=\"http:\/\/eventos.ufrrj.br\/simposio-abc\/files\/2016\/09\/7-Andr\u00e9s-Garc\u00eda-\u00c1cidos-H\u00famicos-obtidos-a-partir-de-um-vermicomposto-produzido-em-Cuba-e-sua-bioatividade-em-plantas-de-arroz.pdf\">\u00c1cidos h\u00famicos obtidos a partir de um vermicomposto produzido em Cuba e sua bioatividade em plantas de arroz<\/a><\/p>\n<p>2-<a href=\"http:\/\/eventos.ufrrj.br\/simposio-abc\/files\/2016\/09\/8-Andr\u00e9s-Garc\u00eda-Reten\u00e7\u00e3o-de-N\u00edquel-e-Chumbo-na-Fra\u00e7\u00e3o-Insol\u00favel-de-um-Vermicomposto-Obtido-em-uma-Fazenda-Agroecol\u00f3gica.pdf\">Reten\u00e7\u00e3o de n\u00edquel e \u00a0chumbo na fra\u00e7\u00e3o insol\u00favel de um vermicomposto obtido em uma Fazenda Agroecol\u00f3gica<\/a><\/p>\n<p>3-\u00a0<a href=\"http:\/\/eventos.ufrrj.br\/simposio-abc\/files\/2016\/09\/9-Andr\u00e9s-Garc\u00eda-Caracteriza\u00e7\u00e3o-e-Avalia\u00e7\u00e3o-da-Capacidade-de-Reten\u00e7\u00e3o-de-C\u00e1dmium-em-Materiais-Naturais-para-a-Remedia\u00e7\u00e3o-de-Solos.pdf\">Caracteriza\u00e7\u00e3o e Avalia\u00e7\u00e3o da capacidade de reten\u00e7\u00e3o de c\u00e1dmium em materiais naturais para a remedia\u00e7\u00e3o de solos<\/a><\/p>\n<p>4-<a href=\"http:\/\/eventos.ufrrj.br\/simposio-abc\/files\/2016\/09\/40-Adriana-Oliveira-Tratamento-da-\u00e1gua-residu\u00e1ria-da-suinocultura-atrav\u00e9s-da-digest\u00e3o-aer\u00f3bia.pdf\">Tratamento da \u00e1gua residu\u00e1ria da suinocultura atrav\u00e9s da digest\u00e3o aer\u00f3bia<\/a><\/p>\n<p>5-<a href=\"http:\/\/eventos.ufrrj.br\/simposio-abc\/files\/2016\/09\/32-Carlos-Santos-Formas-de-realiza\u00e7\u00e3o-da-calagem-e-uso-do-gesso-agr\u00edcola-em-Nova-Friburgo-RJ.pdf\">Formas de realiza\u00e7\u00e3o da calagem e uso do gesso agr\u00edcola em Nova Friburgo-RJ<\/a><\/p>\n<p>6-<a href=\"http:\/\/eventos.ufrrj.br\/simposio-abc\/files\/2016\/09\/18-Dariellys-M.B-Efeito-da-aplica\u00e7\u00e3o-foliar-de-\u00e1cido-f\u00falvico-no-sistema-radical-de-pl\u00e2ntulas-de-arroz.pdf\">Efeito da aplica\u00e7\u00e3o foliar de \u00e1cido f\u00falvico no sistema radical de pl\u00e2ntulas de arroz<\/a><\/p>\n<p>7-<a href=\"http:\/\/eventos.ufrrj.br\/simposio-abc\/files\/2016\/09\/11-Dionei-Santos-Determina\u00e7\u00e3o-da-taxa-de-infiltra\u00e7\u00e3o-de-\u00e1gua-no-solo-e-l\u00e2mina-infiltrada-em-Latossolo-Vermelho-Amarelo.pdf\">Determina\u00e7\u00e3o da taxa de infiltra\u00e7\u00e3o de \u00e1gua no solo e l\u00e2mina infiltrada em Latossolo Vermelho-Amarelo.pdf<\/a><\/p>\n<p>8-<a href=\"http:\/\/eventos.ufrrj.br\/simposio-abc\/files\/2016\/09\/TEORES-DE-NITRATO-E-AM\u00d4NIO-DO-SOLO-EM-CULTIVO-DE-ALGOD\u00c3O-Gossypium-hirsutum-SUBMETIDO-A-FORMAS-PASTILHADAS-DE-NITROG\u00caNIO-NO-EXTREMO-OESTE-DA-BAHIA.pdf\">Teores de nitrato e am\u00f4nio do solo em cultivo de algod\u00e3o (Gossypium-hirsutum) submetido a formas pastilhadas de nitrog\u00eanio no extremo oeste da Bahia<\/a><\/p>\n<p>9-<a href=\"http:\/\/eventos.ufrrj.br\/simposio-abc\/files\/2016\/09\/28-Eduardo-Bender-Modelagem-da-\u00e1gua-no-solo-e-produ\u00e7\u00e3o-de-biomassa-de-algod\u00e3o-Gossypium-hirsutum-com-o-modelo-swap-Soil-Water-Atmosphere-Plant-no-Cerrado-da-Bahia.pdf\">Modelagem da \u00e1gua no solo e produ\u00e7\u00e3o de biomassa de algod\u00e3o (<em>Gossypium hirsutum<\/em>) com o modelo swap Soil-Water-Atmosphere-Plant no Cerrado da Bahia<\/a><\/p>\n<p>10-<a href=\"http:\/\/eventos.ufrrj.br\/simposio-abc\/files\/2016\/09\/13-Ester-Fonseca-Curvas-de-Neutraliza\u00e7\u00e3o-de-pH-Para-Solos-Com-Diferentes-Atributos-F\u00edsicos.pdf\">Curvas de Neutraliza\u00e7\u00e3o de pH para solos com diferentes atributos f\u00edsicos<\/a><\/p>\n<p>11<a href=\"http:\/\/eventos.ufrrj.br\/simposio-abc\/files\/2016\/09\/39-Fabio-Sousa-Rela\u00e7\u00e3o-Entre-os-Teores-Biodispon\u00edveis-de-Chumbo-e-N\u00edquel-em-Solos-com-Cultivo-De-tomate-em-Nova-Friburgo-RJ..pdf\">Rela\u00e7\u00e3o entre os teores biodispon\u00edveis de chumbo e n\u00edquel em solos com cultivo de tomate em Nova Friburgo-RJ<\/a><\/p>\n<p>12-<a href=\"http:\/\/eventos.ufrrj.br\/simposio-abc\/files\/2016\/09\/30-Felipe-Santos-N\u00edquel-em-Solo-Fertilizado-com-Dejeto-L\u00edquido-de-Su\u00ednos-com-Diferentes-Manejos-de-Fitomassa.pdf\">N\u00edquel em Solo fertilizado com dejeto l\u00edquido de su\u00ednos com diferentes manejos de fitomassa<\/a><\/p>\n<p>13-<a href=\"http:\/\/eventos.ufrrj.br\/simposio-abc\/files\/2016\/09\/19-Gladys-Castillo-Efectos-de-los-\u00c1cidos-H\u00famicos-Sobre-el-Metabolismo-del-Nitr\u00f3geno-en-Plantas-de-Frijol-Estresadas-con-Plomo.pdf\">Efectos de los \u00e1cidos h\u00famicos sobre el metabolismo del nitr\u00f3geno en plantas de frijol estresadas con plomo<\/a><\/p>\n<p>14-<a href=\"http:\/\/eventos.ufrrj.br\/simposio-abc\/files\/2016\/09\/6-Iara-Lopes-Agrega\u00e7\u00e3o-de-um-Latossolo-Vermelho-com-diferentes-quantidades-da-palhada-da-cana-de-a\u00e7\u00faca.pdf\">Agrega\u00e7\u00e3o de um latossolo vermelho com diferentes quantidades da palhada da cana-de-a\u00e7\u00facar<\/a><\/p>\n<p>15-<a href=\"http:\/\/eventos.ufrrj.br\/simposio-abc\/files\/2016\/09\/34-Jardel-Silva-Indicadores-Microbiol\u00f3gicos-em-uma-\u00c1rea-com-Dejetos-Contaminados-com-Pb-Zn-e-Co-Estudo-de-Caso-Empresa-Cer\u00e2mica-Branca-San-Jos\u00e9-de-las-Lajas-Cuba.pdf\">Indicadores microbiol\u00f3gicos em uma \u00e1rea com dejetos contaminados com Pb Zn e Co Estudo de Caso Empresa Cer\u00e2mica Branca San Jos\u00e9 de las Lajas (Cuba)<\/a><\/p>\n<p>16-<a href=\"http:\/\/eventos.ufrrj.br\/simposio-abc\/files\/2016\/09\/36-JUCIELLE-Ferreia-An\u00e1lise-fitossociol\u00f3gica-de-plantas-espont\u00e2neas-no-cultivo-org\u00e2nico-do-feij\u00e3o-vagem-em-fun\u00e7\u00e3o-da-cobertura-aduba\u00e7\u00e3o-e-inocula\u00e7\u00e3o.pdf\">An\u00e1lise fitossociol\u00f3gica de plantas espont\u00e2neas no cultivo org\u00e2nico do feij\u00e3o vagem em fun\u00e7\u00e3o da cobertura, aduba\u00e7\u00e3o e inocula\u00e7\u00e3o<\/a><\/p>\n<p>17-<a href=\"http:\/\/eventos.ufrrj.br\/simposio-abc\/files\/2016\/09\/38-Julia-Ferreira-Caracteriza\u00e7\u00e3o-Qu\u00edmica-e-Granulom\u00e9trica-do-Solo-em-\u00c1reas-Cultivadas-Sob-Manejo-Org\u00e2nico-no-Munic\u00edpio-de-Serop\u00e9dica-\u2013-RJ.pdf\">Caracteriza\u00e7\u00e3o qu\u00edmica e granulom\u00e9trica do Solo em \u00e1reas cultivadas sob manejo org\u00e2nico no munic\u00edpio de Serop\u00e9dica-RJ<\/a><\/p>\n<p>18-<a href=\"http:\/\/eventos.ufrrj.br\/simposio-abc\/files\/2016\/09\/37-liliandra-Em\u00eddio-Resposta-\u00e0-inocula\u00e7\u00e3o-da-estirpe-sp-245-de-Azospirillum-brasilense-EM-diferentes-gen\u00f3tipos-de-Brachiaria-sp.pdf\">Resposta \u00e0 inocula\u00e7\u00e3o da estirpe sp-245 de <em>Azospirillum-brasilense <\/em>em diferentes gen\u00f3tipos de Brachiaria-sp.<\/a><\/p>\n<p>19-<a href=\"http:\/\/eventos.ufrrj.br\/simposio-abc\/files\/2016\/09\/20-LuizAlberto-N\u00edveis-de-energia-ultra-s\u00f4nica-na-dispers\u00e3o-de-argila-em-solo-de-vegeta\u00e7\u00e3o-de-cerrado.pdf\">N\u00edveis de energia ultra-s\u00f4nica na dispers\u00e3o de argila em solo de vegeta\u00e7\u00e3o de cerrado<\/a><\/p>\n<p>20-<a href=\"http:\/\/eventos.ufrrj.br\/simposio-abc\/files\/2016\/09\/4-Marcelle-Souza-Riqueza-da-Comunidade-de-Artr\u00f3podes-de-Folhi\u00e7o-em-\u00c1rea-de-Eucaliptal-e-Floresta-Heterog\u00eanea.pdf\">Riqueza da comunidade de artr\u00f3podes de folhi\u00e7o em \u00e1rea de eucaliptal e floresta heterog\u00eanea<\/a><\/p>\n<p>21-\u00a0<a href=\"http:\/\/eventos.ufrrj.br\/simposio-abc\/files\/2016\/09\/15-Mariana-Vieira-Aporte-De-Elementos-Tra\u00e7o-Por-Insumos-Agr\u00edcolas-Nas-\u00c1reas-Produtoras-De-Couve-Flor-Em-Nova-Friburgo-RJ.pdf\">Aporte de elementos-tra\u00e7o por insumos agr\u00edcolas nas \u00e1reas produtoras de couve-Flor em Nova Friburgo-RJ<\/a><\/p>\n<p>22-<a href=\"http:\/\/eventos.ufrrj.br\/simposio-abc\/files\/2016\/09\/29-Nadia-Pinos-Identifica\u00e7\u00e3o-de-Esp\u00e9cies-de-Plantas-com-Potencial-para-a-Extra\u00e7\u00e3o-e-Acumula\u00e7\u00e3o-de-Metais-Pesados-em-um-Solo-Contaminado-em-Cuba.pdf\">Identifica\u00e7\u00e3o de esp\u00e9cies de plantas com potencial para a extra\u00e7\u00e3o e acumula\u00e7\u00e3o de Metais-Pesados em um Solo-Contaminado em Cuba<\/a><\/p>\n<p>23-<a href=\"http:\/\/eventos.ufrrj.br\/simposio-abc\/files\/2016\/09\/17-Rafaela-Martins-Macrofauna-ed\u00e1fica-em-lavoura-de-cana-de-a\u00e7\u00facar-sob-diferentes-n\u00edveis-de-palhada-e-mata-em-Paranava\u00ed-PR.pdf\">Macrofauna ed\u00e1fica em lavoura de cana-de-a\u00e7\u00facar sob diferentes n\u00edveis de palhada e mata em Paranava\u00ed-PR<\/a><\/p>\n<p>24-<a href=\"http:\/\/eventos.ufrrj.br\/simposio-abc\/files\/2016\/09\/3-Rosalba-Fors-Diversidade-de-fungos-micorr\u00edzicos-arbusculares-em-lavouras-de-cana-de-a\u00e7\u00facar-sob-diferentes-sistemas-de-manejo.pdf\">Diversidade de fungos micorr\u00edzicos arbusculares em lavouras de cana-de-a\u00e7\u00facar sob diferentes sistemas de manejo<\/a><\/p>\n<p>25-\u00a0<a href=\"http:\/\/eventos.ufrrj.br\/simposio-abc\/files\/2016\/09\/22-Rosana-Tinoco-Valora\u00e7\u00e3o-Microbiol\u00f3gica-em-Substrato-Contaminado-com-Res\u00edduo-Industrial-que-cont\u00e9m-Pb-Zn-e-Co-Caso-de-Estudo-Cer\u00e2mica-Branca-San-Jos\u00e9-de-Las-Lajas.pdf\">Valora\u00e7\u00e3o microbiol\u00f3gica em substrato contaminado com res\u00edduo industrial que cont\u00e9m Pb, Zn e Co: Caso de estudo-Cer\u00e2mica Branca (San Jos\u00e9 de Las Lajas)<\/a><\/p>\n<p>26-<a href=\"http:\/\/eventos.ufrrj.br\/simposio-abc\/files\/2016\/09\/12-Sidney-Velloso-Pluviometria-da-Bacia-do-Rio-S\u00e3o-Miguel-Minas-Gerais-Brasil.pdf\">Pluviometria da Bacia do Rio S\u00e3o Miguel Minas-Gerais Brasil<\/a><\/p>\n<p>27-<a href=\"http:\/\/eventos.ufrrj.br\/simposio-abc\/files\/2016\/09\/14-Wilbert-Cabreira-Decomposi\u00e7\u00e3o-do-folhedo-de-esp\u00e9cimes-de-Caesalpinia-echinata-no-Jardim-Bot\u00e2nico-da-Universidade-Federal-Rural-do-Rio-de-Janeiro.pdf\">Decomposi\u00e7\u00e3o do folhedo de esp\u00e9cimes de Caesalpinia echinata no Jardim Bot\u00e2nico da Universidade Federal Rural do Rio de Janeiro<\/a><\/p>\n","protected":false},"excerpt":{"rendered":"<p>Resumos &#8211; I Simp\u00f3sio ABC &#8211; 2016 Apresenta\u00e7\u00f5es Orais 1-Produ\u00e7\u00e3o de biofertilizante a partir da digest\u00e3o anaer\u00f3bia de dejetos de <a class=\"read-more\" href=\"https:\/\/eventos.ufrrj.br\/simposio-abc\/resumos\/ \">&#8230; <i class=\"fa fa-long-arrow-right\"><\/i><\/a><\/p>\n","protected":false},"author":24,"featured_media":0,"parent":0,"menu_order":0,"comment_status":"closed","ping_status":"closed","template":"","meta":{"footnotes":""},"class_list":["post-86","page","type-page","status-publish","hentry"],"_links":{"self":[{"href":"https:\/\/eventos.ufrrj.br\/simposio-abc\/wp-json\/wp\/v2\/pages\/86","targetHints":{"allow":["GET"]}}],"collection":[{"href":"https:\/\/eventos.ufrrj.br\/simposio-abc\/wp-json\/wp\/v2\/pages"}],"about":[{"href":"https:\/\/eventos.ufrrj.br\/simposio-abc\/wp-json\/wp\/v2\/types\/page"}],"author":[{"embeddable":true,"href":"https:\/\/eventos.ufrrj.br\/simposio-abc\/wp-json\/wp\/v2\/users\/24"}],"replies":[{"embeddable":true,"href":"https:\/\/eventos.ufrrj.br\/simposio-abc\/wp-json\/wp\/v2\/comments?post=86"}],"version-history":[{"count":27,"href":"https:\/\/eventos.ufrrj.br\/simposio-abc\/wp-json\/wp\/v2\/pages\/86\/revisions"}],"predecessor-version":[{"id":248,"href":"https:\/\/eventos.ufrrj.br\/simposio-abc\/wp-json\/wp\/v2\/pages\/86\/revisions\/248"}],"wp:attachment":[{"href":"https:\/\/eventos.ufrrj.br\/simposio-abc\/wp-json\/wp\/v2\/media?parent=86"}],"curies":[{"name":"wp","href":"https:\/\/api.w.org\/{rel}","templated":true}]}}