{"id":768,"date":"2021-07-13T09:54:46","date_gmt":"2021-07-13T12:54:46","guid":{"rendered":"http:\/\/eventos.ufrrj.br\/simposio-abc\/?page_id=768"},"modified":"2021-08-18T21:20:14","modified_gmt":"2021-08-19T00:20:14","slug":"certificados","status":"publish","type":"page","link":"https:\/\/eventos.ufrrj.br\/simposio-abc\/certificados\/","title":{"rendered":"Certificados"},"content":{"rendered":"<p style=\"text-align: center\"><strong>Certificados dos trabalhos V Simp\u00f3sio ABC<\/strong><\/p>\n<p><strong>Fertilidade do Solo e Qualidade Ambiental<\/strong><\/p>\n<p><a href=\"https:\/\/drive.google.com\/file\/d\/1WKpDNAvn4DhFrb3JLxs0SRY9A7H8mKRe\/view?usp=sharing\">\u201cAN\u00c1LISE DA EVOLU\u00c7\u00c3O ESTRUTURAL DE BIOCHARS ATRAV\u00c9S DE T\u00c9CNICAS ESPECTROSC\u00d3PICAS E QUIMIOM\u00c9TRICAS\u201d<\/a><\/p>\n<p><a href=\"https:\/\/drive.google.com\/file\/d\/1MPgq6IpSi8TxLScv1IKG9D1GKPrvkSR2\/view?usp=sharing\">\u201cAVALIA\u00c7\u00c3O DA DIN\u00c2MICA DE LIBERA\u00c7\u00c3O DE K DO VERDETE NATURAL E CALCINADO NAS TEMPERATURAS DE 300, 600, 800 E 1000\u00b0C\u201d<\/a><\/p>\n<p><a href=\"https:\/\/drive.google.com\/file\/d\/1CxWKw4k01ap36cUqzOmc8-9cO7HtUh1N\/view?usp=sharing\">\u201cBIODISPONIBILIDADE DE Fe e Mn EM SOLOS ADUBADOS COM CAMA DE FRANGO COM DIFERENTES TEMPOS DE COMPOSTAGEM\u201d<\/a><\/p>\n<p><a href=\"https:\/\/drive.google.com\/file\/d\/1yUYaKBnivIcJluIvcjsLYbOPwISM3zpf\/view?usp=sharing\">\u201cCARACTERISTICAS ESTRUTURAIS DE PASTOS DE UROCHLOA (Syn. Brachiaria) BRIZANTHA CV. MARANDU E MAVUNO DIFERIDOS E ADUBADOS COM NITROG\u00caNIO\u201d<\/a><\/p>\n<p><a href=\"https:\/\/drive.google.com\/file\/d\/1YZ-pbqoCkgdjO_HiRkFlLn3dil_WZ7M5\/view?usp=sharing\">\u201cCARACTERIZA\u00c7\u00c3O DO CAPIM ELEFANTE (Pennisetum purpureum Schum. &#8211; BRS CAPIA\u00c7U) COMO FONTE ALTERNATIVA DE ENERGIA CULTIVADO NO PER\u00cdODO DAS CHUVAS EM CACHOEIRAS DE MACACU-RJ\u201d<\/a><\/p>\n<p><a href=\"https:\/\/drive.google.com\/file\/d\/1QC_iv2DnUbFGR4yqQ0dkWPzO-kh8deDX\/view?usp=sharing\">\u201cCOMBINA\u00c7\u00c3O DE SUBST\u00c2NCIA H\u00daMICA E FUNGOS MICORR\u00cdZICOS ARBUSCULARES NOS TEORES DE Na E K EM ARROZ SOB ESTRESSE SALINO\u201d<\/a><\/p>\n<p><a href=\"https:\/\/drive.google.com\/file\/d\/1dcAOxhpuTylXOr7lABI6G9FDiyRPc08t\/view?usp=sharing\">\u201cCONTRIBUCI\u00d3N DEL PASTOREO BOVINO A LA EMISI\u00d3N PRIMAVERAL DE \u00d3XIDO NITROSO EM SUELOS HIDRO-HALOM\u00d3RFICOS\u201d<\/a><\/p>\n<p><a href=\"https:\/\/drive.google.com\/file\/d\/1_ELeQxElaecIO_wsolVxfzgx-iWvNQad\/view?usp=sharing\">\u201cDESEMPENHO DE FEIJ\u00c3O-MUNGO EM FUN\u00c7\u00c3O DE DIFERENTES N\u00cdVEIS DE NITROG\u00caNIO\u201d<\/a><\/p>\n<p><a href=\"https:\/\/drive.google.com\/file\/d\/1zfgi3bw6icPvrW1-v4VlqhxslsfZ0LVY\/view?usp=sharing\">\u201cEFEITO DOS SISTEMAS DE PREPARO DO SOLO E DE PLANTAS DE COBERTURA NO TEOR DE ZINCO EM REPOLHO (Brassicacea oleracea var. capitata)\u201d<\/a><\/p>\n<p><a href=\"https:\/\/drive.google.com\/file\/d\/1j4UtMrWaRPI3cDb0itPE2ocCU9PVq9GW\/view?usp=sharing\">\u201cEFEITOS DA SUBST\u00c2NCIA H\u00daMICA E FUNGOS MICORR\u00cdZICOS ARBUSCULARES NO CONTE\u00daDO DE F\u00d3SFORO FOLIAR E COLONIZA\u00c7\u00c3O MICORR\u00cdZICA EM ARROZ SOB SALINIDADE\u201d<\/a><\/p>\n<p><a href=\"https:\/\/drive.google.com\/file\/d\/1-C3vf1wCzd2zdsJrQYzLLEPLZt4v-tWg\/view?usp=sharing\">\u201cEFEITOS DO ESTRESSE SALINO NA COMPOSI\u00c7\u00c3O MINERAL DE PLANTAS DE ARROZ cv. BRS ESMERALDA\u201d<\/a><\/p>\n<p><a href=\"https:\/\/drive.google.com\/file\/d\/1pem4nk1HB3jF3OtTAGSXhjr-qsT47lO3\/view?usp=sharing\">\u201cEMISIONES DE \u00d3XIDO NITROSO EN TEMPORADA DE VERANO EN SUELOS BAJO PASTOREO DIRECTO CON PRESENCIA DE Lotus tenuis\u201d<\/a><\/p>\n<p><a href=\"https:\/\/drive.google.com\/file\/d\/1-7ulI4bo91EppluMJGwpgQpCfyG1JMYj\/view?usp=sharing\">\u201cF\u00d3SFORO E CARBONO ORG\u00c2NICO COMO INDICADORES DE QUALIDADE AMBIENTAL EM AMBIENTES DE VEREDAS NO NORTE DE MINAS GERAIS\u201d<\/a><\/p>\n<p><a href=\"https:\/\/drive.google.com\/file\/d\/1cz3PwJVNG6vu5B1PdsdTM5V4MrXNKp8P\/view?usp=sharing\">\u201cINVESTIGA\u00c7\u00c3O DO EFEITO DA MASSA DO SOLO ANALISADA NA DETERMINA\u00c7\u00c3O DO TEOR DE CARBONO ORG\u00c2NICO TOTAL (COT) UTILIZANDO O KMnO4 COMO OXIDANTE\u201d<\/a><\/p>\n<p><a href=\"https:\/\/drive.google.com\/file\/d\/17PfSlFN1GbYMvxqMlQ7gecbY5cAoh2jw\/view?usp=sharing\">\u201cMAT\u00c9RIA ORG\u00c2NICA EM SOLOS ANTR\u00d3PICOS NA AMAZ\u00d4NIA ORIENTAL, PAR\u00c1 (BRASIL)\u201d<\/a><\/p>\n<p><a href=\"https:\/\/drive.google.com\/file\/d\/14jWHQVPd1zRZyECNB32z77TB8oLw-Xet\/view?usp=sharing\">\u201cMAT\u00c9RIA ORG\u00c2NICA LEVE E F\u00d3SFOR REMANESCENTE SOB DIFERENTES MANEJOS EM GUA\u00cdRA-PR\u201d<\/a><\/p>\n<p><a href=\"https:\/\/drive.google.com\/file\/d\/1-Gt1xkJmBJr1V1DwUrJoUKHXVpT8KxLr\/view?usp=sharing\">\u201cMAT\u00c9RIA ORG\u00c2NICA LEVE E TEORES DE CARBONO E NITROG\u00caNIO EM \u00c1REAS SOB DIFERENTES MANEJOS, TRI\u00c2NGULO MINEIRO-MG\u201d<\/a><\/p>\n<p><a href=\"https:\/\/drive.google.com\/file\/d\/1AUFqNfGllARMp4yovjxwUMUTy0OvGPKB\/view?usp=sharing\">\u201cPERDAS POR VOLATILIZA\u00c7\u00c3O DE N-NH3 EM FERTILIZANTES NITROGENADOS ADITIVADOS DE EXTRATOS VEGETAIS \u201d<\/a><\/p>\n<p><a href=\"https:\/\/drive.google.com\/file\/d\/1XiTEa8aVjuaceIYyH-nADFgvqklGfdki\/view?usp=sharing\">\u201cPIGMENTOS FOTOSSINT\u00c9TICOS EM PLANTAS DE ALFACE CULTIVADAS EM SOLU\u00c7\u00c3O NUTRITIVA CONTAMINADA COM COBRE\u201d<\/a><\/p>\n<p><a href=\"https:\/\/drive.google.com\/file\/d\/1Fe73WHD3z0Bjc1xPKwzFaBwaxYj1QN5d\/view?usp=sharing\">\u201cPOTENCIAL DE INIBI\u00c7\u00c3O DA ATIVIDADE DA UREASE PELA A\u00c7\u00c3O DE EXTRATOS VEGETAIS METAN\u00d3LICOS BRUTOS\u201d<\/a><\/p>\n<p><a href=\"https:\/\/drive.google.com\/file\/d\/1Ef4DhS5_8Lkh4C6n_5bcOV9B4TRpTlfP\/view?usp=sharing\">\u201cPRODU\u00c7\u00c3O DE RABANETE (Raphanus sativus L.) SUBMETIDO A ADUBA\u00c7\u00c3O COM BIOSS\u00d3LIDO\u201d<\/a><\/p>\n<p><a href=\"https:\/\/drive.google.com\/file\/d\/1Gwo2HndE99GTmYWBvtbVTVqrggAN5he7\/view?usp=sharing\">\u201cSINTOMAS DA DEFICI\u00caNCIA DE MACRONUTRIENTES NA CULTURA DO GR\u00c3O-DE-BICO (Cicer arietinum L.)\u201d<\/a><\/p>\n<p>&nbsp;<\/p>\n<p><strong>Pedologia e F\u00edsica do Solo<\/strong><\/p>\n<p><a href=\"https:\/\/drive.google.com\/file\/d\/1l18mj10vSVfbtMzRFlimz77sNWvsL-x-\/view?usp=sharing\">\u201cATRIBUTOS F\u00cdSICOS DO SOLO SOB DIFERENTES SISTEMAS DE MANEJO AGR\u00cdCOLA NA PRODU\u00c7\u00c3O DE HORTALI\u00c7AS\u201d<\/a><\/p>\n<p><a href=\"https:\/\/drive.google.com\/file\/d\/1MDzrArgufAcht6kk8b8OpiVW69VtdhUy\/view?usp=sharing\">\u201cCOMPARA\u00c7\u00c3O ENTRE M\u00c9TODOS DE AVALIA\u00c7\u00c3O DA RESIST\u00caNCIA \u00c0 PENETRA\u00c7\u00c3O DO SOLO\u201d<\/a><\/p>\n<p><a href=\"https:\/\/drive.google.com\/file\/d\/16nfRGeWRHWV3vGgUq8srGxbwYW0Wc_OJ\/view?usp=sharing\">\u201cDIAGN\u00d3STICO SIMPLIFICADO DE DEGRADA\u00c7\u00c3O DE PASTAGEM EM CACHOEIRAS DE MACACU-RJ\u201d<\/a><\/p>\n<p><a href=\"https:\/\/drive.google.com\/file\/d\/1_CQbl2OpDfYgm_NN22i_4OcW6V0TIeiO\/view?usp=sharing\">\u201cESPECTROSCOPIA DE RESSON\u00c2NCIA MAGN\u00c9TICA NUCLEAR (RMN) EM \u00c1CIDOS H\u00daMICOS EXTRA\u00cdDOS DE AMOSTRAS DE DOIS SOLOS DO ESTADO DO RIO DE JANEIRO (RJ)\u201d<\/a><\/p>\n<p><a href=\"https:\/\/drive.google.com\/file\/d\/101GkPVuuZxH49-mXo4nnJvYejMwt_cyB\/view?usp=sharing\">\u201cESTIMATIVA DE DENSIDADE DO SOLO NA \u00c1REA DE S\u00c1TIRO DIAS-BA USANDO ALGORITMOS DE MAPEAMENTO DIGITAL \u201d<\/a><\/p>\n<p><a href=\"https:\/\/drive.google.com\/file\/d\/1A5VX5tf4JFG5tQTOOL8ltKnxCymzstDv\/view?usp=sharing\">\u201c\u00d3XIDOS PEDOGEN\u00c9TICOS E CARBONO ORG\u00c2NICO DE SOLOS COM FEI\u00c7\u00d5ES ESP\u00d3DICAS DO PANTANAL BRASILEIRO\u201d<\/a><\/p>\n<p><a href=\"https:\/\/drive.google.com\/file\/d\/1831Gr-xj6u4XQJOSKcp2aPuf9pj7F0Cb\/view?usp=sharing\">\u201cPROPRIEDADE FIS\u00cdCO-QU\u00cdMICAS DO SOLO EM BARRA DO CHO\u00c7A\u201d<\/a><\/p>\n<p>&nbsp;<\/p>\n<p><strong>Biologia do Solo<\/strong><\/p>\n<p>\u201c<a href=\"https:\/\/drive.google.com\/file\/d\/1LmydkgjSpgIIXoYDgPs_JgTVeEcd1KHO\/view?usp=sharing\">A EMISS\u00c3O E O ENGROSSAMENTO DE RA\u00cdZES DE PLANTAS DE ARROZ OCORREM DIFERENCIADAMENTE DE ACORDO COM O TIPO DE \u00c1CIDO H\u00daMICO APLICADO\u201d<\/a><\/p>\n<p><a href=\"https:\/\/drive.google.com\/file\/d\/13EHPk_PJGqBMBuPtMJooyCAXzW9ukauD\/view?usp=sharing\">\u201cABORDAGEM ESPECTROSC\u00d3PICA UV-VIS EM \u00c1CIDOS H\u00daMICOS EXTRA\u00cdDOS DE AMOSTRAS DE DOIS SOLOS DO ESTADO DO RIO DE JANEIRO (RJ)\u201d<\/a><\/p>\n<p><a href=\"https:\/\/drive.google.com\/file\/d\/1jvI5G-2QGw4KSp4y8ED-aifH43upLOLo\/view?usp=sharing\">\u201cAVALIA\u00c7\u00c3O DA FAUNA EP\u00cdGEA SOB DIFERENTES SISTEMAS DE PREPAROS DO SOLO E PLANTAS DE COBERTURA EM MANEJO ORG\u00c2NICO DE PRODU\u00c7\u00c3O DE REPOLHO (Brassicacea oleracea var. capitata)\u201d<\/a><\/p>\n<p><a href=\"https:\/\/drive.google.com\/file\/d\/1shoyqJsBVVVxXmNrGif9rH_L-F9FcA7_\/view?usp=sharing\">\u201cEFICI\u00caNCIA DE BACT\u00c9RIAS FIXADORAS DE NITROG\u00caNIO EM AMENDOIM FORRAGEIRO CV. MANDOBI\u201d<\/a><\/p>\n<p><a href=\"https:\/\/drive.google.com\/file\/d\/1nqinMgKsFjvPS0PrZA8m3HKIHESnM_LS\/view?usp=sharing\">\u201cFAUNA EP\u00cdGEA SOB PLANTAS DE COBERTURA EM MANEJO ORG\u00c2NICO DE PRODU\u00c7\u00c3O DE REPOLHO (Brassicacea oleracea var. capitata)\u201d<\/a><\/p>\n<p><a href=\"https:\/\/drive.google.com\/file\/d\/1XZFvXqzcA08NtMGrXgvgw01dezd8Jx3h\/view?usp=sharing\">\u201cINFLUENCIA DE LAS SUBSTANCIAS H\u00daMICAS EM EL COMPORTAMIENTO AGRON\u00d3MICO DE DOS L\u00cdNEAS DE ARROZ, SOMETIDAS A DIFERENTES NIVELES DE SALINIDAD EM LAS ETAPAS DE GERMINACI\u00d3N INICIAL\u201d<\/a><\/p>\n<p><a href=\"https:\/\/drive.google.com\/file\/d\/1-96awh9HEvUsLc8vz4Y8CcecrhBA6wM2\/view?usp=sharing\">\u201cPROTE\u00c7\u00c3O E EST\u00cdMULOS DE \u00c1CIDO H\u00daMICO DE VERMICOMPOSTO EM RA\u00cdZES DE PLANTAS DE ARROZ CULTIVADAS SOB DEFICI\u00caNCIA H\u00cdDRICA\u201d<\/a><\/p>\n<p><a href=\"https:\/\/drive.google.com\/file\/d\/1fAYYr3Dx7vNb8CK3ga9B_I00qeDp08be\/view?usp=sharing\">\u201cRELA\u00c7\u00c3O ACTINOBACTERIA:PROTEOBACTERIA REFLETE O GRADIENTE DE MUDAN\u00c7A DE USO DO SOLO NA AMAZ\u00d4NIA OCIDENTAL BRASILEIRA\u201d<\/a><\/p>\n<p>&nbsp;<\/p>\n<p><strong>Manejo do Solo e Qualidade Ambiental<\/strong><\/p>\n<p><a href=\"https:\/\/drive.google.com\/file\/d\/1GC4NoNFnTvIMSqAgR33AVBAo76HbSO5A\/view?usp=sharing\">\u201cCAPIM IDEAL: INDICA\u00c7\u00c3O INTELIGENTE DE PASTAGENS PARA PRODU\u00c7\u00c3O LEITEIRA BASEADA EM VARI\u00c1VEIS<\/a><br \/>\nEDAFOCLIM\u00c1TICAS E GEOLOCALIZA\u00c7\u00c3O PARA PEQUENAS PROPRIEDADES\u201d<\/p>\n<p><a href=\"https:\/\/drive.google.com\/file\/d\/1urH1bD-ldxNB8LkKi27-R_qfju9QpcWe\/view?usp=sharing\">\u201cFRA\u00c7\u00d5ES H\u00daMICAS DA MAT\u00c9RIA ORG\u00c2NICA DO SOLO DE AGREGADOS SOB MANEJO CONSERVACIONISTA NO CERRADO MINEIRO\u201d<\/a><\/p>\n<p><a href=\"https:\/\/drive.google.com\/file\/d\/1657-1N2kdTOIHaOFnyTCR1_LxXqyMA2y\/view?usp=sharing\">\u201cPROPOSTAS PARA O CONTROLE DE RAVINAS EM UMA FAZENDA COM BASE EM UM MODELO CONCEITUAL DE SIG\u201d<\/a><\/p>\n<p>&nbsp;<\/p>\n<p><strong>Outros<\/strong><\/p>\n<p><a href=\"https:\/\/drive.google.com\/file\/d\/1x3UkA7Rp7MYxGE_H4NiRmEin_JF8CO8d\/view?usp=sharing\">\u201cMARUPAZINHO \u2013 UMA PLANTA COM POTENCIAL ALIMENT\u00cdCIO E MEDICIANAL PARA CONHECER E CONSERVAR A FLORA AMAZ\u00d4NICA\u201d<\/a><\/p>\n<p>&nbsp;<\/p>\n<p>&nbsp;<\/p>\n<p>&nbsp;<\/p>\n<p>&nbsp;<\/p>\n<p>&nbsp;<\/p>\n<p>&nbsp;<\/p>\n<p>&nbsp;<\/p>\n<p>&nbsp;<\/p>\n<p>&nbsp;<\/p>\n<p>&nbsp;<\/p>\n<p>&nbsp;<\/p>\n<p>&nbsp;<\/p>\n","protected":false},"excerpt":{"rendered":"<p>Certificados dos trabalhos V Simp\u00f3sio ABC Fertilidade do Solo e Qualidade Ambiental \u201cAN\u00c1LISE DA EVOLU\u00c7\u00c3O ESTRUTURAL DE BIOCHARS ATRAV\u00c9S DE <a class=\"read-more\" href=\"https:\/\/eventos.ufrrj.br\/simposio-abc\/certificados\/ \">&#8230; <i class=\"fa fa-long-arrow-right\"><\/i><\/a><\/p>\n","protected":false},"author":24,"featured_media":0,"parent":0,"menu_order":0,"comment_status":"closed","ping_status":"closed","template":"","meta":{"footnotes":""},"class_list":["post-768","page","type-page","status-publish","hentry"],"_links":{"self":[{"href":"https:\/\/eventos.ufrrj.br\/simposio-abc\/wp-json\/wp\/v2\/pages\/768","targetHints":{"allow":["GET"]}}],"collection":[{"href":"https:\/\/eventos.ufrrj.br\/simposio-abc\/wp-json\/wp\/v2\/pages"}],"about":[{"href":"https:\/\/eventos.ufrrj.br\/simposio-abc\/wp-json\/wp\/v2\/types\/page"}],"author":[{"embeddable":true,"href":"https:\/\/eventos.ufrrj.br\/simposio-abc\/wp-json\/wp\/v2\/users\/24"}],"replies":[{"embeddable":true,"href":"https:\/\/eventos.ufrrj.br\/simposio-abc\/wp-json\/wp\/v2\/comments?post=768"}],"version-history":[{"count":6,"href":"https:\/\/eventos.ufrrj.br\/simposio-abc\/wp-json\/wp\/v2\/pages\/768\/revisions"}],"predecessor-version":[{"id":784,"href":"https:\/\/eventos.ufrrj.br\/simposio-abc\/wp-json\/wp\/v2\/pages\/768\/revisions\/784"}],"wp:attachment":[{"href":"https:\/\/eventos.ufrrj.br\/simposio-abc\/wp-json\/wp\/v2\/media?parent=768"}],"curies":[{"name":"wp","href":"https:\/\/api.w.org\/{rel}","templated":true}]}}