{"id":656,"date":"2021-01-13T10:49:15","date_gmt":"2021-01-13T13:49:15","guid":{"rendered":"http:\/\/eventos.ufrrj.br\/simposio-abc\/?page_id=656"},"modified":"2021-08-30T14:40:09","modified_gmt":"2021-08-30T17:40:09","slug":"v-simposio","status":"publish","type":"page","link":"https:\/\/eventos.ufrrj.br\/simposio-abc\/v-simposio\/","title":{"rendered":"V Simp\u00f3sio"},"content":{"rendered":"<p style=\"text-align: center\"><strong>Anais<\/strong><\/p>\n<p><strong><a href=\"https:\/\/drive.google.com\/file\/d\/165YqramP8E5FXTNSbxj2s6xz0YNn12C_\/view?usp=sharing\">Anais do V Simp\u00f3sio ABC : Solos e Sa\u00fade Ambiental <\/a><\/strong><em>(link com os DOI&#8217;s)<\/em><\/p>\n<p>&nbsp;<\/p>\n<p style=\"text-align: center\"><strong>Apresenta\u00e7\u00f5es dos Resumos:<\/strong><\/p>\n<p><strong>Fertilidade do Solo e Nutri\u00e7\u00e3o de Plantas<\/strong><\/p>\n<p><a href=\"https:\/\/drive.google.com\/file\/d\/1DPTLBpAe_uYiuGKKLJNztda_Y7hEZtRj\/view?usp=sharing\">AN\u00c1LISE DA EVOLU\u00c7\u00c3O ESTRUTURAL DE BIOCHARS ATRAV\u00c9S DE T\u00c9CNICAS ESPECTROSC\u00d3PICAS E QUIMIOM\u00c9TRICAS<\/a><\/p>\n<p><a href=\"https:\/\/drive.google.com\/file\/d\/17xNqp2dg6-KVsiOC_UiIEUdN7GHBaPib\/view?usp=sharing\">AVALIA\u00c7\u00c3O DA DIN\u00c2MICA DE LIBERA\u00c7\u00c3O DE K DO VERDETE NATURAL E CALCINADO NAS TEMPERATURAS DE 300, 600, 800 E 1000\u00b0C<\/a><\/p>\n<p><a href=\"https:\/\/drive.google.com\/file\/d\/1rBR2NyVdgUaTlxikMjQGJk_TDZNyuSzz\/view?usp=sharing\">BIODISPONIBILIDADE DE Fe e Mn EM SOLOS ADUBADOS COM CAMA DE FRANGO COM DIFERENTES TEMPOS DE COMPOSTAGEM<\/a><\/p>\n<p><a href=\"https:\/\/drive.google.com\/file\/d\/1AT9cnq9jEWU7pgqllf5LddMcR6UttjM8\/view?usp=sharing\">CARACTERISTICAS ESTRUTURAIS DE PASTOS DE UROCHLOA (SYN. BRACHIARIA) BRIZANTHA CV. MARANDU E MAVUNO DIFERIDOS E ADUBADOS COM NITROG\u00caNIO<\/a><\/p>\n<p><a href=\"https:\/\/drive.google.com\/file\/d\/140CyMCVvuWTf49SklF2QVa3DxkT0OVgw\/view?usp=sharing\">CARACTERIZA\u00c7\u00c3O DO CAPIM ELEFANTE (PENNISETUM PURPUREUM SCHUM. &#8211; BRS CAPIA\u00c7U) COMO FONTE ALTERNATIVA DE ENERGIA CULTIVADO NO PER\u00cdODO DAS CHUVAS EM CACHOEIRAS DE MACACU-RJ<\/a><\/p>\n<p><a href=\"https:\/\/drive.google.com\/file\/d\/1Wjif_DZmYPHCP8qEQANQcJbID5QGkH54\/view?usp=sharing\">COMBINA\u00c7\u00c3O DE SUBST\u00c2NCIA H\u00daMICA E FUNGOS MICORR\u00cdZICOS ARBUSCULARES NOS TEORES DE Na E K EM ARROZ SOB ESTRESSE SALINO<\/a><\/p>\n<p><a href=\"https:\/\/drive.google.com\/file\/d\/1mP49gkRhjqOMRwbTx-706hq96z3ma9hC\/view?usp=sharing\">CONTRIBUCI\u00d3N DEL PASTOREO BOVINO A LA EMISI\u00d3N PRIMAVERAL DE \u00d3XIDO NITROSO EN SUELOS HIDRO-HALOM\u00d3RFICOS<\/a><\/p>\n<p><a href=\"https:\/\/drive.google.com\/file\/d\/13beIhNJN-zllv9qunhQQMhi0K24yw1Be\/view?usp=sharing\">DESEMPENHO DE FEIJ\u00c3O-MUNGO EM FUN\u00c7\u00c3O DE DIFERENTES N\u00cdVEIS DE NITROG\u00caNIO<\/a><\/p>\n<p><a href=\"https:\/\/drive.google.com\/file\/d\/1d6YG8LnkLbn8sBY1SngIBoLU7-aQ1-4Z\/view?usp=sharing\">EFEITO DOS SISTEMAS DE PREPARO DO SOLO E DE PLANTAS DE COBERTURA NO TEOR DE ZINCO EM REPOLHO (Brassicacea oleracea var. capitata)<\/a><\/p>\n<p><a href=\"https:\/\/drive.google.com\/file\/d\/15WmF3jR6d-_0Z0ApDBVQ6cYMQWcH1bkm\/view?usp=sharing\">EFEITOS DA SUBST\u00c2NCIA H\u00daMICA E FUNGOS MICORR\u00cdZICOS ARBUSCULARES NO CONTE\u00daDO DE F\u00d3SFORO FOLIAR E COLONIZA\u00c7\u00c3O MICORR\u00cdZICA EM ARROZ SOB SALINIDADE<\/a><\/p>\n<p><a href=\"https:\/\/drive.google.com\/file\/d\/1zEEJ3NuIhj-iBBT0bSne8SiVX2tbzSaJ\/view?usp=sharing\">EFEITOS DO ESTRESSE SALINO NA COMPOSI\u00c7\u00c3O MINERAL DE PLANTAS DE ARROZ cv. BRS ESMERALDA<\/a><\/p>\n<p><a href=\"https:\/\/drive.google.com\/file\/d\/1SOoZU7VKWLvS5u5T9bPIRL3MaiUIHYFm\/view?usp=sharing\">EMISIONES DE \u00d3XIDO NITROSO EN TEMPORADA DE VERANO EN SUELOS BAJO PASTOREO DIRECTO CON PRESENCIA DE LOTUS TENUIS<\/a><\/p>\n<p><a href=\"https:\/\/drive.google.com\/file\/d\/1u9qWJKiFiYQkXcYjh_bpkL4x6JlDwXNx\/view?usp=sharing\">F\u00d3SFORO E CARBONO ORG\u00c2NICO COMO INDICADORES DE QUALIDADE AMBIENTAL EM AMBIENTES DE VEREDAS NO NORTE DE MINAS GERAIS<\/a><\/p>\n<p><a href=\"https:\/\/drive.google.com\/file\/d\/15eTMq3gnOjD-rP3n7yT8pbZthgpoybTs\/view?usp=sharing\">INVESTIGA\u00c7\u00c3O DO EFEITO DA MASSA DO SOLO ANALISADA NA DETERMINA\u00c7\u00c3O DO TEOR DE CARBONO ORG\u00c2NICO TOTAL (COT) UTILIZANDO O KMnO4 COMO OXIDANTE<\/a><\/p>\n<p><a href=\"https:\/\/drive.google.com\/file\/d\/1ElyMFSMrYv8W0gR9cknTfBqUhSDy6tbL\/view?usp=sharing\">MAT\u00c9RIA ORG\u00c2NICA EM SOLOS ANTR\u00d3PICOS NA AMAZ\u00d4NIA ORIENTAL, PAR\u00c1 (BRASIL)<\/a><\/p>\n<p><a href=\"https:\/\/drive.google.com\/file\/d\/1WVUQ3jwJLjj65wzmyeJjb3WboXXIuNJz\/view?usp=sharing\">MAT\u00c9RIA ORG\u00c2NICA LEVE E F\u00d3SFOR REMANESCENTE SOB DIFERENTES MANEJOS EM GUA\u00cdRA-PR<\/a><\/p>\n<p><a href=\"https:\/\/drive.google.com\/file\/d\/1qcrR7WXMy9EK85Kxu5WgZVVHaVEJZptx\/view?usp=sharing\">MAT\u00c9RIA ORG\u00c2NICA LEVE E TEORES DE CARBONO E NITROG\u00caNIO EM \u00c1REAS SOB DIFERENTES MANEJOS, TRI\u00c2NGULO MINEIRO-MG<\/a><\/p>\n<p><a href=\"https:\/\/drive.google.com\/file\/d\/15DeSVYR8UXfd9Mi20pjSkY2v89r2uXgR\/view?usp=sharing\">PERDAS POR VOLATILIZA\u00c7\u00c3O DE N-NH3 EM FERTILIZANTES NITROGENADOS ADITIVADOS DE EXTRATOS VEGETAIS<\/a><\/p>\n<p><a href=\"https:\/\/drive.google.com\/file\/d\/1eQIVTaeNZaOZzCNxvCJkg9MD-RWVr3UM\/view?usp=sharing\">PIGMENTOS FOTOSSINT\u00c9TICOS EM PLANTAS DE ALFACE CULTIVADAS EM SOLU\u00c7\u00c3O NUTRITIVA CONTAMINADA COM COBRE<\/a><\/p>\n<p><a href=\"https:\/\/drive.google.com\/file\/d\/1U_mDyaacia75jjR8p4vAwc_Z9vEAu8r-\/view?usp=sharing\">POTENCIAL DE INIBI\u00c7\u00c3O DA ATIVIDADE DA UREASE PELA A\u00c7\u00c3O DE EXTRATOS VEGETAIS METAN\u00d3LICOS BRUTOS<\/a><\/p>\n<p><a href=\"https:\/\/drive.google.com\/file\/d\/1F_qL6zUxgSYCHecxD1embm4waMjpzdIL\/view?usp=sharing\">PRODU\u00c7\u00c3O DE RABANETE (Raphanus sativus L.) SUBMETIDO A ADUBA\u00c7\u00c3O COM BIOSS\u00d3LIDO<\/a><\/p>\n<p><a href=\"https:\/\/drive.google.com\/file\/d\/1xE88ou4dgGcHNLfRMHDORnVZsA8Q08L8\/view?usp=sharing\">SINTOMAS DA DEFICI\u00caNCIA DE MACRONUTRIENTES NA CULTURA DO GR\u00c3O-DE-BICO (Cicer arietinum L.)<\/a><\/p>\n<p><strong>Pedologia e F\u00edsica do Solo<\/strong><\/p>\n<p><a href=\"https:\/\/drive.google.com\/file\/d\/1PRe7sdIMUioledzQV7TY4lXWZV3iasWM\/view?usp=sharing\">ATRIBUTOS F\u00cdSICOS DO SOLO SOB DIFERENTES SISTEMAS DE MANEJO AGR\u00cdCOLA NA PRODU\u00c7\u00c3O DE HORTALI\u00c7AS<\/a><\/p>\n<p><a href=\"https:\/\/drive.google.com\/file\/d\/1x6pm5lSjfWA9wOiEAwB8qPnpwwUqsp5t\/view?usp=sharing\">COMPARA\u00c7\u00c3O ENTRE M\u00c9TODOS DE AVALIA\u00c7\u00c3O DA RESIST\u00caNCIA \u00c0 PENETRA\u00c7\u00c3O DO SOLO<\/a><\/p>\n<p><a href=\"https:\/\/drive.google.com\/file\/d\/1N1OQsyKERks6D9V5R3LyYSYNSIDHNBla\/view?usp=sharing\">DIAGN\u00d3STICO SIMPLIFICADO DE DEGRADA\u00c7\u00c3O DE PASTAGEM EM CACHOEIRAS DE MACACU RJ<\/a><\/p>\n<p><a href=\"https:\/\/drive.google.com\/file\/d\/17DMLHkfXfUoqNSvgs4Y-VFh9Je1XY1jH\/view?usp=sharing\">ESPECTROSCOPIA DE RESSON\u00c2NCIA MAGN\u00c9TICA NUCLEAR (RMN) EM \u00c1CIDOS H\u00daMICOS EXTRA\u00cdDOS DE AMOSTRAS DE DOIS SOLOS DO ESTADO DO RIO DE JANEIRO (RJ)<\/a><\/p>\n<p><a href=\"https:\/\/drive.google.com\/file\/d\/1ZqpxY50KDHotgBXClTwUP1C6HoW0G0Kl\/view?usp=sharing\">ESTIMATIVA DE DENSIDADE DO SOLO NA \u00c1REA DE S\u00c1TIRO DIAS-BA USANDO ALGORITMOS DE MAPEAMENTO DIGITAL<\/a><\/p>\n<p><a href=\"https:\/\/drive.google.com\/file\/d\/1EeGZ2gHZTlf5PbieqLJH3ftCJiOLpL3E\/view?usp=sharing\">\u00d3XIDOS PEDOGEN\u00c9TICOS E CARBONO ORG\u00c2NICO DE SOLOS COM FEI\u00c7\u00d5ES ESP\u00d3DICAS DO PANTANAL BRASILEIRO<\/a><\/p>\n<p><a href=\"https:\/\/drive.google.com\/file\/d\/1Xdvp0730FOujaaO6dhXH1IWQSWOR7VzK\/view?usp=sharing\">PROPRIEDADE FIS\u00cdCO-QU\u00cdMICAS DO SOLO EM BARRA DO CHO\u00c7A<\/a><\/p>\n<p><strong>Biologia do Solo<\/strong><\/p>\n<p><a href=\"https:\/\/drive.google.com\/file\/d\/1Si-ZM9ejz8SArHf1ATVwRNmUN63Gg6-P\/view?usp=sharing\">ABORDAGEM ESPECTROSC\u00d3PICA UV-VIS EM \u00c1CIDOS H\u00daMICOS EXTRA\u00cdDOS DE AMOSTRAS DE DOIS SOLOS DO ESTADO DO RIO DE JANEIRO (RJ)<\/a><\/p>\n<p><a href=\"https:\/\/drive.google.com\/file\/d\/1VG0w-aSKe_Sg-9QTOACY21HiTdijm_6i\/view?usp=sharing\">A EMISS\u00c3O E O ENGROSSAMENTO DE RA\u00cdZES DE PLANTAS DE ARROZ OCORREM DIFERENCIADAMENTE DE ACORDO COM O TIPO DE \u00c1CIDO H\u00daMICO APLICADO<\/a><\/p>\n<p><a href=\"https:\/\/drive.google.com\/file\/d\/1s0h7TYjTu3B2RtQ7CU9Zg-xoJWE2azlD\/view?usp=sharing\">AVALIA\u00c7\u00c3O DA FAUNA EP\u00cdGEA SOB DIFERENTES SISTEMAS DE PREPAROS DO SOLO E PLANTAS DE COBERTURA EM MANEJO ORG\u00c2NICO DE PRODU\u00c7\u00c3O DE REPOLHO (Brassicacea oleracea var. capitata)<\/a><\/p>\n<p><a href=\"https:\/\/drive.google.com\/file\/d\/1N6VyLSkB_sMspP65d-7zrVsPiQusLXwO\/view?usp=sharing\">EFICI\u00caNCIA DE BACT\u00c9RIAS FIXADORAS DE NITROG\u00caNIO EM AMENDOIM FORRAGEIRO CV. MANDOBI<\/a><\/p>\n<p><a href=\"https:\/\/drive.google.com\/file\/d\/1AVGDWQIkpd1rA1XD3O71NxboDyg4-zoq\/view?usp=sharing\">FAUNA EP\u00cdGEA SOB PLANTAS DE COBERTURA EM MANEJO ORG\u00c2NICO DE PRODU\u00c7\u00c3O DE REPOLHO (Brassicacea oleracea var. capitata)<\/a><\/p>\n<p><a href=\"https:\/\/drive.google.com\/file\/d\/17nnZ3mVkq0MK46UB2U_JDgPrLXBbpK1I\/view?usp=sharing\">INFLUENCIA DE LAS SUSTANCIAS H\u00daMICAS EN EL COMPORTAMIENTO AGRON\u00d3MICO DE DOS L\u00cdNEAS DE ARROZ, SOMETIDAS A DIFERENTES NIVELES DE SALINIDAD EN LAS ETAPAS DE GERMINACI\u00d3N Y CRECIMIENTO INICIAL<\/a><\/p>\n<p><a href=\"https:\/\/drive.google.com\/file\/d\/1ZCkaeH9RQUfZVA8NV36j9GhBlb2JhxRd\/view?usp=sharing\">PROTE\u00c7\u00c3O E EST\u00cdMULOS DE \u00c1CIDO H\u00daMICO DE VERMICOMPOSTO EM RA\u00cdZES DE PLANTAS DE ARROZ CULTIVADAS SOB DEFICI\u00caNCIA H\u00cdDRICA<\/a><\/p>\n<p><a href=\"https:\/\/drive.google.com\/file\/d\/16g_w2YQR3p2PkmIiG_FjcV2aF_LLGvWp\/view?usp=sharing\">RELA\u00c7\u00c3O ACTINOBACTERIAPROTEOBACTERIA REFLETE O GRADIENTE DE MUDAN\u00c7A DE USO DO SOLO NA AMAZ\u00d4NIA OCIDENTAL BRASILEIRA<\/a><\/p>\n<p><strong>Manejo do Solo e Qualidade Ambiental<\/strong><\/p>\n<p><a href=\"https:\/\/drive.google.com\/file\/d\/1Kcpe7HixvYQgHDgx1P66Dn4HGd8NWCZb\/view?usp=sharing\">CAPIM IDEAL INDICA\u00c7\u00c3O INTELIGENTE DE PASTAGENS PARA PRODU\u00c7\u00c3O LEITEIRA BASEADA EM VARI\u00c1VEIS EDAFOCLIMATICAS E GEOLOCALIZA\u00c7AO PARA PEQUENAS PROPRIEDADES<\/a><\/p>\n<p><a href=\"https:\/\/drive.google.com\/file\/d\/1rOzrgrSHckFH_SfYgqeg5g76YDxwpaSA\/view?usp=sharing\">FRA\u00c7\u00d5ES H\u00daMICAS DA MAT\u00c9RIA ORG\u00c2NICA DO SOLO DE AGREGADOS SOB MANEJO CONSERVACIONISTA NO CERRADO MINEIRO<\/a><\/p>\n<p><a href=\"https:\/\/drive.google.com\/file\/d\/1Da73FZePaPg17nCxu3uDCZqXFKmKSdD1\/view?usp=sharing\">PROPOSTAS PARA O CONTROLE DE RAVINAS EM UMA FAZENDA COM BASE EM UM MODELO CONCEITUAL DE SIG<\/a><\/p>\n<p><strong>Outros<\/strong><\/p>\n<p><a href=\"https:\/\/drive.google.com\/file\/d\/1bbUWQ0H0fp8l-hKhURHP6Xlk5cy2N4Xk\/view?usp=sharing\">MARUPAZINHO \u2013 UMA PLANTA COM POTENCIAL ALIMENT\u00cdCIO E MEDICINAL PARA CONHECER E CONSERVAR A FLORA AMAZ\u00d4NICA<\/a><\/p>\n<p>&nbsp;<\/p>\n<p style=\"text-align: center\"><strong>Resumos publicados:<\/strong><\/p>\n<p><strong>Fertilidade do Solo e Nutri\u00e7\u00e3o de Plantas<\/strong><\/p>\n<p><a href=\"https:\/\/drive.google.com\/file\/d\/1Jcz3cm_uPEIqHM8y8zHnmKY522p52MZe\/view?usp=sharing\">AN\u00c1LISE DA EVOLU\u00c7\u00c3O ESTRUTURAL DE BIOCHARS ATRAV\u00c9S DE T\u00c9CNICAS ESPECTROSC\u00d3PICAS E QUIMIOM\u00c9TRICAS<\/a><\/p>\n<p><a href=\"https:\/\/drive.google.com\/file\/d\/1e-nLf_roHC4dmT0xKsqcDnVkT-EMLL8S\/view?usp=sharing\">AVALIA\u00c7\u00c3O DA DIN\u00c2MICA DE LIBERA\u00c7\u00c3O DE K DO VERDETE NATURAL E CALCINADO NAS TEMPERATURAS DE 300, 600, 800 E 1000\u00b0C<\/a><\/p>\n<p><a href=\"https:\/\/drive.google.com\/file\/d\/1JUZLkruBsFliwUbndRwuREx5_rLfSXG9\/view?usp=sharing\">BIODISPONIBILIDADE DE Fe e Mn EM SOLOS ADUBADOS COM CAMA DE FRANGO COM DIFERENTES TEMPOS DE COMPOSTAGEM<\/a><\/p>\n<p><a href=\"https:\/\/drive.google.com\/file\/d\/1AnBPm5gyKLhAw0iraPdRm-ZU4nYDe2wn\/view?usp=sharing\">CARACTER\u00cdSTICAS ESTRUTURAIS DE PASTOS DE UROCHLOA (Syn. Brachiaria) BRIZANTHA CV. MARANDU E MAVUNO DIFERIDOS E ADUBADOS COM NITROG\u00caNIO<\/a><\/p>\n<p><a href=\"https:\/\/drive.google.com\/file\/d\/1xovq0uLDPX_pAxUl1iAUxG3g38Y_4eN-\/view?usp=sharing\">CARACTERIZA\u00c7\u00c3O DO CAPIM ELEFANTE (PENNISETUM PURPUREUM SCHUM. &#8211; BRS CAPIA\u00c7U) COMO FONTE ALTERNATIVA DE ENERGIA CULTIVADO NO PER\u00cdODO DAS CHUVAS EM CACHOEIRAS DE MACACU-RJ<\/a><\/p>\n<p><a href=\"https:\/\/drive.google.com\/file\/d\/1QcefBn-3L1fPjdD4fG-2u6ahXaEdhNFO\/view?usp=sharing\">COMBINA\u00c7\u00c3O DE SUBST\u00c2NCIA H\u00daMICA E FUNGOS MICORR\u00cdZICOS ARBUSCULARES NOS TEORES DE Na E K EM ARROZ SOB ESTRESSE SALINO<\/a><\/p>\n<p><a href=\"https:\/\/drive.google.com\/file\/d\/1tktK1xE5Z3QeQ7vEzATEBam0Bd63MWyl\/view?usp=sharing\">CONTRIBUCI\u00d3N DEL PASTOREO BOVINO A LA EMISI\u00d3N PRIMAVERAL DE \u00d3XIDO NITROSO EN SUELOS HIDRO-HALOM\u00d3RFICOS<\/a><\/p>\n<p><a href=\"https:\/\/drive.google.com\/file\/d\/1tpCJ19yueIZgXBV7LOUeANMH-y79g7Mf\/view?usp=sharing\">DESEMPENHO DE FEIJ\u00c3O-MUNGO EM FUN\u00c7\u00c3O DE DIFERENTES N\u00cdVEIS DE NITROG\u00caNIO<\/a><\/p>\n<p><a href=\"https:\/\/drive.google.com\/file\/d\/135Us1UHfCSgTqmeHvx6ELDBZ0O7GKm5f\/view?usp=sharing\">EFEITO DOS SISTEMAS DE PREPARO DO SOLO E DE PLANTAS DE COBERTURA NO TEOR DE ZINCO EM REPOLHO (Brassicacea oleracea var. capitata)<\/a><\/p>\n<p><a href=\"https:\/\/drive.google.com\/file\/d\/1pks4FEqDrumCEmvaG0Kpw4OfRwWPTQsH\/view?usp=sharing\">EFEITOS DA SUBST\u00c2NCIA H\u00daMICA E FUNGOS MICORR\u00cdZICOS ARBUSCULARES NO CONTE\u00daDO DE F\u00d3SFORO FOLIAR E COLONIZA\u00c7\u00c3O MICORR\u00cdZICA EM ARROZ SOB SALINIDADE<\/a><\/p>\n<p><a href=\"https:\/\/drive.google.com\/file\/d\/185-ncLMthmrbEQkHjFTDsgfAO0--Axyf\/view?usp=sharing\">EFEITOS DO ESTRESSE SALINO NA COMPOSI\u00c7\u00c3O MINERAL DE PLANTAS DE ARROZ cv. BRS ESMERALDA<\/a><\/p>\n<p><a href=\"https:\/\/drive.google.com\/file\/d\/1I05lpNyCAopJgpF6Svkvg_KJXXE-947w\/view?usp=sharing\">EMISIONES DE \u00d3XIDO NITROSO EN TEMPORADA DE VERANO EN SUELOS BAJO PASTOREO DIRECTO CON PRESENCIA DE LOTUS TENUIS<\/a><\/p>\n<p><a href=\"https:\/\/drive.google.com\/file\/d\/1_32ai7OwolimjG9ftX26F-HvtdIvoZcg\/view?usp=sharing\">F\u00d3SFORO E CARBONO ORG\u00c2NICO COMO INDICADORES DE QUALIDADE AMBIENTAL EM AMBIENTES DE VEREDAS NO NORTE DE MINAS GERAIS<\/a><\/p>\n<p><a href=\"https:\/\/drive.google.com\/file\/d\/1vKASxTfyTQ0omoSslcHOfkoM5_Bwqb2Z\/view?usp=sharing\">INVESTIGA\u00c7\u00c3O DO EFEITO DA MASSA DO SOLO ANALISADA NA DETERMINA\u00c7\u00c3O DO TEOR DE CARBONO ORG\u00c2NICO TOTAL (COT) UTILIZANDO O KMnO4 COMO OXIDANTE<\/a><\/p>\n<p><a href=\"https:\/\/drive.google.com\/file\/d\/1foonAKKwncnaXUnOQarFHBxs6sSuxKap\/view?usp=sharing\">MAT\u00c9RIA ORG\u00c2NICA EM SOLOS ANTR\u00d3PICOS NA AMAZ\u00d4NIA ORIENTAL, PAR\u00c1 (BRASIL)<\/a><\/p>\n<p><a href=\"https:\/\/drive.google.com\/file\/d\/15q_tDo8Q3s8eqhwwcEHijv_5MjPU_KBC\/view?usp=sharing\">MAT\u00c9RIA ORG\u00c2NICA LEVE E F\u00d3SFOR REMANESCENTE SOB DIFERENTES MANEJOS EM GUA\u00cdRA-PR<\/a><\/p>\n<p><a href=\"https:\/\/drive.google.com\/file\/d\/1FSb8SvjMIWtOznGnQDnJaaEg2MbssSAE\/view?usp=sharing\">MAT\u00c9RIA ORG\u00c2NICA LEVE E TEORES DE CARBONO E NITROG\u00caNIO EM \u00c1REAS SOB DIFERENTES MANEJOS, TRI\u00c2NGULO MINEIRO-MG<\/a><\/p>\n<p><a href=\"https:\/\/drive.google.com\/file\/d\/1Y6-fp9FIMEKJTob6-klYNr1DKF8yyvCE\/view?usp=sharing\">PERDAS POR VOLATILIZA\u00c7\u00c3O DE N-NH3 EM FERTILIZANTES NITROGENADOS ADITIVADOS DE EXTRATOS VEGETAIS<\/a><\/p>\n<p><a href=\"https:\/\/drive.google.com\/file\/d\/1yjpGYP6Wg-jzxskU48db2AkfSTI0x184\/view?usp=sharing\">PIGMENTOS FOTOSSINT\u00c9TICOS EM PLANTAS DE ALFACE CULTIVADAS EM SOLU\u00c7\u00c3O NUTRITIVA CONTAMINADA COM COBRE<\/a><\/p>\n<p><a href=\"https:\/\/drive.google.com\/file\/d\/1LzDMbVOf2b-4mNee19ylg394HjkeApeR\/view?usp=sharing\">POTENCIAL DE INIBI\u00c7\u00c3O DA ATIVIDADE DA UREASE PELA A\u00c7\u00c3O DE EXTRATOS VEGETAIS METAN\u00d3LICOS BRUTOS<\/a><\/p>\n<p><a href=\"https:\/\/drive.google.com\/file\/d\/1unB7VTN0FGGfwZYmq_-7MlIbsjs8qmAQ\/view?usp=sharing\">PRODU\u00c7\u00c3O DE RABANETE (Raphanus sativus L.) SUBMETIDO A ADUBA\u00c7\u00c3O COM BIOSS\u00d3LIDO<\/a><\/p>\n<p><a href=\"https:\/\/drive.google.com\/file\/d\/14KPY8hFt-RMMATa44D4Nkoqq-E6CQM4K\/view?usp=sharing\">SINTOMAS DA DEFICI\u00caNCIA DE MACRONUTRIENTES NA CULTURA DO GR\u00c3O-DE-BICO (Cicer arietinum L.)<\/a><\/p>\n<p><strong>Pedologia e F\u00edsica do Solo<\/strong><\/p>\n<p><a href=\"https:\/\/drive.google.com\/file\/d\/1dPMsXq5ce5Tesr8iY4iJhDcQTicLTN9I\/view?usp=sharing\">ATRIBUTOS F\u00cdSICOS DO SOLO SOB DIFERENTES SISTEMAS DE MANEJO AGR\u00cdCOLA NA PRODU\u00c7\u00c3O DE HORTALI\u00c7AS<\/a><\/p>\n<p><a href=\"https:\/\/drive.google.com\/file\/d\/1WW4v8Vp_JX07JfxYbd23WAPybXP8U9La\/view?usp=sharing\">COMPARA\u00c7\u00c3O ENTRE M\u00c9TODOS DE AVALIA\u00c7\u00c3O DA RESIST\u00caNCIA \u00c0 PENETRA\u00c7\u00c3O DO SOLO<\/a><\/p>\n<p><a href=\"https:\/\/drive.google.com\/file\/d\/1OjyZpPXgo5B0p1xjl9lj1htQtZ4t20Nz\/view?usp=sharing\">DIAGN\u00d3STICO SIMPLIFICADO DE DEGRADA\u00c7\u00c3O DE PASTAGEM EM CACHOEIRAS DE MACACU RJ<\/a><\/p>\n<p><a href=\"https:\/\/drive.google.com\/file\/d\/1kQDFckHQTjxHNfP5SYEoNmdVoqzvcgL8\/view?usp=sharing\">ESPECTROSCOPIA DE RESSON\u00c2NCIA MAGN\u00c9TICA NUCLEAR (RMN) EM \u00c1CIDOS H\u00daMICOS EXTRA\u00cdDOS DE AMOSTRAS DE DOIS SOLOS DO ESTADO DO RIO DE JANEIRO (RJ)<\/a><\/p>\n<p><a href=\"https:\/\/drive.google.com\/file\/d\/1Te0bSH_luljEX8XrbbU-Is1jJhLXmgTP\/view?usp=sharing\">ESTIMATIVA DE DENSIDADE DO SOLO NA \u00c1REA DE S\u00c1TIRO DIAS-BA USANDO ALGORITMOS DE MAPEAMENTO DIGITAL<\/a><\/p>\n<p><a href=\"https:\/\/drive.google.com\/file\/d\/1ZjM07Zy0xkyna4hE2obft27MBKuXlxqf\/view?usp=sharing\">\u00d3XIDOS PEDOGEN\u00c9TICOS E CARBONO ORG\u00c2NICO DE SOLOS COM FEI\u00c7\u00d5ES ESP\u00d3DICAS DO PANTANAL BRASILEIRO<\/a><\/p>\n<p><a href=\"https:\/\/drive.google.com\/file\/d\/1cOoKJrdBrkMbkN9x_OcKncMhW-jZxABx\/view?usp=sharing\">PROPRIEDADE FIS\u00cdCO-QU\u00cdMICAS DO SOLO EM BARRA DO CHO\u00c7A<\/a><\/p>\n<p><strong>Biologia do Solo<\/strong><\/p>\n<p><a href=\"https:\/\/drive.google.com\/file\/d\/1qOdzQubf3IwGKQPcom4pKsYFFg-I3JUq\/view?usp=sharing\">ABORDAGEM ESPECTROSC\u00d3PICA UV-VIS EM \u00c1CIDOS H\u00daMICOS EXTRA\u00cdDOS DE AMOSTRAS DE DOIS SOLOS DO ESTADO DO RIO DE JANEIRO (RJ)<\/a><\/p>\n<p><a href=\"https:\/\/drive.google.com\/file\/d\/1oXj6eDkx2sjiaGcNrGgGj7uncxtGKVJg\/view?usp=sharing\">A EMISS\u00c3O E O ENGROSSAMENTO DE RA\u00cdZES DE PLANTAS DE ARROZ OCORREM DIFERENCIADAMENTE DE ACORDO COM O TIPO DE \u00c1CIDO H\u00daMICO APLICADO<\/a><\/p>\n<p><a href=\"https:\/\/drive.google.com\/file\/d\/1YFOpRSKFOcbln8oWyq4-vuIl93MS0SFo\/view?usp=sharing\">AVALIA\u00c7\u00c3O DA FAUNA EP\u00cdGEA SOB DIFERENTES SISTEMAS DE PREPAROS DO SOLO E PLANTAS DE COBERTURA EM MANEJO ORG\u00c2NICO DE PRODU\u00c7\u00c3O DE REPOLHO (Brassicacea oleracea var. capitata)<\/a><\/p>\n<p><a href=\"https:\/\/drive.google.com\/file\/d\/1bukp3uS1MOdSfjRXbvAy0YuAI_20ZIlo\/view?usp=sharing\">EFICI\u00caNCIA DE BACT\u00c9RIAS FIXADORAS DE NITROG\u00caNIO EM AMENDOIM FORRAGEIRO CV. MANDOBI<\/a><\/p>\n<p><a href=\"https:\/\/drive.google.com\/file\/d\/1fUYv5vfB4dMXMEk0X72c3zNpBhGlqQ-Y\/view?usp=sharing\">FAUNA EP\u00cdGEA SOB PLANTAS DE COBERTURA EM MANEJO ORG\u00c2NICO DE PRODU\u00c7\u00c3O DE REPOLHO (Brassicacea oleracea var. capitata)<\/a><\/p>\n<p><a href=\"https:\/\/drive.google.com\/file\/d\/1dE1BBlHB6N9CpJoqLw4pxLY6p8Rt02Gp\/view?usp=sharing\">INFLUENCIA DE LAS SUSTANCIAS H\u00daMICAS EN EL COMPORTAMIENTO AGRON\u00d3MICO DE DOS L\u00cdNEAS DE ARROZ, SOMETIDAS A DIFERENTES NIVELES DE SALINIDAD EN LAS ETAPAS DE GERMINACI\u00d3N Y CRECIMIENTO INICIAL<\/a><\/p>\n<p><a href=\"https:\/\/drive.google.com\/file\/d\/1i6i7023fockGWVp4qFId2beV32Q9Ysn-\/view?usp=sharing\">PROTE\u00c7\u00c3O E EST\u00cdMULOS DE \u00c1CIDO H\u00daMICO DE VERMICOMPOSTO EM RA\u00cdZES DE PLANTAS DE ARROZ CULTIVADAS SOB DEFICI\u00caNCIA H\u00cdDRICA<\/a><\/p>\n<p><a href=\"https:\/\/drive.google.com\/file\/d\/1LFznC2RKdmvrRvwGlmrb3HhlRyjI1eHM\/view?usp=sharing\">RELA\u00c7\u00c3O ACTINOBACTERIAPROTEOBACTERIA REFLETE O GRADIENTE DE MUDAN\u00c7A DE USO DO SOLO NA AMAZ\u00d4NIA OCIDENTAL BRASILEIRA<\/a><\/p>\n<p><strong>Manejo do Solo e Qualidade Ambiental<\/strong><\/p>\n<p><a href=\"https:\/\/drive.google.com\/file\/d\/1ZQ17aN7daQJ8a31PrmCWq04KzFViWNlL\/view?usp=sharing\">CAPIM IDEAL INDICA\u00c7\u00c3O INTELIGENTE DE PASTAGENS PARA PRODU\u00c7\u00c3O LEITEIRA BASEADA EM VARI\u00c1VEIS EDAFOCLIMATICAS E GEOLOCALIZA\u00c7AO PARA PEQUENAS PROPRIEDADES<\/a><\/p>\n<p><a href=\"https:\/\/drive.google.com\/file\/d\/1lQgF1_Gdj_e8lVCgGACKT0-afVJE6j4u\/view?usp=sharing\">FRA\u00c7\u00d5ES H\u00daMICAS DA MAT\u00c9RIA ORG\u00c2NICA DO SOLO DE AGREGADOS SOB MANEJO CONSERVACIONISTA NO CERRADO MINEIRO<\/a><\/p>\n<p><a href=\"https:\/\/drive.google.com\/file\/d\/1NDrFP-5t8wdugegeQ4lwmp9loUtUCHIo\/view?usp=sharing\">PROPOSTAS PARA O CONTROLE DE RAVINAS EM UMA FAZENDA COM BASE EM UM MODELO CONCEITUAL DE SIG<\/a><\/p>\n<p><strong>Outros<\/strong><\/p>\n<p><a href=\"https:\/\/drive.google.com\/file\/d\/1JKVr9AIthv75-cyoFcu-Dvx1r6qJztNG\/view?usp=sharing\">MARUPAZINHO \u2013 UMA PLANTA COM POTENCIAL ALIMENT\u00cdCIO E MEDICINAL PARA CONHECER E CONSERVAR A FLORA AMAZ\u00d4NICA<\/a><\/p>\n<p>&nbsp;<\/p>\n","protected":false},"excerpt":{"rendered":"<p>Anais Anais do V Simp\u00f3sio ABC : Solos e Sa\u00fade Ambiental (link com os DOI&#8217;s) &nbsp; Apresenta\u00e7\u00f5es dos Resumos: Fertilidade <a class=\"read-more\" href=\"https:\/\/eventos.ufrrj.br\/simposio-abc\/v-simposio\/ \">&#8230; <i class=\"fa fa-long-arrow-right\"><\/i><\/a><\/p>\n","protected":false},"author":24,"featured_media":0,"parent":0,"menu_order":0,"comment_status":"closed","ping_status":"closed","template":"","meta":{"footnotes":""},"class_list":["post-656","page","type-page","status-publish","hentry"],"_links":{"self":[{"href":"https:\/\/eventos.ufrrj.br\/simposio-abc\/wp-json\/wp\/v2\/pages\/656","targetHints":{"allow":["GET"]}}],"collection":[{"href":"https:\/\/eventos.ufrrj.br\/simposio-abc\/wp-json\/wp\/v2\/pages"}],"about":[{"href":"https:\/\/eventos.ufrrj.br\/simposio-abc\/wp-json\/wp\/v2\/types\/page"}],"author":[{"embeddable":true,"href":"https:\/\/eventos.ufrrj.br\/simposio-abc\/wp-json\/wp\/v2\/users\/24"}],"replies":[{"embeddable":true,"href":"https:\/\/eventos.ufrrj.br\/simposio-abc\/wp-json\/wp\/v2\/comments?post=656"}],"version-history":[{"count":31,"href":"https:\/\/eventos.ufrrj.br\/simposio-abc\/wp-json\/wp\/v2\/pages\/656\/revisions"}],"predecessor-version":[{"id":786,"href":"https:\/\/eventos.ufrrj.br\/simposio-abc\/wp-json\/wp\/v2\/pages\/656\/revisions\/786"}],"wp:attachment":[{"href":"https:\/\/eventos.ufrrj.br\/simposio-abc\/wp-json\/wp\/v2\/media?parent=656"}],"curies":[{"name":"wp","href":"https:\/\/api.w.org\/{rel}","templated":true}]}}