{"id":8,"date":"2016-09-13T13:07:38","date_gmt":"2016-09-13T16:07:38","guid":{"rendered":"http:\/\/eventos.ufrrj.br\/sfpmeb\/?page_id=8"},"modified":"2018-10-19T16:34:25","modified_gmt":"2018-10-19T19:34:25","slug":"programacao","status":"publish","type":"page","link":"https:\/\/eventos.ufrrj.br\/sfpmeb\/programacao\/","title":{"rendered":"Programa\u00e7\u00e3o"},"content":{"rendered":"<p><strong>Dia 23\/10\/2018 \u2013 Audit\u00f3rio Gustavo Dutra<\/strong><\/p>\n<p>&nbsp;<\/p>\n<p>13h30 \u2013 Mesa de abertura<\/p>\n<p><strong>14h00 \u2013 Confer\u00eancia de Abertura<\/strong>: <strong>\u201cOs impactos da BNCC na\u00a0Pol\u00edtica de Forma\u00e7\u00e3o de Professores\u201d<\/strong><\/p>\n<p><strong>\u00a0<\/strong><strong>Conferencista:<\/strong> Prof. Dr. Jorge Najjar (UFF)<\/p>\n<p><strong>Mediadora:<\/strong>Prof.\u00aa Ms. Lilian Cordeiro (UFRRJ)<\/p>\n<p>16:00h &#8211;\u00a0<strong>Apresenta\u00e7\u00e3o do Coral da UFRuralJR<\/strong><\/p>\n<p>Maestro Obadias Rocha<\/p>\n<p>16h30 &#8211; Coquetel<\/p>\n<p>&nbsp;<\/p>\n<p><strong>24\/10\/2019 \u2013 Audit\u00f3rio Gustavo Dutra<\/strong><\/p>\n<p><strong>08h30 \u2013 Mesa-Redonda: \u00a0\u201cCi\u00eancia, Ensino e Forma\u00e7\u00e3o de Professores: Impactos da BNCC e da Reforma do Ensino M\u00e9dio\u201d<\/strong><\/p>\n<p><strong>\u00a0<\/strong><strong>Expositores:<\/strong>\u00a0\u00a0Prof. Dr.\u00a0 Felipe Magalh\u00e3es (ICHS\/UFRRJ)<\/p>\n<p>Prof\u00aa. Dr\u00aa. Lana Cl\u00e1udia Fonseca (IE\/UFRRJ)<\/p>\n<p><strong>Mediadora<\/strong>:\u00a0 Adriana Carvalho (IE\/UFRRJ)<\/p>\n<p><strong>\u00a0<\/strong>10h30 &#8211; Debate<\/p>\n<p><strong>\u00a0<\/strong>11h30 &#8211; Almo\u00e7o<\/p>\n<p><strong>\u00a0<\/strong><strong>13h00 &#8211;<\/strong>Apresenta\u00e7\u00e3o de Trabalhos aprovados em formato P\u00f4ster<\/p>\n<p><strong>\u00a0<\/strong><strong>14h00 \u2013Mesa-Redonda:<\/strong><strong>\u201cOrganismos multilaterais de coopera\u00e7\u00e3o, definanciamento e pol\u00edticas de forma\u00e7\u00e3o de professores\u201d<\/strong><\/p>\n<p><strong>\u00a0<\/strong><strong>Expositores:<\/strong> Prof.\u00aa Dr.\u00aa Cl\u00e1udia Piccinini (UFRJ)<\/p>\n<p>Prof\u00aaDr\u00aa. Maria da Concei\u00e7\u00e3o Calmon Arruda (UERJ\/FIOCRUZ)<\/p>\n<p>Prof. Dr.\u00a0 Jos\u00e9 dos Santos de Souza (UFRRJ)<\/p>\n<p><strong>Mediadora<\/strong>: Prof\u00aa.Dr\u00aa. Miriam Morelli Lima de Mello (UFRRJ)<\/p>\n<p><strong>\u00a0<\/strong><strong>16h00 <\/strong>\u2013 Debate<\/p>\n<p>&nbsp;<\/p>\n<p><strong>25\/10\/2018 \u2013 Audit\u00f3rio Gustavo Dutra<\/strong><\/p>\n<p><strong>08h30 \u2013 Mesa-Redonda:<\/strong><strong> Forma\u00e7\u00e3o de Professores e as Diretrizes Curriculares: Resist\u00eancia e reformula\u00e7\u00e3o das licenciaturas <\/strong><\/p>\n<p><strong>\u00a0<\/strong><strong>Expositores: <\/strong>Prof\u00aa. Dr\u00aa. Rosane Marendino (UFF)<\/p>\n<p>Prof\u00aa. Dr\u00aa.\u00a0 Malvina Tuttmann (Unirio)<\/p>\n<p>Prof\u00aa. Dr\u00aa. Luc\u00edlia Augusta Lino (UERJ)<\/p>\n<p><strong>Mediadora<\/strong>: Prof\u00aa. Dr\u00aa N\u00e1dia Souza.\u00a0 (UFRRJ)<\/p>\n<p><strong>10h30 <\/strong>&#8211; Debate<\/p>\n<p><strong>11h30<\/strong> \u2013 Almo\u00e7o<\/p>\n<p><strong>13h30 \u2013 Mesa-Redonda:<\/strong><strong> Forma\u00e7\u00e3o de Professores e Educa\u00e7\u00e3o do Campo: A diversidade no atual contexto hist\u00f3rico brasileiro.<\/strong><\/p>\n<p><strong>\u00a0<\/strong><strong>Expositores: <\/strong>Prof. Dr. Leonardo Gama Campos (UFF\/Santo Ant\u00f4nio de P\u00e1dua)<\/p>\n<p>Prof\u00aa. Dr.\u00aaRoberta Lobo(UFRRJ)<\/p>\n<p>Prof\u00aa.Dr. Allan Rocha Damasceno (UFRRJ)<\/p>\n<p><strong>Mediador<\/strong>: Prof. Dr.Bruno Vieira (UFRRJ)<\/p>\n<p><strong>\u00a0<\/strong><strong>16h30<\/strong> \u2013 <strong>Apresenta\u00e7\u00e3o do Grupo de Dan\u00e7a da UFRRJ<\/strong><\/p>\n<p>Dire\u00e7\u00e3o: Prof.\u00aa Dr.\u00aa Val\u00e9ria Nascimento Lebeis Pires<\/p>\n<p><strong>18h00<\/strong>\u2013 Avalia\u00e7\u00e3o e encerramento do Semin\u00e1rio<\/p>\n","protected":false},"excerpt":{"rendered":"<p>Dia 23\/10\/2018 \u2013 Audit\u00f3rio Gustavo Dutra &nbsp; 13h30 \u2013 Mesa de abertura 14h00 \u2013 Confer\u00eancia de Abertura: \u201cOs impactos da BNCC na\u00a0Pol\u00edtica [&hellip;]<\/p>\n","protected":false},"author":25,"featured_media":0,"parent":0,"menu_order":0,"comment_status":"closed","ping_status":"closed","template":"","meta":{"_acf_changed":false,"footnotes":""},"tags":[],"class_list":["post-8","page","type-page","status-publish","hentry"],"acf":[],"yoast_head":"<!-- This site is optimized with the Yoast SEO plugin v27.5 - https:\/\/yoast.com\/product\/yoast-seo-wordpress\/ -->\n<title>Programa\u00e7\u00e3o - II SEMIN\u00c1RIO FORMA\u00c7\u00c3O DE PROFISSIONAIS DO MAGIST\u00c9RIO PARA A EDUCA\u00c7\u00c3O B\u00c1SICA<\/title>\n<meta name=\"robots\" content=\"index, follow, max-snippet:-1, max-image-preview:large, max-video-preview:-1\" \/>\n<link rel=\"canonical\" href=\"https:\/\/eventos.ufrrj.br\/sfpmeb\/programacao\/\" \/>\n<meta property=\"og:locale\" content=\"pt_BR\" \/>\n<meta property=\"og:type\" content=\"article\" \/>\n<meta property=\"og:title\" content=\"Programa\u00e7\u00e3o - II SEMIN\u00c1RIO FORMA\u00c7\u00c3O DE PROFISSIONAIS DO MAGIST\u00c9RIO PARA A EDUCA\u00c7\u00c3O B\u00c1SICA\" \/>\n<meta property=\"og:description\" content=\"Dia 23\/10\/2018 \u2013 Audit\u00f3rio Gustavo Dutra &nbsp; 13h30 \u2013 Mesa de abertura 14h00 \u2013 Confer\u00eancia de Abertura: \u201cOs impactos da BNCC na\u00a0Pol\u00edtica [&hellip;]\" \/>\n<meta property=\"og:url\" content=\"https:\/\/eventos.ufrrj.br\/sfpmeb\/programacao\/\" \/>\n<meta property=\"og:site_name\" content=\"II SEMIN\u00c1RIO FORMA\u00c7\u00c3O DE PROFISSIONAIS DO MAGIST\u00c9RIO PARA A EDUCA\u00c7\u00c3O B\u00c1SICA\" \/>\n<meta property=\"article:modified_time\" content=\"2018-10-19T19:34:25+00:00\" \/>\n<meta name=\"twitter:card\" content=\"summary_large_image\" \/>\n<meta name=\"twitter:label1\" content=\"Est. tempo de leitura\" \/>\n\t<meta name=\"twitter:data1\" content=\"1 minuto\" \/>\n<script type=\"application\/ld+json\" class=\"yoast-schema-graph\">{\"@context\":\"https:\\\/\\\/schema.org\",\"@graph\":[{\"@type\":\"WebPage\",\"@id\":\"https:\\\/\\\/eventos.ufrrj.br\\\/sfpmeb\\\/programacao\\\/\",\"url\":\"https:\\\/\\\/eventos.ufrrj.br\\\/sfpmeb\\\/programacao\\\/\",\"name\":\"Programa\u00e7\u00e3o - II SEMIN\u00c1RIO FORMA\u00c7\u00c3O DE PROFISSIONAIS DO MAGIST\u00c9RIO PARA A EDUCA\u00c7\u00c3O B\u00c1SICA\",\"isPartOf\":{\"@id\":\"https:\\\/\\\/eventos.ufrrj.br\\\/sfpmeb\\\/#website\"},\"datePublished\":\"2016-09-13T16:07:38+00:00\",\"dateModified\":\"2018-10-19T19:34:25+00:00\",\"breadcrumb\":{\"@id\":\"https:\\\/\\\/eventos.ufrrj.br\\\/sfpmeb\\\/programacao\\\/#breadcrumb\"},\"inLanguage\":\"pt-BR\",\"potentialAction\":[{\"@type\":\"ReadAction\",\"target\":[\"https:\\\/\\\/eventos.ufrrj.br\\\/sfpmeb\\\/programacao\\\/\"]}]},{\"@type\":\"BreadcrumbList\",\"@id\":\"https:\\\/\\\/eventos.ufrrj.br\\\/sfpmeb\\\/programacao\\\/#breadcrumb\",\"itemListElement\":[{\"@type\":\"ListItem\",\"position\":1,\"name\":\"In\u00edcio\",\"item\":\"https:\\\/\\\/eventos.ufrrj.br\\\/sfpmeb\\\/\"},{\"@type\":\"ListItem\",\"position\":2,\"name\":\"Programa\u00e7\u00e3o\"}]},{\"@type\":\"WebSite\",\"@id\":\"https:\\\/\\\/eventos.ufrrj.br\\\/sfpmeb\\\/#website\",\"url\":\"https:\\\/\\\/eventos.ufrrj.br\\\/sfpmeb\\\/\",\"name\":\"II SEMIN\u00c1RIO FORMA\u00c7\u00c3O DE PROFISSIONAIS DO MAGIST\u00c9RIO PARA A EDUCA\u00c7\u00c3O B\u00c1SICA\",\"description\":\"S\u00f3 mais um site Eventos da UFRRJ \",\"potentialAction\":[{\"@type\":\"SearchAction\",\"target\":{\"@type\":\"EntryPoint\",\"urlTemplate\":\"https:\\\/\\\/eventos.ufrrj.br\\\/sfpmeb\\\/?s={search_term_string}\"},\"query-input\":{\"@type\":\"PropertyValueSpecification\",\"valueRequired\":true,\"valueName\":\"search_term_string\"}}],\"inLanguage\":\"pt-BR\"}]}<\/script>\n<!-- \/ Yoast SEO plugin. -->","yoast_head_json":{"title":"Programa\u00e7\u00e3o - II SEMIN\u00c1RIO FORMA\u00c7\u00c3O DE PROFISSIONAIS DO MAGIST\u00c9RIO PARA A EDUCA\u00c7\u00c3O B\u00c1SICA","robots":{"index":"index","follow":"follow","max-snippet":"max-snippet:-1","max-image-preview":"max-image-preview:large","max-video-preview":"max-video-preview:-1"},"canonical":"https:\/\/eventos.ufrrj.br\/sfpmeb\/programacao\/","og_locale":"pt_BR","og_type":"article","og_title":"Programa\u00e7\u00e3o - II SEMIN\u00c1RIO FORMA\u00c7\u00c3O DE PROFISSIONAIS DO MAGIST\u00c9RIO PARA A EDUCA\u00c7\u00c3O B\u00c1SICA","og_description":"Dia 23\/10\/2018 \u2013 Audit\u00f3rio Gustavo Dutra &nbsp; 13h30 \u2013 Mesa de abertura 14h00 \u2013 Confer\u00eancia de Abertura: \u201cOs impactos da BNCC na\u00a0Pol\u00edtica [&hellip;]","og_url":"https:\/\/eventos.ufrrj.br\/sfpmeb\/programacao\/","og_site_name":"II SEMIN\u00c1RIO FORMA\u00c7\u00c3O DE PROFISSIONAIS DO MAGIST\u00c9RIO PARA A EDUCA\u00c7\u00c3O B\u00c1SICA","article_modified_time":"2018-10-19T19:34:25+00:00","twitter_card":"summary_large_image","twitter_misc":{"Est. tempo de leitura":"1 minuto"},"schema":{"@context":"https:\/\/schema.org","@graph":[{"@type":"WebPage","@id":"https:\/\/eventos.ufrrj.br\/sfpmeb\/programacao\/","url":"https:\/\/eventos.ufrrj.br\/sfpmeb\/programacao\/","name":"Programa\u00e7\u00e3o - II SEMIN\u00c1RIO FORMA\u00c7\u00c3O DE PROFISSIONAIS DO MAGIST\u00c9RIO PARA A EDUCA\u00c7\u00c3O B\u00c1SICA","isPartOf":{"@id":"https:\/\/eventos.ufrrj.br\/sfpmeb\/#website"},"datePublished":"2016-09-13T16:07:38+00:00","dateModified":"2018-10-19T19:34:25+00:00","breadcrumb":{"@id":"https:\/\/eventos.ufrrj.br\/sfpmeb\/programacao\/#breadcrumb"},"inLanguage":"pt-BR","potentialAction":[{"@type":"ReadAction","target":["https:\/\/eventos.ufrrj.br\/sfpmeb\/programacao\/"]}]},{"@type":"BreadcrumbList","@id":"https:\/\/eventos.ufrrj.br\/sfpmeb\/programacao\/#breadcrumb","itemListElement":[{"@type":"ListItem","position":1,"name":"In\u00edcio","item":"https:\/\/eventos.ufrrj.br\/sfpmeb\/"},{"@type":"ListItem","position":2,"name":"Programa\u00e7\u00e3o"}]},{"@type":"WebSite","@id":"https:\/\/eventos.ufrrj.br\/sfpmeb\/#website","url":"https:\/\/eventos.ufrrj.br\/sfpmeb\/","name":"II SEMIN\u00c1RIO FORMA\u00c7\u00c3O DE PROFISSIONAIS DO MAGIST\u00c9RIO PARA A EDUCA\u00c7\u00c3O B\u00c1SICA","description":"S\u00f3 mais um site Eventos da UFRRJ ","potentialAction":[{"@type":"SearchAction","target":{"@type":"EntryPoint","urlTemplate":"https:\/\/eventos.ufrrj.br\/sfpmeb\/?s={search_term_string}"},"query-input":{"@type":"PropertyValueSpecification","valueRequired":true,"valueName":"search_term_string"}}],"inLanguage":"pt-BR"}]}},"_links":{"self":[{"href":"https:\/\/eventos.ufrrj.br\/sfpmeb\/wp-json\/wp\/v2\/pages\/8","targetHints":{"allow":["GET"]}}],"collection":[{"href":"https:\/\/eventos.ufrrj.br\/sfpmeb\/wp-json\/wp\/v2\/pages"}],"about":[{"href":"https:\/\/eventos.ufrrj.br\/sfpmeb\/wp-json\/wp\/v2\/types\/page"}],"author":[{"embeddable":true,"href":"https:\/\/eventos.ufrrj.br\/sfpmeb\/wp-json\/wp\/v2\/users\/25"}],"replies":[{"embeddable":true,"href":"https:\/\/eventos.ufrrj.br\/sfpmeb\/wp-json\/wp\/v2\/comments?post=8"}],"version-history":[{"count":9,"href":"https:\/\/eventos.ufrrj.br\/sfpmeb\/wp-json\/wp\/v2\/pages\/8\/revisions"}],"predecessor-version":[{"id":202,"href":"https:\/\/eventos.ufrrj.br\/sfpmeb\/wp-json\/wp\/v2\/pages\/8\/revisions\/202"}],"wp:attachment":[{"href":"https:\/\/eventos.ufrrj.br\/sfpmeb\/wp-json\/wp\/v2\/media?parent=8"}],"wp:term":[{"taxonomy":"post_tag","embeddable":true,"href":"https:\/\/eventos.ufrrj.br\/sfpmeb\/wp-json\/wp\/v2\/tags?post=8"}],"curies":[{"name":"wp","href":"https:\/\/api.w.org\/{rel}","templated":true}]}}