{"id":55,"date":"2013-10-10T19:31:31","date_gmt":"2013-10-10T19:31:31","guid":{"rendered":"http:\/\/eventos.ufrrj.br\/sembio\/?page_id=55"},"modified":"2015-09-15T17:52:27","modified_gmt":"2015-09-15T17:52:27","slug":"patrocinadores","status":"publish","type":"page","link":"https:\/\/eventos.ufrrj.br\/sembio\/patrocinadores\/","title":{"rendered":"Patrocinadores"},"content":{"rendered":"<p><span style=\"font-size: 14px\"><strong>Aos nossos patrocinadores e apoiadores que auxiliaram e possibilitaram a realiza\u00e7\u00e3o da nossa semana!<\/strong><\/span><\/p>\n<p style=\"text-align: center\"><span style=\"color: #000000\"><strong>Patrocinadores:<\/strong><\/span><\/p>\n<p style=\"text-align: center\"><a href=\"http:\/\/eventos.ufrrj.br\/sembio\/files\/2013\/10\/logo_ufrrj-1.png\"><img loading=\"lazy\" decoding=\"async\" class=\"alignnone size-full wp-image-202\" src=\"http:\/\/eventos.ufrrj.br\/sembio\/files\/2013\/10\/logo_ufrrj-1.png\" alt=\"logo_ufrrj (1)\" width=\"131\" height=\"200\" \/><\/a>\u00a0<\/p>\n<p style=\"text-align: center\">\u00a0<\/p>\n<p style=\"text-align: center\">\u00a0<\/p>\n<p style=\"text-align: center\"><a href=\"http:\/\/eventos.ufrrj.br\/sembio\/files\/2013\/10\/LOGO-PATROC\u00cdNIO-Pr\u00f3-reitoria-de-extens\u00e3o.png\"><img loading=\"lazy\" decoding=\"async\" class=\"alignnone size-full wp-image-201\" src=\"http:\/\/eventos.ufrrj.br\/sembio\/files\/2013\/10\/LOGO-PATROC\u00cdNIO-Pr\u00f3-reitoria-de-extens\u00e3o.png\" alt=\"LOGO PATROC\u00cdNIO - Pr\u00f3 reitoria de extens\u00e3o\" width=\"200\" height=\"257\" \/><\/a><\/p>\n<p style=\"text-align: center\">\u00a0<\/p>\n<p style=\"text-align: center\">\u00a0<\/p>\n<p style=\"text-align: center\"><a href=\"http:\/\/eventos.ufrrj.br\/sembio\/files\/2013\/10\/LOGO-DE-PATROC\u00cdNIO-Pr\u00f3-reitoria-de-Gradua\u00e7\u00e3o.jpg\"><img loading=\"lazy\" decoding=\"async\" class=\"alignnone size-medium wp-image-196\" src=\"http:\/\/eventos.ufrrj.br\/sembio\/files\/2013\/10\/LOGO-DE-PATROC\u00cdNIO-Pr\u00f3-reitoria-de-Gradua\u00e7\u00e3o-296x300.jpg\" alt=\"LOGO DE PATROC\u00cdNIO - Pr\u00f3 reitoria de Gradua\u00e7\u00e3o\" width=\"296\" height=\"300\" srcset=\"https:\/\/eventos.ufrrj.br\/sembio\/files\/2013\/10\/LOGO-DE-PATROC\u00cdNIO-Pr\u00f3-reitoria-de-Gradua\u00e7\u00e3o-296x300.jpg 296w, https:\/\/eventos.ufrrj.br\/sembio\/files\/2013\/10\/LOGO-DE-PATROC\u00cdNIO-Pr\u00f3-reitoria-de-Gradua\u00e7\u00e3o.jpg 712w\" sizes=\"auto, (max-width: 296px) 100vw, 296px\" \/><\/a><\/p>\n<p style=\"text-align: center\">\u00a0<\/p>\n<p style=\"text-align: center\"><a href=\"http:\/\/eventos.ufrrj.br\/sembio\/files\/2013\/10\/LOGO-PATROC\u00cdNIO-Agribio1.png\"><img loading=\"lazy\" decoding=\"async\" class=\"alignnone size-medium wp-image-206\" src=\"http:\/\/eventos.ufrrj.br\/sembio\/files\/2013\/10\/LOGO-PATROC\u00cdNIO-Agribio1-300x153.png\" alt=\"LOGO PATROC\u00cdNIO - Agribio\" width=\"300\" height=\"153\" srcset=\"https:\/\/eventos.ufrrj.br\/sembio\/files\/2013\/10\/LOGO-PATROC\u00cdNIO-Agribio1-300x153.png 300w, https:\/\/eventos.ufrrj.br\/sembio\/files\/2013\/10\/LOGO-PATROC\u00cdNIO-Agribio1.png 500w\" sizes=\"auto, (max-width: 300px) 100vw, 300px\" \/><\/a><\/p>\n<p style=\"text-align: center\">\u00a0<\/p>\n<p style=\"text-align: center\">\u00a0<\/p>\n<p style=\"text-align: center\"><a href=\"http:\/\/eventos.ufrrj.br\/sembio\/files\/2013\/10\/LOGO-PATROC\u00cdNIO-CRBio-02.png\"><img loading=\"lazy\" decoding=\"async\" class=\"alignnone size-medium wp-image-200\" src=\"http:\/\/eventos.ufrrj.br\/sembio\/files\/2013\/10\/LOGO-PATROC\u00cdNIO-CRBio-02-300x126.png\" alt=\"LOGO PATROC\u00cdNIO - CRBio-02\" width=\"300\" height=\"126\" srcset=\"https:\/\/eventos.ufrrj.br\/sembio\/files\/2013\/10\/LOGO-PATROC\u00cdNIO-CRBio-02-300x126.png 300w, https:\/\/eventos.ufrrj.br\/sembio\/files\/2013\/10\/LOGO-PATROC\u00cdNIO-CRBio-02.png 379w\" sizes=\"auto, (max-width: 300px) 100vw, 300px\" \/><\/a><\/p>\n<p style=\"text-align: center\">\u00a0<\/p>\n<p style=\"text-align: center\">\u00a0<\/p>\n<p style=\"text-align: center\"><a href=\"http:\/\/eventos.ufrrj.br\/sembio\/files\/2013\/10\/LOGO-PATROC\u00cdNIO-Comit\u00ea-Guandu.jpg\"><img loading=\"lazy\" decoding=\"async\" class=\"alignnone size-medium wp-image-199\" src=\"http:\/\/eventos.ufrrj.br\/sembio\/files\/2013\/10\/LOGO-PATROC\u00cdNIO-Comit\u00ea-Guandu-300x102.jpg\" alt=\"LOGO PATROC\u00cdNIO - Comit\u00ea Guandu\" width=\"300\" height=\"102\" srcset=\"https:\/\/eventos.ufrrj.br\/sembio\/files\/2013\/10\/LOGO-PATROC\u00cdNIO-Comit\u00ea-Guandu-300x102.jpg 300w, https:\/\/eventos.ufrrj.br\/sembio\/files\/2013\/10\/LOGO-PATROC\u00cdNIO-Comit\u00ea-Guandu.jpg 600w\" sizes=\"auto, (max-width: 300px) 100vw, 300px\" \/><\/a><\/p>\n<p style=\"text-align: center\">\u00a0<\/p>\n<p style=\"text-align: center\">\u00a0<\/p>\n<p style=\"text-align: center\"><a href=\"http:\/\/eventos.ufrrj.br\/sembio\/files\/2013\/10\/LOGO-PATROC\u00cdNIO-Camisa-mania.png\"><img loading=\"lazy\" decoding=\"async\" class=\"alignnone size-medium wp-image-198\" src=\"http:\/\/eventos.ufrrj.br\/sembio\/files\/2013\/10\/LOGO-PATROC\u00cdNIO-Camisa-mania-300x248.png\" alt=\"LOGO PATROC\u00cdNIO - Camisa mania\" width=\"300\" height=\"248\" srcset=\"https:\/\/eventos.ufrrj.br\/sembio\/files\/2013\/10\/LOGO-PATROC\u00cdNIO-Camisa-mania-300x248.png 300w, https:\/\/eventos.ufrrj.br\/sembio\/files\/2013\/10\/LOGO-PATROC\u00cdNIO-Camisa-mania.png 632w\" sizes=\"auto, (max-width: 300px) 100vw, 300px\" \/><\/a><\/p>\n<p style=\"text-align: center\">\u00a0<\/p>\n<p style=\"text-align: center\">\u00a0<\/p>\n<p style=\"text-align: center\"><a href=\"http:\/\/eventos.ufrrj.br\/sembio\/files\/2013\/10\/LOGO-DE-PATROC\u00cdNIO-Logo-Bioforense.png\"><img loading=\"lazy\" decoding=\"async\" class=\"alignnone size-medium wp-image-195\" src=\"http:\/\/eventos.ufrrj.br\/sembio\/files\/2013\/10\/LOGO-DE-PATROC\u00cdNIO-Logo-Bioforense-300x132.png\" alt=\"\" width=\"300\" height=\"132\" srcset=\"https:\/\/eventos.ufrrj.br\/sembio\/files\/2013\/10\/LOGO-DE-PATROC\u00cdNIO-Logo-Bioforense-300x132.png 300w, https:\/\/eventos.ufrrj.br\/sembio\/files\/2013\/10\/LOGO-DE-PATROC\u00cdNIO-Logo-Bioforense-1024x451.png 1024w\" sizes=\"auto, (max-width: 300px) 100vw, 300px\" \/><\/a><\/p>\n<p style=\"text-align: center\">\u00a0<\/p>\n<p style=\"text-align: center\">\u00a0<\/p>\n<p style=\"text-align: center\"><a href=\"http:\/\/eventos.ufrrj.br\/sembio\/files\/2013\/10\/LOGO-DE-PATROC\u00cdNIO-Technical-Books.png\"><img loading=\"lazy\" decoding=\"async\" class=\"alignnone size-medium wp-image-222\" src=\"http:\/\/eventos.ufrrj.br\/sembio\/files\/2013\/10\/LOGO-DE-PATROC\u00cdNIO-Technical-Books-300x115.png\" alt=\"LOGO DE PATROC\u00cdNIO - Technical Books\" width=\"300\" height=\"115\" srcset=\"https:\/\/eventos.ufrrj.br\/sembio\/files\/2013\/10\/LOGO-DE-PATROC\u00cdNIO-Technical-Books-300x115.png 300w, https:\/\/eventos.ufrrj.br\/sembio\/files\/2013\/10\/LOGO-DE-PATROC\u00cdNIO-Technical-Books.png 313w\" sizes=\"auto, (max-width: 300px) 100vw, 300px\" \/><\/a><\/p>\n<p style=\"text-align: center\">\u00a0<\/p>\n<p style=\"text-align: center\">\u00a0<\/p>\n<p style=\"text-align: center\">\u00a0<\/p>\n<p style=\"text-align: center\"><a href=\"http:\/\/eventos.ufrrj.br\/sembio\/files\/2013\/10\/LOGO-DE-PATROC\u00cdNIO-Wizard1.png\"><img loading=\"lazy\" decoding=\"async\" class=\"alignnone size-medium wp-image-269\" src=\"http:\/\/eventos.ufrrj.br\/sembio\/files\/2013\/10\/LOGO-DE-PATROC\u00cdNIO-Wizard1-300x135.png\" alt=\"LOGO DE PATROC\u00cdNIO - Wizard\" width=\"300\" height=\"135\" srcset=\"https:\/\/eventos.ufrrj.br\/sembio\/files\/2013\/10\/LOGO-DE-PATROC\u00cdNIO-Wizard1-300x135.png 300w, https:\/\/eventos.ufrrj.br\/sembio\/files\/2013\/10\/LOGO-DE-PATROC\u00cdNIO-Wizard1-1024x462.png 1024w\" sizes=\"auto, (max-width: 300px) 100vw, 300px\" \/><\/a>\u00a0<\/p>\n<p style=\"text-align: center\">\u00a0<\/p>\n<p style=\"text-align: center\"><span style=\"color: #000000\"><strong>Apoiadores:<\/strong><\/span><\/p>\n<p style=\"text-align: center\"><a href=\"http:\/\/eventos.ufrrj.br\/sembio\/files\/2013\/10\/LOGO-DE-APOIO-CEMAF-Consultoria-em-Engenharia-Meio-Ambiente-e-Florestal.png\"><img loading=\"lazy\" decoding=\"async\" class=\"aligncenter size-medium wp-image-203\" src=\"http:\/\/eventos.ufrrj.br\/sembio\/files\/2013\/10\/LOGO-DE-APOIO-CEMAF-Consultoria-em-Engenharia-Meio-Ambiente-e-Florestal-300x192.png\" alt=\"LOGO DE APOIO - CEMAF - Consultoria em Engenharia, Meio Ambiente e Florestal\" width=\"300\" height=\"192\" srcset=\"https:\/\/eventos.ufrrj.br\/sembio\/files\/2013\/10\/LOGO-DE-APOIO-CEMAF-Consultoria-em-Engenharia-Meio-Ambiente-e-Florestal-300x192.png 300w, https:\/\/eventos.ufrrj.br\/sembio\/files\/2013\/10\/LOGO-DE-APOIO-CEMAF-Consultoria-em-Engenharia-Meio-Ambiente-e-Florestal.png 480w\" sizes=\"auto, (max-width: 300px) 100vw, 300px\" \/><\/a><\/p>\n<p style=\"text-align: center\">\u00a0<\/p>\n<p style=\"text-align: center\">\u00a0<\/p>\n<p style=\"text-align: center\"><a href=\"http:\/\/eventos.ufrrj.br\/sembio\/files\/2013\/10\/image-0001-768x1024.jpg\"><img loading=\"lazy\" decoding=\"async\" class=\"alignnone size-medium wp-image-270\" src=\"http:\/\/eventos.ufrrj.br\/sembio\/files\/2013\/10\/image-0001-768x1024-300x219.jpg\" alt=\"image-0001-768x1024\" width=\"300\" height=\"219\" srcset=\"https:\/\/eventos.ufrrj.br\/sembio\/files\/2013\/10\/image-0001-768x1024-300x219.jpg 300w, https:\/\/eventos.ufrrj.br\/sembio\/files\/2013\/10\/image-0001-768x1024.jpg 974w\" sizes=\"auto, (max-width: 300px) 100vw, 300px\" \/><\/a><\/p>\n<p style=\"text-align: center\">\u00a0<\/p>\n<p style=\"text-align: center\">\u00a0<\/p>\n<p style=\"text-align: center\"><a href=\"http:\/\/eventos.ufrrj.br\/sembio\/files\/2013\/10\/LOGO-DE-APOIO-Sabor-Anthigo.png\"><img loading=\"lazy\" decoding=\"async\" class=\"alignnone size-medium wp-image-271\" src=\"http:\/\/eventos.ufrrj.br\/sembio\/files\/2013\/10\/LOGO-DE-APOIO-Sabor-Anthigo-300x292.png\" alt=\"LOGO DE APOIO - Sabor Anthigo\" width=\"300\" height=\"292\" srcset=\"https:\/\/eventos.ufrrj.br\/sembio\/files\/2013\/10\/LOGO-DE-APOIO-Sabor-Anthigo-300x292.png 300w, https:\/\/eventos.ufrrj.br\/sembio\/files\/2013\/10\/LOGO-DE-APOIO-Sabor-Anthigo.png 591w\" sizes=\"auto, (max-width: 300px) 100vw, 300px\" \/><\/a><\/p>\n<p style=\"text-align: center\">\u00a0<\/p>\n<p style=\"text-align: center\">\u00a0<\/p>\n<p style=\"text-align: center\">\u00a0<\/p>\n<p style=\"text-align: center\">\u00a0<\/p>\n","protected":false},"excerpt":{"rendered":"<p>Aos nossos patrocinadores e apoiadores que auxiliaram e possibilitaram a realiza\u00e7\u00e3o da nossa semana! Patrocinadores: \u00a0 \u00a0 \u00a0 \u00a0 \u00a0 \u00a0 \u00a0 [&hellip;]<\/p>\n","protected":false},"author":8,"featured_media":0,"parent":0,"menu_order":0,"comment_status":"open","ping_status":"open","template":"","meta":{"_acf_changed":false,"footnotes":""},"tags":[],"class_list":["post-55","page","type-page","status-publish","hentry"],"acf":[],"yoast_head":"<!-- This site is optimized with the Yoast SEO plugin v27.5 - https:\/\/yoast.com\/product\/yoast-seo-wordpress\/ -->\n<title>Patrocinadores - XXXIII Semana Acad\u00eamica de Biologia<\/title>\n<meta name=\"robots\" content=\"index, follow, max-snippet:-1, max-image-preview:large, max-video-preview:-1\" \/>\n<link rel=\"canonical\" href=\"https:\/\/eventos.ufrrj.br\/sembio\/patrocinadores\/\" \/>\n<meta property=\"og:locale\" content=\"pt_BR\" \/>\n<meta property=\"og:type\" content=\"article\" \/>\n<meta property=\"og:title\" content=\"Patrocinadores - XXXIII Semana Acad\u00eamica de Biologia\" \/>\n<meta property=\"og:description\" content=\"Aos nossos patrocinadores e apoiadores que auxiliaram e possibilitaram a realiza\u00e7\u00e3o da nossa semana! Patrocinadores: \u00a0 \u00a0 \u00a0 \u00a0 \u00a0 \u00a0 \u00a0 [&hellip;]\" \/>\n<meta property=\"og:url\" content=\"https:\/\/eventos.ufrrj.br\/sembio\/patrocinadores\/\" \/>\n<meta property=\"og:site_name\" content=\"XXXIII Semana Acad\u00eamica de Biologia\" \/>\n<meta property=\"article:modified_time\" content=\"2015-09-15T17:52:27+00:00\" \/>\n<meta property=\"og:image\" content=\"https:\/\/eventos.ufrrj.br\/sembio\/files\/2013\/10\/logo_ufrrj-1.png\" \/>\n\t<meta property=\"og:image:width\" content=\"131\" \/>\n\t<meta property=\"og:image:height\" content=\"200\" \/>\n\t<meta property=\"og:image:type\" content=\"image\/png\" \/>\n<meta name=\"twitter:card\" content=\"summary_large_image\" \/>\n<script type=\"application\/ld+json\" class=\"yoast-schema-graph\">{\"@context\":\"https:\\\/\\\/schema.org\",\"@graph\":[{\"@type\":\"WebPage\",\"@id\":\"https:\\\/\\\/eventos.ufrrj.br\\\/sembio\\\/patrocinadores\\\/\",\"url\":\"https:\\\/\\\/eventos.ufrrj.br\\\/sembio\\\/patrocinadores\\\/\",\"name\":\"Patrocinadores - XXXIII Semana Acad\u00eamica de Biologia\",\"isPartOf\":{\"@id\":\"https:\\\/\\\/eventos.ufrrj.br\\\/sembio\\\/#website\"},\"primaryImageOfPage\":{\"@id\":\"https:\\\/\\\/eventos.ufrrj.br\\\/sembio\\\/patrocinadores\\\/#primaryimage\"},\"image\":{\"@id\":\"https:\\\/\\\/eventos.ufrrj.br\\\/sembio\\\/patrocinadores\\\/#primaryimage\"},\"thumbnailUrl\":\"http:\\\/\\\/eventos.ufrrj.br\\\/sembio\\\/files\\\/2013\\\/10\\\/logo_ufrrj-1.png\",\"datePublished\":\"2013-10-10T19:31:31+00:00\",\"dateModified\":\"2015-09-15T17:52:27+00:00\",\"breadcrumb\":{\"@id\":\"https:\\\/\\\/eventos.ufrrj.br\\\/sembio\\\/patrocinadores\\\/#breadcrumb\"},\"inLanguage\":\"pt-BR\",\"potentialAction\":[{\"@type\":\"ReadAction\",\"target\":[\"https:\\\/\\\/eventos.ufrrj.br\\\/sembio\\\/patrocinadores\\\/\"]}]},{\"@type\":\"ImageObject\",\"inLanguage\":\"pt-BR\",\"@id\":\"https:\\\/\\\/eventos.ufrrj.br\\\/sembio\\\/patrocinadores\\\/#primaryimage\",\"url\":\"http:\\\/\\\/eventos.ufrrj.br\\\/sembio\\\/files\\\/2013\\\/10\\\/logo_ufrrj-1.png\",\"contentUrl\":\"http:\\\/\\\/eventos.ufrrj.br\\\/sembio\\\/files\\\/2013\\\/10\\\/logo_ufrrj-1.png\"},{\"@type\":\"BreadcrumbList\",\"@id\":\"https:\\\/\\\/eventos.ufrrj.br\\\/sembio\\\/patrocinadores\\\/#breadcrumb\",\"itemListElement\":[{\"@type\":\"ListItem\",\"position\":1,\"name\":\"In\u00edcio\",\"item\":\"https:\\\/\\\/eventos.ufrrj.br\\\/sembio\\\/\"},{\"@type\":\"ListItem\",\"position\":2,\"name\":\"Patrocinadores\"}]},{\"@type\":\"WebSite\",\"@id\":\"https:\\\/\\\/eventos.ufrrj.br\\\/sembio\\\/#website\",\"url\":\"https:\\\/\\\/eventos.ufrrj.br\\\/sembio\\\/\",\"name\":\"XXXIII Semana Acad\u00eamica de Biologia\",\"description\":\"XXXIII Semana Acad\u00eamica de Biologia\",\"potentialAction\":[{\"@type\":\"SearchAction\",\"target\":{\"@type\":\"EntryPoint\",\"urlTemplate\":\"https:\\\/\\\/eventos.ufrrj.br\\\/sembio\\\/?s={search_term_string}\"},\"query-input\":{\"@type\":\"PropertyValueSpecification\",\"valueRequired\":true,\"valueName\":\"search_term_string\"}}],\"inLanguage\":\"pt-BR\"}]}<\/script>\n<!-- \/ Yoast SEO plugin. -->","yoast_head_json":{"title":"Patrocinadores - XXXIII Semana Acad\u00eamica de Biologia","robots":{"index":"index","follow":"follow","max-snippet":"max-snippet:-1","max-image-preview":"max-image-preview:large","max-video-preview":"max-video-preview:-1"},"canonical":"https:\/\/eventos.ufrrj.br\/sembio\/patrocinadores\/","og_locale":"pt_BR","og_type":"article","og_title":"Patrocinadores - XXXIII Semana Acad\u00eamica de Biologia","og_description":"Aos nossos patrocinadores e apoiadores que auxiliaram e possibilitaram a realiza\u00e7\u00e3o da nossa semana! Patrocinadores: \u00a0 \u00a0 \u00a0 \u00a0 \u00a0 \u00a0 \u00a0 [&hellip;]","og_url":"https:\/\/eventos.ufrrj.br\/sembio\/patrocinadores\/","og_site_name":"XXXIII Semana Acad\u00eamica de Biologia","article_modified_time":"2015-09-15T17:52:27+00:00","og_image":[{"width":131,"height":200,"url":"https:\/\/eventos.ufrrj.br\/sembio\/files\/2013\/10\/logo_ufrrj-1.png","type":"image\/png"}],"twitter_card":"summary_large_image","schema":{"@context":"https:\/\/schema.org","@graph":[{"@type":"WebPage","@id":"https:\/\/eventos.ufrrj.br\/sembio\/patrocinadores\/","url":"https:\/\/eventos.ufrrj.br\/sembio\/patrocinadores\/","name":"Patrocinadores - XXXIII Semana Acad\u00eamica de Biologia","isPartOf":{"@id":"https:\/\/eventos.ufrrj.br\/sembio\/#website"},"primaryImageOfPage":{"@id":"https:\/\/eventos.ufrrj.br\/sembio\/patrocinadores\/#primaryimage"},"image":{"@id":"https:\/\/eventos.ufrrj.br\/sembio\/patrocinadores\/#primaryimage"},"thumbnailUrl":"http:\/\/eventos.ufrrj.br\/sembio\/files\/2013\/10\/logo_ufrrj-1.png","datePublished":"2013-10-10T19:31:31+00:00","dateModified":"2015-09-15T17:52:27+00:00","breadcrumb":{"@id":"https:\/\/eventos.ufrrj.br\/sembio\/patrocinadores\/#breadcrumb"},"inLanguage":"pt-BR","potentialAction":[{"@type":"ReadAction","target":["https:\/\/eventos.ufrrj.br\/sembio\/patrocinadores\/"]}]},{"@type":"ImageObject","inLanguage":"pt-BR","@id":"https:\/\/eventos.ufrrj.br\/sembio\/patrocinadores\/#primaryimage","url":"http:\/\/eventos.ufrrj.br\/sembio\/files\/2013\/10\/logo_ufrrj-1.png","contentUrl":"http:\/\/eventos.ufrrj.br\/sembio\/files\/2013\/10\/logo_ufrrj-1.png"},{"@type":"BreadcrumbList","@id":"https:\/\/eventos.ufrrj.br\/sembio\/patrocinadores\/#breadcrumb","itemListElement":[{"@type":"ListItem","position":1,"name":"In\u00edcio","item":"https:\/\/eventos.ufrrj.br\/sembio\/"},{"@type":"ListItem","position":2,"name":"Patrocinadores"}]},{"@type":"WebSite","@id":"https:\/\/eventos.ufrrj.br\/sembio\/#website","url":"https:\/\/eventos.ufrrj.br\/sembio\/","name":"XXXIII Semana Acad\u00eamica de Biologia","description":"XXXIII Semana Acad\u00eamica de Biologia","potentialAction":[{"@type":"SearchAction","target":{"@type":"EntryPoint","urlTemplate":"https:\/\/eventos.ufrrj.br\/sembio\/?s={search_term_string}"},"query-input":{"@type":"PropertyValueSpecification","valueRequired":true,"valueName":"search_term_string"}}],"inLanguage":"pt-BR"}]}},"_links":{"self":[{"href":"https:\/\/eventos.ufrrj.br\/sembio\/wp-json\/wp\/v2\/pages\/55","targetHints":{"allow":["GET"]}}],"collection":[{"href":"https:\/\/eventos.ufrrj.br\/sembio\/wp-json\/wp\/v2\/pages"}],"about":[{"href":"https:\/\/eventos.ufrrj.br\/sembio\/wp-json\/wp\/v2\/types\/page"}],"author":[{"embeddable":true,"href":"https:\/\/eventos.ufrrj.br\/sembio\/wp-json\/wp\/v2\/users\/8"}],"replies":[{"embeddable":true,"href":"https:\/\/eventos.ufrrj.br\/sembio\/wp-json\/wp\/v2\/comments?post=55"}],"version-history":[{"count":19,"href":"https:\/\/eventos.ufrrj.br\/sembio\/wp-json\/wp\/v2\/pages\/55\/revisions"}],"predecessor-version":[{"id":272,"href":"https:\/\/eventos.ufrrj.br\/sembio\/wp-json\/wp\/v2\/pages\/55\/revisions\/272"}],"wp:attachment":[{"href":"https:\/\/eventos.ufrrj.br\/sembio\/wp-json\/wp\/v2\/media?parent=55"}],"wp:term":[{"taxonomy":"post_tag","embeddable":true,"href":"https:\/\/eventos.ufrrj.br\/sembio\/wp-json\/wp\/v2\/tags?post=55"}],"curies":[{"name":"wp","href":"https:\/\/api.w.org\/{rel}","templated":true}]}}