{"id":53,"date":"2013-10-10T19:21:54","date_gmt":"2013-10-10T19:21:54","guid":{"rendered":"http:\/\/eventos.ufrrj.br\/sembio\/?page_id=53"},"modified":"2015-09-30T01:26:37","modified_gmt":"2015-09-30T01:26:37","slug":"comissao","status":"publish","type":"page","link":"https:\/\/eventos.ufrrj.br\/sembio\/comissao\/","title":{"rendered":"Comiss\u00e3o"},"content":{"rendered":"<p style=\"text-align: center\"><span style=\"font-size: 14px\"><strong><span style=\"color: #000080\">A Comiss\u00e3o Organizadora da XXXV Semana Acad\u00eamica de Biologia da UFRRJ \u00e9 composta por:<\/span><\/strong><\/span><\/p>\n<p>&nbsp;<\/p>\n<p style=\"text-align: center\"><span style=\"color: #000000\">Ivo Abra\u00e3o Ara\u00fajo da Silva<\/span><\/p>\n<p style=\"text-align: center\"><span style=\"color: #000000\">Professor respons\u00e1vel pela XXXV Semana Acad\u00eamica de biologia da UFRuralRJ.<\/span><\/p>\n<p style=\"text-align: center\">\u00a0<\/p>\n<p style=\"text-align: center\"><a href=\"http:\/\/eventos.ufrrj.br\/sembio\/files\/2013\/10\/Aline.jpg\"><img loading=\"lazy\" decoding=\"async\" class=\"wp-image-360 size-medium aligncenter\" src=\"http:\/\/eventos.ufrrj.br\/sembio\/files\/2013\/10\/Aline-300x300.jpg\" alt=\"Aline Ferreira Matos graduanda do curso de Ci\u00eancias Biol\u00f3gicas da UFRuralRJ.\" width=\"300\" height=\"300\" srcset=\"https:\/\/eventos.ufrrj.br\/sembio\/files\/2013\/10\/Aline-300x300.jpg 300w, https:\/\/eventos.ufrrj.br\/sembio\/files\/2013\/10\/Aline-150x150.jpg 150w, https:\/\/eventos.ufrrj.br\/sembio\/files\/2013\/10\/Aline.jpg 480w\" sizes=\"auto, (max-width: 300px) 100vw, 300px\" \/><\/a><\/p>\n<p style=\"text-align: center\">Aline Ferreira Matos<\/p>\n<p style=\"text-align: center\">Graduanda do curso de Ci\u00eancias Biol\u00f3gicas da UFRuralRJ<\/p>\n<p style=\"text-align: center\">\u00a0<\/p>\n<p style=\"text-align: center\">\u00a0<\/p>\n<p style=\"text-align: center\"><a href=\"http:\/\/eventos.ufrrj.br\/sembio\/files\/2013\/10\/Bruna.jpg\"><img loading=\"lazy\" decoding=\"async\" class=\"aligncenter wp-image-349 size-medium\" src=\"http:\/\/eventos.ufrrj.br\/sembio\/files\/2013\/10\/Bruna-251x300.jpg\" alt=\"Bruna de Souza Romeiro graduanda do curso de Ci\u00eancias Biol\u00f3gicas da UFRuralRJ\" width=\"251\" height=\"300\" srcset=\"https:\/\/eventos.ufrrj.br\/sembio\/files\/2013\/10\/Bruna-251x300.jpg 251w, https:\/\/eventos.ufrrj.br\/sembio\/files\/2013\/10\/Bruna.jpg 381w\" sizes=\"auto, (max-width: 251px) 100vw, 251px\" \/><\/a><\/p>\n<p style=\"text-align: center\">Bruna de Souza Romeiro<\/p>\n<p style=\"text-align: center\">Graduanda do curso de Ci\u00eancias Biol\u00f3gicas da UFRuralRJ<\/p>\n<p style=\"text-align: center\">\u00a0<\/p>\n<p style=\"text-align: center\">\u00a0<\/p>\n<p style=\"text-align: center\"><span style=\"color: #000000\"><a href=\"http:\/\/eventos.ufrrj.br\/sembio\/files\/2013\/10\/nanda.jpg\"><img loading=\"lazy\" decoding=\"async\" class=\"aligncenter wp-image-372 size-medium\" src=\"http:\/\/eventos.ufrrj.br\/sembio\/files\/2013\/10\/nanda-300x300.jpg\" alt=\"nanda\" width=\"300\" height=\"300\" srcset=\"https:\/\/eventos.ufrrj.br\/sembio\/files\/2013\/10\/nanda-300x300.jpg 300w, https:\/\/eventos.ufrrj.br\/sembio\/files\/2013\/10\/nanda-150x150.jpg 150w, https:\/\/eventos.ufrrj.br\/sembio\/files\/2013\/10\/nanda.jpg 640w\" sizes=\"auto, (max-width: 300px) 100vw, 300px\" \/><\/a>\u00a0<\/span><\/p>\n<p style=\"text-align: center\"><span style=\"color: #999999\">Fernanda Silva de Aguiar do Prado<\/span><\/p>\n<p style=\"text-align: center\"><span style=\"color: #999999\">Graduanda do curso de Ci\u00eancias Biol\u00f3gicas da UFRuralRJ<\/span><\/p>\n<p style=\"text-align: center\">\u00a0<\/p>\n<p style=\"text-align: center\">\u00a0<\/p>\n<p style=\"text-align: center\"><a href=\"http:\/\/eventos.ufrrj.br\/sembio\/files\/2013\/10\/Guilherme.jpg\"><img loading=\"lazy\" decoding=\"async\" class=\"aligncenter wp-image-333 size-medium\" src=\"http:\/\/eventos.ufrrj.br\/sembio\/files\/2013\/10\/Guilherme-259x300.jpg\" alt=\"Guilherme\" width=\"259\" height=\"300\" srcset=\"https:\/\/eventos.ufrrj.br\/sembio\/files\/2013\/10\/Guilherme-259x300.jpg 259w, https:\/\/eventos.ufrrj.br\/sembio\/files\/2013\/10\/Guilherme.jpg 491w\" sizes=\"auto, (max-width: 259px) 100vw, 259px\" \/><\/a><\/p>\n<p style=\"text-align: center\">Guilherme Guimar\u00e3es Alves da Silva<\/p>\n<p style=\"text-align: center\">Graduando do curso de Ci\u00eancias Biol\u00f3gicas da UFRuralRJ<\/p>\n<p style=\"text-align: center\">\u00a0<\/p>\n<p style=\"text-align: center\">\u00a0<\/p>\n<p style=\"text-align: center\"><a href=\"http:\/\/eventos.ufrrj.br\/sembio\/files\/2013\/10\/Gustavo.jpg\"><img loading=\"lazy\" decoding=\"async\" class=\"aligncenter wp-image-366 size-medium\" src=\"http:\/\/eventos.ufrrj.br\/sembio\/files\/2013\/10\/Gustavo-225x300.jpg\" alt=\"Gustavo Cola\u00e7o Gon\u00e7alves graduando do curso de Ci\u00eancias Biol\u00f3gicas da UFRuralRJ.\" width=\"225\" height=\"300\" srcset=\"https:\/\/eventos.ufrrj.br\/sembio\/files\/2013\/10\/Gustavo-225x300.jpg 225w, https:\/\/eventos.ufrrj.br\/sembio\/files\/2013\/10\/Gustavo.jpg 480w\" sizes=\"auto, (max-width: 225px) 100vw, 225px\" \/><\/a><\/p>\n<p style=\"text-align: center\">Gustavo Cola\u00e7o Gon\u00e7alves<\/p>\n<p style=\"text-align: center\">Graduando do curso de Ci\u00eancias Biol\u00f3gicas da UFRuralRJ<\/p>\n<p style=\"text-align: center\">\u00a0<\/p>\n<p style=\"text-align: center\">\u00a0<\/p>\n<p style=\"text-align: center\"><a href=\"http:\/\/eventos.ufrrj.br\/sembio\/files\/2013\/10\/Anderson.jpg\"><img loading=\"lazy\" decoding=\"async\" class=\"aligncenter wp-image-361 size-medium\" src=\"http:\/\/eventos.ufrrj.br\/sembio\/files\/2013\/10\/Anderson-300x300.jpg\" alt=\"Hata\u00e2nderson Luiz Cabral dos Santos graduando do curso de Ci\u00eancias Biol\u00f3gicas da UFRuralRJ.\" width=\"300\" height=\"300\" srcset=\"https:\/\/eventos.ufrrj.br\/sembio\/files\/2013\/10\/Anderson-300x300.jpg 300w, https:\/\/eventos.ufrrj.br\/sembio\/files\/2013\/10\/Anderson-150x150.jpg 150w, https:\/\/eventos.ufrrj.br\/sembio\/files\/2013\/10\/Anderson.jpg 480w\" sizes=\"auto, (max-width: 300px) 100vw, 300px\" \/><\/a><\/p>\n<p style=\"text-align: center\">Hata\u00e2nderson Luiz Cabral dos Santos<\/p>\n<p style=\"text-align: center\">Graduando do curso de Ci\u00eancias Biol\u00f3gicas da UFRuralRJ<\/p>\n<p style=\"text-align: center\">\u00a0<\/p>\n<p style=\"text-align: center\">\u00a0<\/p>\n<p style=\"text-align: center\"><a href=\"http:\/\/eventos.ufrrj.br\/sembio\/files\/2013\/10\/Isaias.jpg\"><img loading=\"lazy\" decoding=\"async\" class=\"aligncenter wp-image-334 size-medium\" src=\"http:\/\/eventos.ufrrj.br\/sembio\/files\/2013\/10\/Isaias-225x300.jpg\" alt=\"Isaias\" width=\"225\" height=\"300\" srcset=\"https:\/\/eventos.ufrrj.br\/sembio\/files\/2013\/10\/Isaias-225x300.jpg 225w, https:\/\/eventos.ufrrj.br\/sembio\/files\/2013\/10\/Isaias.jpg 768w\" sizes=\"auto, (max-width: 225px) 100vw, 225px\" \/><\/a><\/p>\n<p style=\"text-align: center\">Isaias Costa Gomes<\/p>\n<p style=\"text-align: center\">Graduando do curso de Ci\u00eancias Biol\u00f3gicas da UFRuralRJ<\/p>\n<p style=\"text-align: center\">\u00a0<\/p>\n<p style=\"text-align: center\">\u00a0<\/p>\n<p style=\"text-align: center\"><a href=\"http:\/\/eventos.ufrrj.br\/sembio\/files\/2013\/10\/Karol.jpg\"><img loading=\"lazy\" decoding=\"async\" class=\"aligncenter wp-image-340\" src=\"http:\/\/eventos.ufrrj.br\/sembio\/files\/2013\/10\/Karol-519x1024.jpg\" alt=\"Karoline Ibraim Tobias graduanda do curso de Ci\u00eancias Biol\u00f3gicas da UFRuralRJ.\" width=\"238\" height=\"470\" srcset=\"https:\/\/eventos.ufrrj.br\/sembio\/files\/2013\/10\/Karol-519x1024.jpg 519w, https:\/\/eventos.ufrrj.br\/sembio\/files\/2013\/10\/Karol-152x300.jpg 152w, https:\/\/eventos.ufrrj.br\/sembio\/files\/2013\/10\/Karol.jpg 812w\" sizes=\"auto, (max-width: 238px) 100vw, 238px\" \/><\/a><\/p>\n<p style=\"text-align: center\">Karoline Ibraim Tobias<\/p>\n<p style=\"text-align: center\">Graduanda do curso de Ci\u00eancias Biol\u00f3gicas da UFRuralRJ<\/p>\n<p style=\"text-align: center\">\u00a0<\/p>\n<p style=\"text-align: center\">\u00a0<\/p>\n<p style=\"text-align: center\"><a href=\"http:\/\/eventos.ufrrj.br\/sembio\/files\/2013\/10\/Let\u00edcia.jpg\"><img loading=\"lazy\" decoding=\"async\" class=\"aligncenter wp-image-335 size-medium\" src=\"http:\/\/eventos.ufrrj.br\/sembio\/files\/2013\/10\/Let\u00edcia-300x300.jpg\" alt=\"Let\u00edcia Renovato Barbosa graduanda do curso de Ci\u00eancias Biol\u00f3gicas da UFRuralRJ.\" width=\"300\" height=\"300\" srcset=\"https:\/\/eventos.ufrrj.br\/sembio\/files\/2013\/10\/Let\u00edcia-300x300.jpg 300w, https:\/\/eventos.ufrrj.br\/sembio\/files\/2013\/10\/Let\u00edcia-150x150.jpg 150w, https:\/\/eventos.ufrrj.br\/sembio\/files\/2013\/10\/Let\u00edcia.jpg 960w\" sizes=\"auto, (max-width: 300px) 100vw, 300px\" \/><\/a><\/p>\n<p style=\"text-align: center\">Let\u00edcia Renovato Barbosa<\/p>\n<p style=\"text-align: center\">Graduanda do curso de Ci\u00eancias Biol\u00f3gicas da UFRuralRJ<\/p>\n<p style=\"text-align: center\">\u00a0<\/p>\n<p style=\"text-align: center\">\u00a0<\/p>\n<p style=\"text-align: center\"><a href=\"http:\/\/eventos.ufrrj.br\/sembio\/files\/2013\/10\/Lucas.jpg\"><img loading=\"lazy\" decoding=\"async\" class=\"aligncenter wp-image-363 size-medium\" src=\"http:\/\/eventos.ufrrj.br\/sembio\/files\/2013\/10\/Lucas-300x225.jpg\" alt=\"Lucas de Assis Silva Andrade graduando do curso de Ci\u00eancias Biol\u00f3gicas da UFRuralRJ.\" width=\"300\" height=\"225\" srcset=\"https:\/\/eventos.ufrrj.br\/sembio\/files\/2013\/10\/Lucas-300x225.jpg 300w, https:\/\/eventos.ufrrj.br\/sembio\/files\/2013\/10\/Lucas.jpg 960w\" sizes=\"auto, (max-width: 300px) 100vw, 300px\" \/><\/a><\/p>\n<p style=\"text-align: center\">Lucas de Assis Silva Andrade<\/p>\n<p style=\"text-align: center\">Graduando do curso de Ci\u00eancias Biol\u00f3gicas da UFRuralRJ<\/p>\n<p style=\"text-align: center\">\u00a0<\/p>\n<p style=\"text-align: center\">\u00a0<\/p>\n<p style=\"text-align: center\"><a href=\"http:\/\/eventos.ufrrj.br\/sembio\/files\/2013\/10\/Mateus.jpg\"><img loading=\"lazy\" decoding=\"async\" class=\"aligncenter wp-image-362 size-medium\" src=\"http:\/\/eventos.ufrrj.br\/sembio\/files\/2013\/10\/Mateus-245x300.jpg\" alt=\"Mateus Cavalcanti Alves graduando do curso de Ci\u00eancias Biol\u00f3gicas da UFRuralRJ.\" width=\"245\" height=\"300\" srcset=\"https:\/\/eventos.ufrrj.br\/sembio\/files\/2013\/10\/Mateus-245x300.jpg 245w, https:\/\/eventos.ufrrj.br\/sembio\/files\/2013\/10\/Mateus.jpg 761w\" sizes=\"auto, (max-width: 245px) 100vw, 245px\" \/><\/a><\/p>\n<p style=\"text-align: center\">Mateus Cavalcanti Alves<\/p>\n<p style=\"text-align: center\">Graduando do curso de Ci\u00eancias Biol\u00f3gicas da UFRuralRJ<\/p>\n<p style=\"text-align: center\">\u00a0<\/p>\n<p style=\"text-align: center\">\u00a0<\/p>\n<p style=\"text-align: center\"><a href=\"http:\/\/eventos.ufrrj.br\/sembio\/files\/2013\/10\/Vilella.jpg\"><img loading=\"lazy\" decoding=\"async\" class=\"aligncenter wp-image-336 size-medium\" src=\"http:\/\/eventos.ufrrj.br\/sembio\/files\/2013\/10\/Vilella-230x300.jpg\" alt=\"Nath\u00e1lia Vilela Ferreira graduanda do curso de Ci\u00eancias Biol\u00f3gicas da UFRuralRJ.\" width=\"230\" height=\"300\" srcset=\"https:\/\/eventos.ufrrj.br\/sembio\/files\/2013\/10\/Vilella-230x300.jpg 230w, https:\/\/eventos.ufrrj.br\/sembio\/files\/2013\/10\/Vilella.jpg 614w\" sizes=\"auto, (max-width: 230px) 100vw, 230px\" \/><\/a><\/p>\n<p style=\"text-align: center\">Nath\u00e1lia Vilela Ferreira<\/p>\n<p style=\"text-align: center\">Graduanda do curso de Ci\u00eancias Biol\u00f3gicas da UFRuralRJ<\/p>\n<p style=\"text-align: center\">\u00a0<\/p>\n<p style=\"text-align: center\">\u00a0<\/p>\n<p style=\"text-align: center\"><a href=\"http:\/\/eventos.ufrrj.br\/sembio\/files\/2013\/10\/Neilton.jpg\"><img loading=\"lazy\" decoding=\"async\" class=\"aligncenter wp-image-364 size-medium\" src=\"http:\/\/eventos.ufrrj.br\/sembio\/files\/2013\/10\/Neilton-225x300.jpg\" alt=\"Neilton dos Reis Goularth graduando do curso de Ci\u00eancias Biol\u00f3gicas da UFRuralRJ.\" width=\"225\" height=\"300\" srcset=\"https:\/\/eventos.ufrrj.br\/sembio\/files\/2013\/10\/Neilton-225x300.jpg 225w, https:\/\/eventos.ufrrj.br\/sembio\/files\/2013\/10\/Neilton.jpg 720w\" sizes=\"auto, (max-width: 225px) 100vw, 225px\" \/><\/a><\/p>\n<p style=\"text-align: center\">Neilton dos Reis Goularth<\/p>\n<p style=\"text-align: center\">Graduando do curso de Ci\u00eancias Biol\u00f3gicas da UFRuralRJ<\/p>\n<p style=\"text-align: center\">\u00a0<\/p>\n<p style=\"text-align: center\">\u00a0<\/p>\n<p style=\"text-align: center\"><a href=\"http:\/\/eventos.ufrrj.br\/sembio\/files\/2013\/10\/Priscila.jpg\"><img loading=\"lazy\" decoding=\"async\" class=\"aligncenter wp-image-339 size-medium\" src=\"http:\/\/eventos.ufrrj.br\/sembio\/files\/2013\/10\/Priscila-296x300.jpg\" alt=\"Priscila da Paix\u00e3o Silva Veras graduanda do curso de Ci\u00eancias Biol\u00f3gicas da UFRuralRJ.\" width=\"296\" height=\"300\" srcset=\"https:\/\/eventos.ufrrj.br\/sembio\/files\/2013\/10\/Priscila-296x300.jpg 296w, https:\/\/eventos.ufrrj.br\/sembio\/files\/2013\/10\/Priscila-1012x1024.jpg 1012w, https:\/\/eventos.ufrrj.br\/sembio\/files\/2013\/10\/Priscila.jpg 1582w\" sizes=\"auto, (max-width: 296px) 100vw, 296px\" \/><\/a><\/p>\n<p style=\"text-align: center\">Priscila da Paix\u00e3o Silva Veras<\/p>\n<p style=\"text-align: center\">Graduanda do curso de Ci\u00eancias Biol\u00f3gicas da UFRuralRJ<\/p>\n<p style=\"text-align: center\">\u00a0<\/p>\n<p style=\"text-align: center\">\u00a0<\/p>\n<p style=\"text-align: center\"><a href=\"http:\/\/eventos.ufrrj.br\/sembio\/files\/2013\/10\/rafa.jpg\"><img loading=\"lazy\" decoding=\"async\" class=\"aligncenter wp-image-371 size-medium\" src=\"http:\/\/eventos.ufrrj.br\/sembio\/files\/2013\/10\/rafa-300x300.jpg\" alt=\"rafa\" width=\"300\" height=\"300\" srcset=\"https:\/\/eventos.ufrrj.br\/sembio\/files\/2013\/10\/rafa-300x300.jpg 300w, https:\/\/eventos.ufrrj.br\/sembio\/files\/2013\/10\/rafa-150x150.jpg 150w, https:\/\/eventos.ufrrj.br\/sembio\/files\/2013\/10\/rafa.jpg 720w\" sizes=\"auto, (max-width: 300px) 100vw, 300px\" \/><\/a><\/p>\n<p style=\"text-align: center\">Rafaela Barboza Pacheco<\/p>\n<p style=\"text-align: center\">Graduanda do curso de Ci\u00eancias Biol\u00f3gicas da UFRuralRJ<\/p>\n<p style=\"text-align: center\">\u00a0<\/p>\n<p style=\"text-align: center\">\u00a0<\/p>\n<p style=\"text-align: center\"><a href=\"http:\/\/eventos.ufrrj.br\/sembio\/files\/2013\/10\/stefane.jpg\"><img loading=\"lazy\" decoding=\"async\" class=\"aligncenter size-medium wp-image-375\" src=\"http:\/\/eventos.ufrrj.br\/sembio\/files\/2013\/10\/stefane-199x300.jpg\" alt=\"stefane\" width=\"199\" height=\"300\" srcset=\"https:\/\/eventos.ufrrj.br\/sembio\/files\/2013\/10\/stefane-199x300.jpg 199w, https:\/\/eventos.ufrrj.br\/sembio\/files\/2013\/10\/stefane-682x1024.jpg 682w, https:\/\/eventos.ufrrj.br\/sembio\/files\/2013\/10\/stefane.jpg 1365w\" sizes=\"auto, (max-width: 199px) 100vw, 199px\" \/><\/a><\/p>\n<p style=\"text-align: center\"><span style=\"color: #999999\">St\u00e9fane Ketlyn de Oliveira<\/span><\/p>\n<p style=\"text-align: center\"><span style=\"color: #999999\">Graduanda do curso de Ci\u00eancias Biol\u00f3gicas da UFRuralRJ<\/span><\/p>\n<p style=\"text-align: center\">\u00a0<\/p>\n<p style=\"text-align: center\">\u00a0<\/p>\n<p style=\"text-align: center\"><a href=\"http:\/\/eventos.ufrrj.br\/sembio\/files\/2013\/10\/Tayane.jpg\"><img loading=\"lazy\" decoding=\"async\" class=\"aligncenter wp-image-350 size-medium\" src=\"http:\/\/eventos.ufrrj.br\/sembio\/files\/2013\/10\/Tayane-300x300.jpg\" alt=\"Tayane Martins de Sousa graduanda do curso de Ci\u00eancias Biol\u00f3gicas da UFRuralRJ\" width=\"300\" height=\"300\" srcset=\"https:\/\/eventos.ufrrj.br\/sembio\/files\/2013\/10\/Tayane-300x300.jpg 300w, https:\/\/eventos.ufrrj.br\/sembio\/files\/2013\/10\/Tayane-150x150.jpg 150w, https:\/\/eventos.ufrrj.br\/sembio\/files\/2013\/10\/Tayane.jpg 900w\" sizes=\"auto, (max-width: 300px) 100vw, 300px\" \/><\/a><\/p>\n<p style=\"text-align: center\">Tayane Martins de Sousa<\/p>\n<p style=\"text-align: center\">Graduanda do curso de Ci\u00eancias Biol\u00f3gicas da UFRuralRJ<\/p>\n<p style=\"text-align: center\">\u00a0<\/p>\n<p style=\"text-align: center\">\u00a0<\/p>\n<p style=\"text-align: center\"><a href=\"http:\/\/eventos.ufrrj.br\/sembio\/files\/2013\/10\/Thamires.jpg\"><img loading=\"lazy\" decoding=\"async\" class=\"aligncenter wp-image-337 size-medium\" src=\"http:\/\/eventos.ufrrj.br\/sembio\/files\/2013\/10\/Thamires-300x300.jpg\" alt=\"Thamires Rezende Ara\u00fajo graduanda do curso de Ci\u00eancias Biol\u00f3gicas da UFRuralRJ.\" width=\"300\" height=\"300\" srcset=\"https:\/\/eventos.ufrrj.br\/sembio\/files\/2013\/10\/Thamires-300x300.jpg 300w, https:\/\/eventos.ufrrj.br\/sembio\/files\/2013\/10\/Thamires-150x150.jpg 150w, https:\/\/eventos.ufrrj.br\/sembio\/files\/2013\/10\/Thamires.jpg 478w\" sizes=\"auto, (max-width: 300px) 100vw, 300px\" \/><\/a><\/p>\n<p style=\"text-align: center\">Thamires Rezende Ara\u00fajo<\/p>\n<p style=\"text-align: center\">Graduanda do curso de Ci\u00eancias Biol\u00f3gicas da UFRuralRJ<\/p>\n<p style=\"text-align: center\">\u00a0<\/p>\n<p style=\"text-align: center\">\u00a0<\/p>\n<p style=\"text-align: center\"><a href=\"http:\/\/eventos.ufrrj.br\/sembio\/files\/2013\/10\/Thiane.jpg\"><img loading=\"lazy\" decoding=\"async\" class=\"aligncenter wp-image-338 size-medium\" src=\"http:\/\/eventos.ufrrj.br\/sembio\/files\/2013\/10\/Thiane-300x300.jpg\" alt=\"Thiane Soares da Cruz graduanda do curso de Ci\u00eancias Biol\u00f3gicas da UFRuralRJ.\" width=\"300\" height=\"300\" srcset=\"https:\/\/eventos.ufrrj.br\/sembio\/files\/2013\/10\/Thiane-300x300.jpg 300w, https:\/\/eventos.ufrrj.br\/sembio\/files\/2013\/10\/Thiane-150x150.jpg 150w, https:\/\/eventos.ufrrj.br\/sembio\/files\/2013\/10\/Thiane.jpg 540w\" sizes=\"auto, (max-width: 300px) 100vw, 300px\" \/><\/a><\/p>\n<p style=\"text-align: center\">Thiane Soares da Cruz<\/p>\n<p style=\"text-align: center\">Graduanda do curso de Ci\u00eancias Biol\u00f3gicas da UFRuralRJ<\/p>\n","protected":false},"excerpt":{"rendered":"<p>A Comiss\u00e3o Organizadora da XXXV Semana Acad\u00eamica de Biologia da UFRRJ \u00e9 composta por: &nbsp; Ivo Abra\u00e3o Ara\u00fajo da Silva Professor respons\u00e1vel [&hellip;]<\/p>\n","protected":false},"author":8,"featured_media":0,"parent":0,"menu_order":0,"comment_status":"open","ping_status":"open","template":"","meta":{"_acf_changed":false,"footnotes":""},"tags":[],"class_list":["post-53","page","type-page","status-publish","hentry"],"acf":[],"yoast_head":"<!-- This site is optimized with the Yoast SEO plugin v27.5 - https:\/\/yoast.com\/product\/yoast-seo-wordpress\/ -->\n<title>Comiss\u00e3o - XXXIII Semana Acad\u00eamica de Biologia<\/title>\n<meta name=\"robots\" content=\"index, follow, max-snippet:-1, max-image-preview:large, max-video-preview:-1\" \/>\n<link rel=\"canonical\" href=\"https:\/\/eventos.ufrrj.br\/sembio\/comissao\/\" \/>\n<meta property=\"og:locale\" content=\"pt_BR\" \/>\n<meta property=\"og:type\" content=\"article\" \/>\n<meta property=\"og:title\" content=\"Comiss\u00e3o - XXXIII Semana Acad\u00eamica de Biologia\" \/>\n<meta property=\"og:description\" content=\"A Comiss\u00e3o Organizadora da XXXV Semana Acad\u00eamica de Biologia da UFRRJ \u00e9 composta por: &nbsp; Ivo Abra\u00e3o Ara\u00fajo da Silva Professor respons\u00e1vel [&hellip;]\" \/>\n<meta property=\"og:url\" content=\"https:\/\/eventos.ufrrj.br\/sembio\/comissao\/\" \/>\n<meta property=\"og:site_name\" content=\"XXXIII Semana Acad\u00eamica de Biologia\" \/>\n<meta property=\"article:modified_time\" content=\"2015-09-30T01:26:37+00:00\" \/>\n<meta property=\"og:image\" content=\"https:\/\/eventos.ufrrj.br\/sembio\/files\/2013\/10\/Aline.jpg\" \/>\n\t<meta property=\"og:image:width\" content=\"480\" \/>\n\t<meta property=\"og:image:height\" content=\"480\" \/>\n\t<meta property=\"og:image:type\" content=\"image\/jpeg\" \/>\n<meta name=\"twitter:card\" content=\"summary_large_image\" \/>\n<meta name=\"twitter:label1\" content=\"Est. tempo de leitura\" \/>\n\t<meta name=\"twitter:data1\" content=\"1 minuto\" \/>\n<script type=\"application\/ld+json\" class=\"yoast-schema-graph\">{\"@context\":\"https:\\\/\\\/schema.org\",\"@graph\":[{\"@type\":\"WebPage\",\"@id\":\"https:\\\/\\\/eventos.ufrrj.br\\\/sembio\\\/comissao\\\/\",\"url\":\"https:\\\/\\\/eventos.ufrrj.br\\\/sembio\\\/comissao\\\/\",\"name\":\"Comiss\u00e3o - XXXIII Semana Acad\u00eamica de Biologia\",\"isPartOf\":{\"@id\":\"https:\\\/\\\/eventos.ufrrj.br\\\/sembio\\\/#website\"},\"primaryImageOfPage\":{\"@id\":\"https:\\\/\\\/eventos.ufrrj.br\\\/sembio\\\/comissao\\\/#primaryimage\"},\"image\":{\"@id\":\"https:\\\/\\\/eventos.ufrrj.br\\\/sembio\\\/comissao\\\/#primaryimage\"},\"thumbnailUrl\":\"http:\\\/\\\/eventos.ufrrj.br\\\/sembio\\\/files\\\/2013\\\/10\\\/Aline-300x300.jpg\",\"datePublished\":\"2013-10-10T19:21:54+00:00\",\"dateModified\":\"2015-09-30T01:26:37+00:00\",\"breadcrumb\":{\"@id\":\"https:\\\/\\\/eventos.ufrrj.br\\\/sembio\\\/comissao\\\/#breadcrumb\"},\"inLanguage\":\"pt-BR\",\"potentialAction\":[{\"@type\":\"ReadAction\",\"target\":[\"https:\\\/\\\/eventos.ufrrj.br\\\/sembio\\\/comissao\\\/\"]}]},{\"@type\":\"ImageObject\",\"inLanguage\":\"pt-BR\",\"@id\":\"https:\\\/\\\/eventos.ufrrj.br\\\/sembio\\\/comissao\\\/#primaryimage\",\"url\":\"https:\\\/\\\/eventos.ufrrj.br\\\/sembio\\\/files\\\/2013\\\/10\\\/Aline.jpg\",\"contentUrl\":\"https:\\\/\\\/eventos.ufrrj.br\\\/sembio\\\/files\\\/2013\\\/10\\\/Aline.jpg\",\"width\":480,\"height\":480,\"caption\":\"Aline Ferreira Matos graduanda do curso de Ci\u00eancias Biol\u00f3gicas da UFRuralRJ.\"},{\"@type\":\"BreadcrumbList\",\"@id\":\"https:\\\/\\\/eventos.ufrrj.br\\\/sembio\\\/comissao\\\/#breadcrumb\",\"itemListElement\":[{\"@type\":\"ListItem\",\"position\":1,\"name\":\"In\u00edcio\",\"item\":\"https:\\\/\\\/eventos.ufrrj.br\\\/sembio\\\/\"},{\"@type\":\"ListItem\",\"position\":2,\"name\":\"Comiss\u00e3o\"}]},{\"@type\":\"WebSite\",\"@id\":\"https:\\\/\\\/eventos.ufrrj.br\\\/sembio\\\/#website\",\"url\":\"https:\\\/\\\/eventos.ufrrj.br\\\/sembio\\\/\",\"name\":\"XXXIII Semana Acad\u00eamica de Biologia\",\"description\":\"XXXIII Semana Acad\u00eamica de Biologia\",\"potentialAction\":[{\"@type\":\"SearchAction\",\"target\":{\"@type\":\"EntryPoint\",\"urlTemplate\":\"https:\\\/\\\/eventos.ufrrj.br\\\/sembio\\\/?s={search_term_string}\"},\"query-input\":{\"@type\":\"PropertyValueSpecification\",\"valueRequired\":true,\"valueName\":\"search_term_string\"}}],\"inLanguage\":\"pt-BR\"}]}<\/script>\n<!-- \/ Yoast SEO plugin. -->","yoast_head_json":{"title":"Comiss\u00e3o - XXXIII Semana Acad\u00eamica de Biologia","robots":{"index":"index","follow":"follow","max-snippet":"max-snippet:-1","max-image-preview":"max-image-preview:large","max-video-preview":"max-video-preview:-1"},"canonical":"https:\/\/eventos.ufrrj.br\/sembio\/comissao\/","og_locale":"pt_BR","og_type":"article","og_title":"Comiss\u00e3o - XXXIII Semana Acad\u00eamica de Biologia","og_description":"A Comiss\u00e3o Organizadora da XXXV Semana Acad\u00eamica de Biologia da UFRRJ \u00e9 composta por: &nbsp; Ivo Abra\u00e3o Ara\u00fajo da Silva Professor respons\u00e1vel [&hellip;]","og_url":"https:\/\/eventos.ufrrj.br\/sembio\/comissao\/","og_site_name":"XXXIII Semana Acad\u00eamica de Biologia","article_modified_time":"2015-09-30T01:26:37+00:00","og_image":[{"width":480,"height":480,"url":"https:\/\/eventos.ufrrj.br\/sembio\/files\/2013\/10\/Aline.jpg","type":"image\/jpeg"}],"twitter_card":"summary_large_image","twitter_misc":{"Est. tempo de leitura":"1 minuto"},"schema":{"@context":"https:\/\/schema.org","@graph":[{"@type":"WebPage","@id":"https:\/\/eventos.ufrrj.br\/sembio\/comissao\/","url":"https:\/\/eventos.ufrrj.br\/sembio\/comissao\/","name":"Comiss\u00e3o - XXXIII Semana Acad\u00eamica de Biologia","isPartOf":{"@id":"https:\/\/eventos.ufrrj.br\/sembio\/#website"},"primaryImageOfPage":{"@id":"https:\/\/eventos.ufrrj.br\/sembio\/comissao\/#primaryimage"},"image":{"@id":"https:\/\/eventos.ufrrj.br\/sembio\/comissao\/#primaryimage"},"thumbnailUrl":"http:\/\/eventos.ufrrj.br\/sembio\/files\/2013\/10\/Aline-300x300.jpg","datePublished":"2013-10-10T19:21:54+00:00","dateModified":"2015-09-30T01:26:37+00:00","breadcrumb":{"@id":"https:\/\/eventos.ufrrj.br\/sembio\/comissao\/#breadcrumb"},"inLanguage":"pt-BR","potentialAction":[{"@type":"ReadAction","target":["https:\/\/eventos.ufrrj.br\/sembio\/comissao\/"]}]},{"@type":"ImageObject","inLanguage":"pt-BR","@id":"https:\/\/eventos.ufrrj.br\/sembio\/comissao\/#primaryimage","url":"https:\/\/eventos.ufrrj.br\/sembio\/files\/2013\/10\/Aline.jpg","contentUrl":"https:\/\/eventos.ufrrj.br\/sembio\/files\/2013\/10\/Aline.jpg","width":480,"height":480,"caption":"Aline Ferreira Matos graduanda do curso de Ci\u00eancias Biol\u00f3gicas da UFRuralRJ."},{"@type":"BreadcrumbList","@id":"https:\/\/eventos.ufrrj.br\/sembio\/comissao\/#breadcrumb","itemListElement":[{"@type":"ListItem","position":1,"name":"In\u00edcio","item":"https:\/\/eventos.ufrrj.br\/sembio\/"},{"@type":"ListItem","position":2,"name":"Comiss\u00e3o"}]},{"@type":"WebSite","@id":"https:\/\/eventos.ufrrj.br\/sembio\/#website","url":"https:\/\/eventos.ufrrj.br\/sembio\/","name":"XXXIII Semana Acad\u00eamica de Biologia","description":"XXXIII Semana Acad\u00eamica de Biologia","potentialAction":[{"@type":"SearchAction","target":{"@type":"EntryPoint","urlTemplate":"https:\/\/eventos.ufrrj.br\/sembio\/?s={search_term_string}"},"query-input":{"@type":"PropertyValueSpecification","valueRequired":true,"valueName":"search_term_string"}}],"inLanguage":"pt-BR"}]}},"_links":{"self":[{"href":"https:\/\/eventos.ufrrj.br\/sembio\/wp-json\/wp\/v2\/pages\/53","targetHints":{"allow":["GET"]}}],"collection":[{"href":"https:\/\/eventos.ufrrj.br\/sembio\/wp-json\/wp\/v2\/pages"}],"about":[{"href":"https:\/\/eventos.ufrrj.br\/sembio\/wp-json\/wp\/v2\/types\/page"}],"author":[{"embeddable":true,"href":"https:\/\/eventos.ufrrj.br\/sembio\/wp-json\/wp\/v2\/users\/8"}],"replies":[{"embeddable":true,"href":"https:\/\/eventos.ufrrj.br\/sembio\/wp-json\/wp\/v2\/comments?post=53"}],"version-history":[{"count":17,"href":"https:\/\/eventos.ufrrj.br\/sembio\/wp-json\/wp\/v2\/pages\/53\/revisions"}],"predecessor-version":[{"id":380,"href":"https:\/\/eventos.ufrrj.br\/sembio\/wp-json\/wp\/v2\/pages\/53\/revisions\/380"}],"wp:attachment":[{"href":"https:\/\/eventos.ufrrj.br\/sembio\/wp-json\/wp\/v2\/media?parent=53"}],"wp:term":[{"taxonomy":"post_tag","embeddable":true,"href":"https:\/\/eventos.ufrrj.br\/sembio\/wp-json\/wp\/v2\/tags?post=53"}],"curies":[{"name":"wp","href":"https:\/\/api.w.org\/{rel}","templated":true}]}}