{"id":13,"date":"2013-10-09T18:48:44","date_gmt":"2013-10-09T18:48:44","guid":{"rendered":"http:\/\/eventos.ufrrj.br\/sembio\/?page_id=13"},"modified":"2015-08-24T00:48:20","modified_gmt":"2015-08-24T00:48:20","slug":"fale-conosco","status":"publish","type":"page","link":"https:\/\/eventos.ufrrj.br\/sembio\/fale-conosco\/","title":{"rendered":"Fale Conosco"},"content":{"rendered":"<p><span style=\"color: #000080\"><strong><span style=\"font-size: 14px\">Ol\u00e1!<\/span><\/strong><\/span><\/p>\n<p>&nbsp;<\/p>\n<p><span style=\"color: #000080\"><strong><span style=\"font-size: 14px\">Para sua comodidade estamos trabalhando com o e-mail da semana como forma de comunica\u00e7\u00e3o oficial, por\u00e9m, d\u00favidas r\u00e1pidas e simples podem ser resolvidas atrav\u00e9s da p\u00e1gina do evento no facebook!\u00a0<\/span><\/strong><\/span><\/p>\n<p><span style=\"color: #000080\"><strong><span style=\"font-size: 14px\">Fique ligado no\u00a0nosso evento para ficar sabendo de mais novidades!<\/span><\/strong><\/span><\/p>\n<p>&nbsp;<\/p>\n<p><span style=\"color: #000080\"><strong>E-MAIL: <\/strong>35sembio@gmail.com<\/span><\/p>\n<p><span style=\"color: #000080\"><strong>Facebook:\u00a0<\/strong>https:\/\/www.facebook.com\/events\/1451166041870315\/<\/span><\/p>\n","protected":false},"excerpt":{"rendered":"<p>Ol\u00e1! &nbsp; Para sua comodidade estamos trabalhando com o e-mail da semana como forma de comunica\u00e7\u00e3o oficial, por\u00e9m, d\u00favidas r\u00e1pidas e simples [&hellip;]<\/p>\n","protected":false},"author":8,"featured_media":0,"parent":0,"menu_order":0,"comment_status":"open","ping_status":"open","template":"","meta":{"_acf_changed":false,"footnotes":""},"tags":[],"class_list":["post-13","page","type-page","status-publish","hentry"],"acf":[],"yoast_head":"<!-- This site is optimized with the Yoast SEO plugin v27.5 - https:\/\/yoast.com\/product\/yoast-seo-wordpress\/ -->\n<title>Fale Conosco - XXXIII Semana Acad\u00eamica de Biologia<\/title>\n<meta name=\"robots\" content=\"index, follow, max-snippet:-1, max-image-preview:large, max-video-preview:-1\" \/>\n<link rel=\"canonical\" href=\"https:\/\/eventos.ufrrj.br\/sembio\/fale-conosco\/\" \/>\n<meta property=\"og:locale\" content=\"pt_BR\" \/>\n<meta property=\"og:type\" content=\"article\" \/>\n<meta property=\"og:title\" content=\"Fale Conosco - XXXIII Semana Acad\u00eamica de Biologia\" \/>\n<meta property=\"og:description\" content=\"Ol\u00e1! &nbsp; Para sua comodidade estamos trabalhando com o e-mail da semana como forma de comunica\u00e7\u00e3o oficial, por\u00e9m, d\u00favidas r\u00e1pidas e simples [&hellip;]\" \/>\n<meta property=\"og:url\" content=\"https:\/\/eventos.ufrrj.br\/sembio\/fale-conosco\/\" \/>\n<meta property=\"og:site_name\" content=\"XXXIII Semana Acad\u00eamica de Biologia\" \/>\n<meta property=\"article:modified_time\" content=\"2015-08-24T00:48:20+00:00\" \/>\n<meta name=\"twitter:card\" content=\"summary_large_image\" \/>\n<script type=\"application\/ld+json\" class=\"yoast-schema-graph\">{\"@context\":\"https:\\\/\\\/schema.org\",\"@graph\":[{\"@type\":\"WebPage\",\"@id\":\"https:\\\/\\\/eventos.ufrrj.br\\\/sembio\\\/fale-conosco\\\/\",\"url\":\"https:\\\/\\\/eventos.ufrrj.br\\\/sembio\\\/fale-conosco\\\/\",\"name\":\"Fale Conosco - XXXIII Semana Acad\u00eamica de Biologia\",\"isPartOf\":{\"@id\":\"https:\\\/\\\/eventos.ufrrj.br\\\/sembio\\\/#website\"},\"datePublished\":\"2013-10-09T18:48:44+00:00\",\"dateModified\":\"2015-08-24T00:48:20+00:00\",\"breadcrumb\":{\"@id\":\"https:\\\/\\\/eventos.ufrrj.br\\\/sembio\\\/fale-conosco\\\/#breadcrumb\"},\"inLanguage\":\"pt-BR\",\"potentialAction\":[{\"@type\":\"ReadAction\",\"target\":[\"https:\\\/\\\/eventos.ufrrj.br\\\/sembio\\\/fale-conosco\\\/\"]}]},{\"@type\":\"BreadcrumbList\",\"@id\":\"https:\\\/\\\/eventos.ufrrj.br\\\/sembio\\\/fale-conosco\\\/#breadcrumb\",\"itemListElement\":[{\"@type\":\"ListItem\",\"position\":1,\"name\":\"In\u00edcio\",\"item\":\"https:\\\/\\\/eventos.ufrrj.br\\\/sembio\\\/\"},{\"@type\":\"ListItem\",\"position\":2,\"name\":\"Fale Conosco\"}]},{\"@type\":\"WebSite\",\"@id\":\"https:\\\/\\\/eventos.ufrrj.br\\\/sembio\\\/#website\",\"url\":\"https:\\\/\\\/eventos.ufrrj.br\\\/sembio\\\/\",\"name\":\"XXXIII Semana Acad\u00eamica de Biologia\",\"description\":\"XXXIII Semana Acad\u00eamica de Biologia\",\"potentialAction\":[{\"@type\":\"SearchAction\",\"target\":{\"@type\":\"EntryPoint\",\"urlTemplate\":\"https:\\\/\\\/eventos.ufrrj.br\\\/sembio\\\/?s={search_term_string}\"},\"query-input\":{\"@type\":\"PropertyValueSpecification\",\"valueRequired\":true,\"valueName\":\"search_term_string\"}}],\"inLanguage\":\"pt-BR\"}]}<\/script>\n<!-- \/ Yoast SEO plugin. -->","yoast_head_json":{"title":"Fale Conosco - XXXIII Semana Acad\u00eamica de Biologia","robots":{"index":"index","follow":"follow","max-snippet":"max-snippet:-1","max-image-preview":"max-image-preview:large","max-video-preview":"max-video-preview:-1"},"canonical":"https:\/\/eventos.ufrrj.br\/sembio\/fale-conosco\/","og_locale":"pt_BR","og_type":"article","og_title":"Fale Conosco - XXXIII Semana Acad\u00eamica de Biologia","og_description":"Ol\u00e1! &nbsp; Para sua comodidade estamos trabalhando com o e-mail da semana como forma de comunica\u00e7\u00e3o oficial, por\u00e9m, d\u00favidas r\u00e1pidas e simples [&hellip;]","og_url":"https:\/\/eventos.ufrrj.br\/sembio\/fale-conosco\/","og_site_name":"XXXIII Semana Acad\u00eamica de Biologia","article_modified_time":"2015-08-24T00:48:20+00:00","twitter_card":"summary_large_image","schema":{"@context":"https:\/\/schema.org","@graph":[{"@type":"WebPage","@id":"https:\/\/eventos.ufrrj.br\/sembio\/fale-conosco\/","url":"https:\/\/eventos.ufrrj.br\/sembio\/fale-conosco\/","name":"Fale Conosco - XXXIII Semana Acad\u00eamica de Biologia","isPartOf":{"@id":"https:\/\/eventos.ufrrj.br\/sembio\/#website"},"datePublished":"2013-10-09T18:48:44+00:00","dateModified":"2015-08-24T00:48:20+00:00","breadcrumb":{"@id":"https:\/\/eventos.ufrrj.br\/sembio\/fale-conosco\/#breadcrumb"},"inLanguage":"pt-BR","potentialAction":[{"@type":"ReadAction","target":["https:\/\/eventos.ufrrj.br\/sembio\/fale-conosco\/"]}]},{"@type":"BreadcrumbList","@id":"https:\/\/eventos.ufrrj.br\/sembio\/fale-conosco\/#breadcrumb","itemListElement":[{"@type":"ListItem","position":1,"name":"In\u00edcio","item":"https:\/\/eventos.ufrrj.br\/sembio\/"},{"@type":"ListItem","position":2,"name":"Fale Conosco"}]},{"@type":"WebSite","@id":"https:\/\/eventos.ufrrj.br\/sembio\/#website","url":"https:\/\/eventos.ufrrj.br\/sembio\/","name":"XXXIII Semana Acad\u00eamica de Biologia","description":"XXXIII Semana Acad\u00eamica de Biologia","potentialAction":[{"@type":"SearchAction","target":{"@type":"EntryPoint","urlTemplate":"https:\/\/eventos.ufrrj.br\/sembio\/?s={search_term_string}"},"query-input":{"@type":"PropertyValueSpecification","valueRequired":true,"valueName":"search_term_string"}}],"inLanguage":"pt-BR"}]}},"_links":{"self":[{"href":"https:\/\/eventos.ufrrj.br\/sembio\/wp-json\/wp\/v2\/pages\/13","targetHints":{"allow":["GET"]}}],"collection":[{"href":"https:\/\/eventos.ufrrj.br\/sembio\/wp-json\/wp\/v2\/pages"}],"about":[{"href":"https:\/\/eventos.ufrrj.br\/sembio\/wp-json\/wp\/v2\/types\/page"}],"author":[{"embeddable":true,"href":"https:\/\/eventos.ufrrj.br\/sembio\/wp-json\/wp\/v2\/users\/8"}],"replies":[{"embeddable":true,"href":"https:\/\/eventos.ufrrj.br\/sembio\/wp-json\/wp\/v2\/comments?post=13"}],"version-history":[{"count":5,"href":"https:\/\/eventos.ufrrj.br\/sembio\/wp-json\/wp\/v2\/pages\/13\/revisions"}],"predecessor-version":[{"id":194,"href":"https:\/\/eventos.ufrrj.br\/sembio\/wp-json\/wp\/v2\/pages\/13\/revisions\/194"}],"wp:attachment":[{"href":"https:\/\/eventos.ufrrj.br\/sembio\/wp-json\/wp\/v2\/media?parent=13"}],"wp:term":[{"taxonomy":"post_tag","embeddable":true,"href":"https:\/\/eventos.ufrrj.br\/sembio\/wp-json\/wp\/v2\/tags?post=13"}],"curies":[{"name":"wp","href":"https:\/\/api.w.org\/{rel}","templated":true}]}}