{"id":10,"date":"2013-10-09T18:47:53","date_gmt":"2013-10-09T18:47:53","guid":{"rendered":"http:\/\/eventos.ufrrj.br\/sembio\/?page_id=10"},"modified":"2015-08-23T23:31:06","modified_gmt":"2015-08-23T23:31:06","slug":"regulamentos-e-prazos","status":"publish","type":"page","link":"https:\/\/eventos.ufrrj.br\/sembio\/regulamentos-e-prazos\/","title":{"rendered":"Regulamentos e Prazos"},"content":{"rendered":"<h1 style=\"text-align: justify\"><span style=\"color: #000080\"><span style=\"text-decoration: underline\"><strong><span style=\"font-size: 16px\"><span style=\"font-family: verdana, geneva, sans-serif\">INSCRI\u00c7\u00d5ES E VALORES:<\/span><\/span><\/strong><\/span><\/span><\/h1>\n<p style=\"text-align: justify;padding-left: 30px\"><span style=\"color: #000080\"><span style=\"font-size: 16px;line-height: 1.6em\">A Inscri\u00e7\u00e3o na Semana Acad\u00eamica d\u00e1 direito a participa\u00e7\u00e3o nos concursos, apresenta\u00e7\u00e3o de pain\u00e9is, mesa-redonda, palestra, rock&#8217;n bio e 1 (UMA) OFICINA\u00a0<\/span><\/span><\/p>\n<p style=\"text-align: justify;padding-left: 30px\"><span style=\"color: #000080\"><span style=\"font-size: 16px\">SEMANA + 1 OFICINA:<\/span><\/span><\/p>\n<p style=\"text-align: justify;padding-left: 30px\"><span style=\"color: #000080\"><span style=\"font-size: 16px\">R$35,00\u00a0<\/span><\/span><\/p>\n<p style=\"text-align: justify\">*\u00a0Para pessoas que optarem por pagar via boleto, ter\u00e1 um acr\u00e9scimo de R$1,00 referente ao custeio do pr\u00f3prio site em que \u00e9 gerado o boleto.<\/p>\n<p style=\"text-align: justify\">\u00a0<\/p>\n<p style=\"text-align: justify;padding-left: 30px\"><span style=\"color: #000080\"><span style=\"font-size: 16px\">Os minicursos ter\u00e3o pre\u00e7os diferenciados de acordo com o seu custo para execu\u00e7\u00e3o.<\/span><\/span><\/p>\n<hr \/>\n<p style=\"text-align: justify\">\u00a0<\/p>\n<p class=\"MsoNormal\" style=\"text-align: center\" align=\"center\"><span style=\"color: #000080\"><span style=\"font-size: 22px\"><b><span style=\"text-decoration: underline\">Pol\u00edtica de Organiza\u00e7\u00e3o e Normas:<\/span><\/b><\/span><\/span><\/p>\n<p class=\"MsoNormal\">\u00a0<\/p>\n<p class=\"MsoNormal\"><span style=\"color: #000080\"><span style=\"font-size: 16px\">A Semana Acad\u00eamica de Biologia \u00e9 um evento anual de organiza\u00e7\u00e3o dos estudantes do curso de ci\u00eancias biol\u00f3gicas da UFRRJ, sendo desta forma, est\u00e1 sujeito a normativas da universidade, do instituto de biologia e do pr\u00f3prio estatuto da semana. Aos participantes cabe ressaltar:<\/span><\/span><\/p>\n<p><span style=\"color: #000080\"><span style=\"font-size: 16px\">A Semana Acad\u00eamica de Biologia \u00e9 um evento sediado dentro da UFRRJ e de responsabilidade de seus alunos, n\u00e3o sendo permitido qualquer descumprimento da normativa da universidade por parte de seus participantes, estando sujeito a medidas punitivas, como expuls\u00e3o do evento sem devolu\u00e7\u00e3o de recurso investido.<\/span><\/span><\/p>\n<p style=\"padding-left: 30px\"><span style=\"color: #000080\"><span style=\"font-size: 16px\"><strong>1.<\/strong> A Inscri\u00e7\u00e3o no evento d\u00e1 direito a livre participa\u00e7\u00e3o em todas as atividades, excluindo-se oficinas e mini-cursos.<\/span><\/span><\/p>\n<p style=\"padding-left: 30px\"><span style=\"color: #000080\"><span style=\"font-size: 16px\"><strong>2.<\/strong> A participa\u00e7\u00e3o em oficina \u00e9 gratuita \u00e0queles que se inscreveram no seu evento, por\u00e9m esta precisa ter pr\u00e9via inscri\u00e7\u00e3o, no ato da inscri\u00e7\u00e3o, de acordo com vagas dispon\u00edveis;<\/span><\/span><\/p>\n<p style=\"padding-left: 60px\"><span style=\"color: #000080\"><span style=\"font-size: 16px\"><strong>a.<\/strong> N\u00e3o ser\u00e1 permitido a inscri\u00e7\u00e3o em mais de 1(uma) oficina;<\/span><\/span><\/p>\n<p style=\"padding-left: 60px\"><span style=\"color: #000080\"><span style=\"font-size: 16px\"><strong>b.<\/strong> N\u00e3o ser\u00e1 permitida a inscri\u00e7\u00e3o em oficina que tenha choque de hor\u00e1rio com alguma atividade previamente inscrita, como minicurso;<\/span><\/span><\/p>\n<p style=\"padding-left: 30px\"><span style=\"color: #000080\"><span style=\"font-size: 16px\"><strong>3.<\/strong> A participa\u00e7\u00e3o em minicurso \u00e9 paga em valor \u00e0 parte da inscri\u00e7\u00e3o da Semana, especificado na Tabela de Pre\u00e7os<\/span><\/span><\/p>\n<p style=\"padding-left: 60px\"><span style=\"color: #000080\"><span style=\"font-size: 16px\"><strong>a.<\/strong> \u00c9 permitida a inscri\u00e7\u00e3o em mais de um mini-curso, desde que estes n\u00e3o conflitem em seus hor\u00e1rios<\/span><\/span><\/p>\n<p style=\"padding-left: 60px\"><span style=\"color: #000080\"><span style=\"font-size: 16px\"><strong>b.<\/strong> S\u00f3 ser\u00e1 emitido certificado para alunos que compareceram a pelo menos 75% da carga hor\u00e1ria do minicurso.<\/span><\/span><\/p>\n<p style=\"padding-left: 60px\"><span style=\"color: #000080\"><span style=\"font-size: 16px\"><strong>c.<\/strong> Os certificados do minicurso ser\u00e3o entregues ao do curso, contabilizando 8 (oito) horas de participa\u00e7\u00e3o.<\/span><\/span><\/p>\n<p style=\"padding-left: 30px\"><span style=\"color: #000080\"><span style=\"font-size: 16px\"><strong>4.<\/strong> Os certificados referentes \u00e0 participa\u00e7\u00e3o na Semana Acad\u00eamica de Biologia, minicursos e oficina ser\u00e3o entregues via e-mail, ou seja, somente na vers\u00e3o digital.<\/span><\/span><\/p>\n<p style=\"padding-left: 60px\"><span style=\"color: #000080\"><span style=\"font-size: 16px\"><strong>a.<\/strong> Os certificados referentes \u00e0 semana n\u00e3o apresentar\u00e3o em seu corpo de texto a contabiliza\u00e7\u00e3o de horas referentes \u00e0 atividade da semana, cada institui\u00e7\u00e3o tem sua pr\u00f3pria normativa designando a carga hor\u00e1ria que ir\u00e1 contar a cada participa\u00e7\u00e3o de evento.<\/span><\/span><\/p>\n<p style=\"padding-left: 30px\"><span style=\"color: #000080\"><span style=\"font-size: 16px\"><strong>5.<\/strong> A entrada no evento cultural da semana \u201cRock\u2019n Bio\u201d \u00e9 gratuita e livre, inclusiva aqueles que n\u00e3o est\u00e3o inscritos no evento.<\/span><\/span><\/p>\n<p style=\"padding-left: 30px\"><span style=\"color: #000080\"><span style=\"font-size: 16px\"><strong>6.<\/strong> Aqueles que desejarem apresentar trabalhos em painel dever\u00e3o fazer a op\u00e7\u00e3o no momento da inscri\u00e7\u00e3o, anexando o resumo.<\/span><\/span><\/p>\n<p style=\"padding-left: 60px\"><span style=\"color: #000080\"><span style=\"font-size: 16px\"><strong>a.<\/strong> O certificado referente \u00e0 apresenta\u00e7\u00e3o de Trabalho em Painel durante a semana ser\u00e1 entregue via e-mail junto com os demais;<\/span><\/span><\/p>\n<p style=\"padding-left: 60px\"><span style=\"color: #000080\"><span style=\"font-size: 16px\"><strong>b.<\/strong> Haver\u00e1 premia\u00e7\u00e3o para o melhor resumo, sendo esta a ser decidida pela Comiss\u00e3o Organizadora da Semana;<\/span><\/span><\/p>\n<p style=\"padding-left: 30px\"><span style=\"color: #000080\"><span style=\"font-size: 16px\"><strong>7.<\/strong> A inscri\u00e7\u00e3o no Concurso de Fotografia Cient\u00edfica ser\u00e1 feita no momento do credenciamento, o participante dever\u00e1 apresentar as fotos que deseja candidatar nas seguintes recomenda\u00e7\u00f5es:<\/span><\/span><\/p>\n<p style=\"padding-left: 60px\"><span style=\"color: #000080\"><span style=\"font-size: 16px\"><strong>a.<\/strong> Papel para Foto FOSCO tamanho\u00a0<\/span><strong><span style=\"margin: 0px;padding: 0px;font-size: 14px\">20\u00d725 cm<\/span><\/strong><\/span><\/p>\n<p style=\"padding-left: 60px\"><span style=\"color: #000080\"><span style=\"font-size: 16px\"><strong>b.<\/strong> No envelope de cada foto dever\u00e1 conter: t\u00edtulo, nome do autor e telefone para contato.<\/span><\/span><\/p>\n<p style=\"padding-left: 30px\"><strong><span style=\"color: #333399\">8.<\/span>\u00a0<\/strong><span style=\"color: #000080\"><span style=\"font-size: 16px\">A Comiss\u00e3o Organizadora ter\u00e1 at\u00e9 04(quatro) dias \u00fateis para responder \u00e0 solicita\u00e7\u00f5es via e-mail dos participantes<\/span><\/span><\/p>\n<p style=\"padding-left: 30px\"><span style=\"color: #000080\"><span style=\"font-size: 16px\"><strong>\u00a09.<\/strong> Em rela\u00e7\u00e3o \u00e0s inscri\u00e7\u00f5es via site.<\/span><\/span><\/p>\n<p style=\"padding-left: 60px\"><span style=\"color: #000080\"><span style=\"font-size: 16px\"><strong>a.<\/strong> A Comiss\u00e3o organizadora ter\u00e1 at\u00e9 03 (tr\u00eas) dias \u00fateis para enviar a resposta \u00e0 solicita\u00e7\u00e3o de vaga na semana e minicurso;<\/span><\/span><\/p>\n<p style=\"padding-left: 60px\"><span style=\"color: #000080\"><span style=\"font-size: 16px\"><strong>b.<\/strong> Participantes que se inscrevam em minicursos lotados ser\u00e3o informados e remanejados segundo sua escolha;<\/span><\/span><\/p>\n<p style=\"padding-left: 60px\"><span style=\"color: #000080\"><span style=\"font-size: 16px\"><strong>c.<\/strong> Ap\u00f3s o envio do boleto, os participantes ter\u00e3o at\u00e9 03(tr\u00eas) dias \u00fateis para o pagamento e confirma\u00e7\u00e3o da inscri\u00e7\u00e3o;<\/span><\/span><\/p>\n<p style=\"padding-left: 60px\"><span style=\"color: #000080\"><span style=\"font-size: 16px\"><strong>d.<\/strong> Participantes que n\u00e3o pagarem o boleto no per\u00edodo estipulado ter\u00e3o sua inscri\u00e7\u00e3o cancelada, sendo necess\u00e1rio que realizem nova.<\/span><\/span><\/p>\n","protected":false},"excerpt":{"rendered":"<p>INSCRI\u00c7\u00d5ES E VALORES: A Inscri\u00e7\u00e3o na Semana Acad\u00eamica d\u00e1 direito a participa\u00e7\u00e3o nos concursos, apresenta\u00e7\u00e3o de pain\u00e9is, mesa-redonda, palestra, rock&#8217;n bio e [&hellip;]<\/p>\n","protected":false},"author":8,"featured_media":0,"parent":0,"menu_order":0,"comment_status":"open","ping_status":"open","template":"","meta":{"_acf_changed":false,"footnotes":""},"tags":[],"class_list":["post-10","page","type-page","status-publish","hentry"],"acf":[],"yoast_head":"<!-- This site is optimized with the Yoast SEO plugin v27.5 - https:\/\/yoast.com\/product\/yoast-seo-wordpress\/ -->\n<title>Regulamentos e Prazos - XXXIII Semana Acad\u00eamica de Biologia<\/title>\n<meta name=\"robots\" content=\"index, follow, max-snippet:-1, max-image-preview:large, max-video-preview:-1\" \/>\n<link rel=\"canonical\" href=\"https:\/\/eventos.ufrrj.br\/sembio\/regulamentos-e-prazos\/\" \/>\n<meta property=\"og:locale\" content=\"pt_BR\" \/>\n<meta property=\"og:type\" content=\"article\" \/>\n<meta property=\"og:title\" content=\"Regulamentos e Prazos - XXXIII Semana Acad\u00eamica de Biologia\" \/>\n<meta property=\"og:description\" content=\"INSCRI\u00c7\u00d5ES E VALORES: A Inscri\u00e7\u00e3o na Semana Acad\u00eamica d\u00e1 direito a participa\u00e7\u00e3o nos concursos, apresenta\u00e7\u00e3o de pain\u00e9is, mesa-redonda, palestra, rock&#8217;n bio e [&hellip;]\" \/>\n<meta property=\"og:url\" content=\"https:\/\/eventos.ufrrj.br\/sembio\/regulamentos-e-prazos\/\" \/>\n<meta property=\"og:site_name\" content=\"XXXIII Semana Acad\u00eamica de Biologia\" \/>\n<meta property=\"article:modified_time\" content=\"2015-08-23T23:31:06+00:00\" \/>\n<meta name=\"twitter:card\" content=\"summary_large_image\" \/>\n<meta name=\"twitter:label1\" content=\"Est. tempo de leitura\" \/>\n\t<meta name=\"twitter:data1\" content=\"3 minutos\" \/>\n<script type=\"application\/ld+json\" class=\"yoast-schema-graph\">{\"@context\":\"https:\\\/\\\/schema.org\",\"@graph\":[{\"@type\":\"WebPage\",\"@id\":\"https:\\\/\\\/eventos.ufrrj.br\\\/sembio\\\/regulamentos-e-prazos\\\/\",\"url\":\"https:\\\/\\\/eventos.ufrrj.br\\\/sembio\\\/regulamentos-e-prazos\\\/\",\"name\":\"Regulamentos e Prazos - XXXIII Semana Acad\u00eamica de Biologia\",\"isPartOf\":{\"@id\":\"https:\\\/\\\/eventos.ufrrj.br\\\/sembio\\\/#website\"},\"datePublished\":\"2013-10-09T18:47:53+00:00\",\"dateModified\":\"2015-08-23T23:31:06+00:00\",\"breadcrumb\":{\"@id\":\"https:\\\/\\\/eventos.ufrrj.br\\\/sembio\\\/regulamentos-e-prazos\\\/#breadcrumb\"},\"inLanguage\":\"pt-BR\",\"potentialAction\":[{\"@type\":\"ReadAction\",\"target\":[\"https:\\\/\\\/eventos.ufrrj.br\\\/sembio\\\/regulamentos-e-prazos\\\/\"]}]},{\"@type\":\"BreadcrumbList\",\"@id\":\"https:\\\/\\\/eventos.ufrrj.br\\\/sembio\\\/regulamentos-e-prazos\\\/#breadcrumb\",\"itemListElement\":[{\"@type\":\"ListItem\",\"position\":1,\"name\":\"In\u00edcio\",\"item\":\"https:\\\/\\\/eventos.ufrrj.br\\\/sembio\\\/\"},{\"@type\":\"ListItem\",\"position\":2,\"name\":\"Regulamentos e Prazos\"}]},{\"@type\":\"WebSite\",\"@id\":\"https:\\\/\\\/eventos.ufrrj.br\\\/sembio\\\/#website\",\"url\":\"https:\\\/\\\/eventos.ufrrj.br\\\/sembio\\\/\",\"name\":\"XXXIII Semana Acad\u00eamica de Biologia\",\"description\":\"XXXIII Semana Acad\u00eamica de Biologia\",\"potentialAction\":[{\"@type\":\"SearchAction\",\"target\":{\"@type\":\"EntryPoint\",\"urlTemplate\":\"https:\\\/\\\/eventos.ufrrj.br\\\/sembio\\\/?s={search_term_string}\"},\"query-input\":{\"@type\":\"PropertyValueSpecification\",\"valueRequired\":true,\"valueName\":\"search_term_string\"}}],\"inLanguage\":\"pt-BR\"}]}<\/script>\n<!-- \/ Yoast SEO plugin. -->","yoast_head_json":{"title":"Regulamentos e Prazos - XXXIII Semana Acad\u00eamica de Biologia","robots":{"index":"index","follow":"follow","max-snippet":"max-snippet:-1","max-image-preview":"max-image-preview:large","max-video-preview":"max-video-preview:-1"},"canonical":"https:\/\/eventos.ufrrj.br\/sembio\/regulamentos-e-prazos\/","og_locale":"pt_BR","og_type":"article","og_title":"Regulamentos e Prazos - XXXIII Semana Acad\u00eamica de Biologia","og_description":"INSCRI\u00c7\u00d5ES E VALORES: A Inscri\u00e7\u00e3o na Semana Acad\u00eamica d\u00e1 direito a participa\u00e7\u00e3o nos concursos, apresenta\u00e7\u00e3o de pain\u00e9is, mesa-redonda, palestra, rock&#8217;n bio e [&hellip;]","og_url":"https:\/\/eventos.ufrrj.br\/sembio\/regulamentos-e-prazos\/","og_site_name":"XXXIII Semana Acad\u00eamica de Biologia","article_modified_time":"2015-08-23T23:31:06+00:00","twitter_card":"summary_large_image","twitter_misc":{"Est. tempo de leitura":"3 minutos"},"schema":{"@context":"https:\/\/schema.org","@graph":[{"@type":"WebPage","@id":"https:\/\/eventos.ufrrj.br\/sembio\/regulamentos-e-prazos\/","url":"https:\/\/eventos.ufrrj.br\/sembio\/regulamentos-e-prazos\/","name":"Regulamentos e Prazos - XXXIII Semana Acad\u00eamica de Biologia","isPartOf":{"@id":"https:\/\/eventos.ufrrj.br\/sembio\/#website"},"datePublished":"2013-10-09T18:47:53+00:00","dateModified":"2015-08-23T23:31:06+00:00","breadcrumb":{"@id":"https:\/\/eventos.ufrrj.br\/sembio\/regulamentos-e-prazos\/#breadcrumb"},"inLanguage":"pt-BR","potentialAction":[{"@type":"ReadAction","target":["https:\/\/eventos.ufrrj.br\/sembio\/regulamentos-e-prazos\/"]}]},{"@type":"BreadcrumbList","@id":"https:\/\/eventos.ufrrj.br\/sembio\/regulamentos-e-prazos\/#breadcrumb","itemListElement":[{"@type":"ListItem","position":1,"name":"In\u00edcio","item":"https:\/\/eventos.ufrrj.br\/sembio\/"},{"@type":"ListItem","position":2,"name":"Regulamentos e Prazos"}]},{"@type":"WebSite","@id":"https:\/\/eventos.ufrrj.br\/sembio\/#website","url":"https:\/\/eventos.ufrrj.br\/sembio\/","name":"XXXIII Semana Acad\u00eamica de Biologia","description":"XXXIII Semana Acad\u00eamica de Biologia","potentialAction":[{"@type":"SearchAction","target":{"@type":"EntryPoint","urlTemplate":"https:\/\/eventos.ufrrj.br\/sembio\/?s={search_term_string}"},"query-input":{"@type":"PropertyValueSpecification","valueRequired":true,"valueName":"search_term_string"}}],"inLanguage":"pt-BR"}]}},"_links":{"self":[{"href":"https:\/\/eventos.ufrrj.br\/sembio\/wp-json\/wp\/v2\/pages\/10","targetHints":{"allow":["GET"]}}],"collection":[{"href":"https:\/\/eventos.ufrrj.br\/sembio\/wp-json\/wp\/v2\/pages"}],"about":[{"href":"https:\/\/eventos.ufrrj.br\/sembio\/wp-json\/wp\/v2\/types\/page"}],"author":[{"embeddable":true,"href":"https:\/\/eventos.ufrrj.br\/sembio\/wp-json\/wp\/v2\/users\/8"}],"replies":[{"embeddable":true,"href":"https:\/\/eventos.ufrrj.br\/sembio\/wp-json\/wp\/v2\/comments?post=10"}],"version-history":[{"count":13,"href":"https:\/\/eventos.ufrrj.br\/sembio\/wp-json\/wp\/v2\/pages\/10\/revisions"}],"predecessor-version":[{"id":190,"href":"https:\/\/eventos.ufrrj.br\/sembio\/wp-json\/wp\/v2\/pages\/10\/revisions\/190"}],"wp:attachment":[{"href":"https:\/\/eventos.ufrrj.br\/sembio\/wp-json\/wp\/v2\/media?parent=10"}],"wp:term":[{"taxonomy":"post_tag","embeddable":true,"href":"https:\/\/eventos.ufrrj.br\/sembio\/wp-json\/wp\/v2\/tags?post=10"}],"curies":[{"name":"wp","href":"https:\/\/api.w.org\/{rel}","templated":true}]}}