{"id":83,"date":"2013-09-16T11:41:01","date_gmt":"2013-09-16T11:41:01","guid":{"rendered":"http:\/\/eventos.ufrrj.br\/semana-de-letras\/?page_id=83"},"modified":"2014-10-20T18:33:42","modified_gmt":"2014-10-20T18:33:42","slug":"programacao-2","status":"publish","type":"page","link":"https:\/\/eventos.ufrrj.br\/semana-de-letras\/programacao-2\/","title":{"rendered":"Programa\u00e7\u00e3o"},"content":{"rendered":"<p>O credenciamento est\u00e1 ocorrendo na sala da Coordena\u00e7\u00e3o de Letras (ICHS), at\u00e9 as 17h30min.<\/p>\n<p>Entre 18h e 18h30, no audit\u00f3rio do PAT.<\/p>\n<ul>\n<li><span style=\"color: #ff0000\"><strong>Dia 20\/10<\/strong><\/span><\/li>\n<\/ul>\n<p><span style=\"color: #0000ff\"><strong>18h30 \u2013\u00a0Credenciamento<\/strong><\/span><\/p>\n<p><span style=\"color: #0000ff\"><strong>19h &#8211; Sess\u00e3o: L\u00edngua Portuguesa em Di\u00e1logos &#8211; Audit\u00f3rio do PAT<\/strong><\/span><br \/> Coord. F\u00e1bio Coelho (UFRRJ)<\/p>\n<p>Ensino da l\u00edngua materna: a reinven\u00e7\u00e3o de m\u00e9todos sob novas epistemologias<br \/> <em>Edwiges Zaccur (UFF)<\/em><\/p>\n<p>An\u00e1lise Lingu\u00edstica na sala de aula<br \/> <em>Leonor Werneck (UFRJ)<\/em><\/p>\n<p>Ler e escrever na educa\u00e7\u00e3o b\u00e1sica: professor, media\u00e7\u00e3o, aluno<br \/> <em>T\u00e2nia C\u00e2mara (UERJ)<\/em><\/p>\n<p><em>\u200b<\/em><\/p>\n<ul>\n<li><span style=\"color: #ff0000\"><strong>Dia 21\/10<\/strong><\/span><\/li>\n<\/ul>\n<p><span style=\"color: #0000ff\"><strong>14h &#8211; 17h &#8211; Sess\u00f5es de Comunica\u00e7\u00e3o<\/strong><\/span><\/p>\n<p><a title=\"Sess\u00f5es de Comunica\u00e7\u00e3o\" href=\"http:\/\/eventos.ufrrj.br\/semana-de-letras\/sessoes-de-comunicacao\/\">Programa\u00e7\u00e3o das Comunica\u00e7\u00f5es<\/a><\/p>\n<p>&nbsp;<\/p>\n<p><span style=\"color: #0000ff\"><strong>18h30 &#8211; Sess\u00e3o: L\u00edngua e Literatura Inglesas em Di\u00e1logos &#8211; Audit\u00f3rio do PAT<\/strong><\/span><br \/> Coord. Elisa Abrantes (UFRRJ)<\/p>\n<p align=\"left\">Alexandrinos ou decass\u00edlabos: as tradu\u00e7\u00f5es dos sonetos de Shakespeare por Ivo Barroso.<br \/> <em>Vitor Alevato do Amaral (UFRJ)<\/em><\/p>\n<p>Os dilemas da soberania e a figura\u00e7\u00e3o da\u00a0t\u00f3pica da contrariedade\u00a0&#8220;cat\u00f3lico vs. puritano&#8221; como amea\u00e7as ao corpo pol\u00edtico em <em>O Mercador de Veneza<\/em><br \/> <em>\u00a0Alexander Martins Vianna (UFRRJ)<\/em><\/p>\n<p>A mulher e a guerra nas pe\u00e7as de Shakespeare<br \/> <em>Deize Mara Fonseca<\/em><\/p>\n<p>&nbsp;<\/p>\n<ul>\n<li><span style=\"color: #ff0000\"><strong>Dia 22\/10<\/strong><\/span><\/li>\n<\/ul>\n<p><span style=\"color: #0000ff\"><strong>15h &#8211; 17h &#8211; Apresenta\u00e7\u00e3o de p\u00f4steres &#8211; corredores do P1<\/strong><\/span><\/p>\n<p><span style=\"color: #0000ff\"><strong>18h30 \u2013 21h \u2013 Minicursos<\/strong><\/span><\/p>\n<p>1 \u2013 Entre corpos, cidades e palavras: di\u00e1logos urbanos entre a poesia contempor\u00e2nea do Brasil e de Portugal<br \/> <em>Marleide Anchieta de Lima (UFF) &#8211; Audit\u00f3rio do PAT<\/em><\/p>\n<p>2\u00a0\u2013\u00a0L\u00e9xico, Literatura e Discurso<br \/> <em>Denise Salim (UERJ) &#8211; PPG Sala 03<\/em><\/p>\n<p>&nbsp;<\/p>\n<ul>\n<li><span style=\"color: #ff0000\"><strong>Dia 23\/10<\/strong><\/span><\/li>\n<\/ul>\n<p><span style=\"color: #0000ff\"><strong>18h30 \u2013 Sess\u00e3o: Literaturas em Di\u00e1logos &#8211; Audit\u00f3rio do PAT<\/strong><\/span><br \/> Coord. Eduardo da Cruz (UFRRJ)<\/p>\n<p>Literatura: Geografias da emo\u00e7\u00e3o<br \/> <em>Ida Alves (UFF)<\/em><\/p>\n<p>Literatura e pol\u00edtica em Camilo Castelo Branco e J\u00falio Dinis<br \/> <em>S\u00e9rgio Nazar David (UERJ)<\/em><\/p>\n<p>\u201cTudo arrasta consigo, como uma sombra, o seu contr\u00e1rio&#8221;: sobre <em>O olho de Hertzog<\/em>, de Jo\u00e3o Paulo Borges Coelho<br \/> <em>Silvio Renato Jorge (UFF)<\/em><\/p>\n","protected":false},"excerpt":{"rendered":"<p>O credenciamento est\u00e1 ocorrendo na sala da Coordena\u00e7\u00e3o de Letras (ICHS), at\u00e9 as 17h30min. Entre 18h e 18h30, no audit\u00f3rio do PAT. [&hellip;]<\/p>\n","protected":false},"author":15,"featured_media":0,"parent":0,"menu_order":0,"comment_status":"open","ping_status":"open","template":"","meta":{"_acf_changed":false,"ngg_post_thumbnail":0,"footnotes":""},"tags":[],"class_list":["post-83","page","type-page","status-publish","hentry"],"acf":[],"yoast_head":"<!-- This site is optimized with the Yoast SEO plugin v27.5 - https:\/\/yoast.com\/product\/yoast-seo-wordpress\/ -->\n<title>Programa\u00e7\u00e3o - V Semana de Letras - UFRRJ<\/title>\n<meta name=\"robots\" content=\"index, follow, max-snippet:-1, max-image-preview:large, max-video-preview:-1\" \/>\n<link rel=\"canonical\" href=\"https:\/\/eventos.ufrrj.br\/semana-de-letras\/programacao-2\/\" \/>\n<meta property=\"og:locale\" content=\"pt_BR\" \/>\n<meta property=\"og:type\" content=\"article\" \/>\n<meta property=\"og:title\" content=\"Programa\u00e7\u00e3o - V Semana de Letras - UFRRJ\" \/>\n<meta property=\"og:description\" content=\"O credenciamento est\u00e1 ocorrendo na sala da Coordena\u00e7\u00e3o de Letras (ICHS), at\u00e9 as 17h30min. Entre 18h e 18h30, no audit\u00f3rio do PAT. [&hellip;]\" \/>\n<meta property=\"og:url\" content=\"https:\/\/eventos.ufrrj.br\/semana-de-letras\/programacao-2\/\" \/>\n<meta property=\"og:site_name\" content=\"V Semana de Letras - UFRRJ\" \/>\n<meta property=\"article:modified_time\" content=\"2014-10-20T18:33:42+00:00\" \/>\n<meta name=\"twitter:card\" content=\"summary_large_image\" \/>\n<meta name=\"twitter:label1\" content=\"Est. tempo de leitura\" \/>\n\t<meta name=\"twitter:data1\" content=\"2 minutos\" \/>\n<script type=\"application\/ld+json\" class=\"yoast-schema-graph\">{\"@context\":\"https:\\\/\\\/schema.org\",\"@graph\":[{\"@type\":\"WebPage\",\"@id\":\"https:\\\/\\\/eventos.ufrrj.br\\\/semana-de-letras\\\/programacao-2\\\/\",\"url\":\"https:\\\/\\\/eventos.ufrrj.br\\\/semana-de-letras\\\/programacao-2\\\/\",\"name\":\"Programa\u00e7\u00e3o - V Semana de Letras - UFRRJ\",\"isPartOf\":{\"@id\":\"https:\\\/\\\/eventos.ufrrj.br\\\/semana-de-letras\\\/#website\"},\"datePublished\":\"2013-09-16T11:41:01+00:00\",\"dateModified\":\"2014-10-20T18:33:42+00:00\",\"breadcrumb\":{\"@id\":\"https:\\\/\\\/eventos.ufrrj.br\\\/semana-de-letras\\\/programacao-2\\\/#breadcrumb\"},\"inLanguage\":\"pt-BR\",\"potentialAction\":[{\"@type\":\"ReadAction\",\"target\":[\"https:\\\/\\\/eventos.ufrrj.br\\\/semana-de-letras\\\/programacao-2\\\/\"]}]},{\"@type\":\"BreadcrumbList\",\"@id\":\"https:\\\/\\\/eventos.ufrrj.br\\\/semana-de-letras\\\/programacao-2\\\/#breadcrumb\",\"itemListElement\":[{\"@type\":\"ListItem\",\"position\":1,\"name\":\"In\u00edcio\",\"item\":\"https:\\\/\\\/eventos.ufrrj.br\\\/semana-de-letras\\\/\"},{\"@type\":\"ListItem\",\"position\":2,\"name\":\"Programa\u00e7\u00e3o\"}]},{\"@type\":\"WebSite\",\"@id\":\"https:\\\/\\\/eventos.ufrrj.br\\\/semana-de-letras\\\/#website\",\"url\":\"https:\\\/\\\/eventos.ufrrj.br\\\/semana-de-letras\\\/\",\"name\":\"V Semana de Letras - UFRRJ\",\"description\":\"V Semana de Letras - UFRRJ\",\"potentialAction\":[{\"@type\":\"SearchAction\",\"target\":{\"@type\":\"EntryPoint\",\"urlTemplate\":\"https:\\\/\\\/eventos.ufrrj.br\\\/semana-de-letras\\\/?s={search_term_string}\"},\"query-input\":{\"@type\":\"PropertyValueSpecification\",\"valueRequired\":true,\"valueName\":\"search_term_string\"}}],\"inLanguage\":\"pt-BR\"}]}<\/script>\n<!-- \/ Yoast SEO plugin. -->","yoast_head_json":{"title":"Programa\u00e7\u00e3o - V Semana de Letras - UFRRJ","robots":{"index":"index","follow":"follow","max-snippet":"max-snippet:-1","max-image-preview":"max-image-preview:large","max-video-preview":"max-video-preview:-1"},"canonical":"https:\/\/eventos.ufrrj.br\/semana-de-letras\/programacao-2\/","og_locale":"pt_BR","og_type":"article","og_title":"Programa\u00e7\u00e3o - V Semana de Letras - UFRRJ","og_description":"O credenciamento est\u00e1 ocorrendo na sala da Coordena\u00e7\u00e3o de Letras (ICHS), at\u00e9 as 17h30min. Entre 18h e 18h30, no audit\u00f3rio do PAT. [&hellip;]","og_url":"https:\/\/eventos.ufrrj.br\/semana-de-letras\/programacao-2\/","og_site_name":"V Semana de Letras - UFRRJ","article_modified_time":"2014-10-20T18:33:42+00:00","twitter_card":"summary_large_image","twitter_misc":{"Est. tempo de leitura":"2 minutos"},"schema":{"@context":"https:\/\/schema.org","@graph":[{"@type":"WebPage","@id":"https:\/\/eventos.ufrrj.br\/semana-de-letras\/programacao-2\/","url":"https:\/\/eventos.ufrrj.br\/semana-de-letras\/programacao-2\/","name":"Programa\u00e7\u00e3o - V Semana de Letras - UFRRJ","isPartOf":{"@id":"https:\/\/eventos.ufrrj.br\/semana-de-letras\/#website"},"datePublished":"2013-09-16T11:41:01+00:00","dateModified":"2014-10-20T18:33:42+00:00","breadcrumb":{"@id":"https:\/\/eventos.ufrrj.br\/semana-de-letras\/programacao-2\/#breadcrumb"},"inLanguage":"pt-BR","potentialAction":[{"@type":"ReadAction","target":["https:\/\/eventos.ufrrj.br\/semana-de-letras\/programacao-2\/"]}]},{"@type":"BreadcrumbList","@id":"https:\/\/eventos.ufrrj.br\/semana-de-letras\/programacao-2\/#breadcrumb","itemListElement":[{"@type":"ListItem","position":1,"name":"In\u00edcio","item":"https:\/\/eventos.ufrrj.br\/semana-de-letras\/"},{"@type":"ListItem","position":2,"name":"Programa\u00e7\u00e3o"}]},{"@type":"WebSite","@id":"https:\/\/eventos.ufrrj.br\/semana-de-letras\/#website","url":"https:\/\/eventos.ufrrj.br\/semana-de-letras\/","name":"V Semana de Letras - UFRRJ","description":"V Semana de Letras - UFRRJ","potentialAction":[{"@type":"SearchAction","target":{"@type":"EntryPoint","urlTemplate":"https:\/\/eventos.ufrrj.br\/semana-de-letras\/?s={search_term_string}"},"query-input":{"@type":"PropertyValueSpecification","valueRequired":true,"valueName":"search_term_string"}}],"inLanguage":"pt-BR"}]}},"_links":{"self":[{"href":"https:\/\/eventos.ufrrj.br\/semana-de-letras\/wp-json\/wp\/v2\/pages\/83","targetHints":{"allow":["GET"]}}],"collection":[{"href":"https:\/\/eventos.ufrrj.br\/semana-de-letras\/wp-json\/wp\/v2\/pages"}],"about":[{"href":"https:\/\/eventos.ufrrj.br\/semana-de-letras\/wp-json\/wp\/v2\/types\/page"}],"author":[{"embeddable":true,"href":"https:\/\/eventos.ufrrj.br\/semana-de-letras\/wp-json\/wp\/v2\/users\/15"}],"replies":[{"embeddable":true,"href":"https:\/\/eventos.ufrrj.br\/semana-de-letras\/wp-json\/wp\/v2\/comments?post=83"}],"version-history":[{"count":10,"href":"https:\/\/eventos.ufrrj.br\/semana-de-letras\/wp-json\/wp\/v2\/pages\/83\/revisions"}],"predecessor-version":[{"id":178,"href":"https:\/\/eventos.ufrrj.br\/semana-de-letras\/wp-json\/wp\/v2\/pages\/83\/revisions\/178"}],"wp:attachment":[{"href":"https:\/\/eventos.ufrrj.br\/semana-de-letras\/wp-json\/wp\/v2\/media?parent=83"}],"wp:term":[{"taxonomy":"post_tag","embeddable":true,"href":"https:\/\/eventos.ufrrj.br\/semana-de-letras\/wp-json\/wp\/v2\/tags?post=83"}],"curies":[{"name":"wp","href":"https:\/\/api.w.org\/{rel}","templated":true}]}}