{"id":146,"date":"2014-10-06T12:39:54","date_gmt":"2014-10-06T12:39:54","guid":{"rendered":"http:\/\/eventos.ufrrj.br\/semana-de-letras\/?page_id=146"},"modified":"2014-10-07T16:37:59","modified_gmt":"2014-10-07T16:37:59","slug":"inscricoes-aceitas","status":"publish","type":"page","link":"https:\/\/eventos.ufrrj.br\/semana-de-letras\/inscricoes-aceitas\/","title":{"rendered":"Inscri\u00e7\u00f5es Aceitas"},"content":{"rendered":"<p style=\"text-align: center\"><strong>Inscri\u00e7\u00f5es de trabalhos aceitas<\/strong><\/p>\n<p style=\"text-align: left\">(Em caso de d\u00favidas, entrar em contato pelo email <a href=\"mailto:semanadeletras@ufrrj.br\">semanadeletras@ufrrj.br<\/a>)<\/p>\n<p><strong>*<\/strong> <strong>P\u00d4STERES<\/strong><\/p>\n<table border=\"1\" width=\"714\">\n<tbody>\n<tr>\n<td style=\"text-align: center\" width=\"293\"><strong>Apresentadores<\/strong><\/td>\n<td style=\"text-align: center\" width=\"244\"><strong>Orientadores<\/strong><\/td>\n<td style=\"text-align: center\" width=\"84\"><strong>Institui\u00e7\u00e3o<\/strong><\/td>\n<td style=\"text-align: center\" width=\"126\"><strong>T\u00edtulo<\/strong><\/td>\n<\/tr>\n<tr>\n<td width=\"293\">Adriana Soares da Silva; Lisandra Aniceto da Silva; Marina Alzida Moreira Cavadas; Tamara Cristina dos Santos Alves; Vitor Barcellos Bellot; William Souza Coelho; Winner Akio Hopkins Nakaie<\/td>\n<td width=\"244\">Mikaela Roberto<\/td>\n<td>UFRRJ<\/td>\n<td width=\"126\">Pluralidade da linguagem em sala de aula<\/td>\n<\/tr>\n<tr>\n<td width=\"293\">Aline de Oliveira Arruda<\/td>\n<td width=\"244\">Mikaela Roberto<\/td>\n<td>UFRRJ<\/td>\n<td width=\"126\">L2: aquisi\u00e7\u00e3o ou aprendizagem?<\/td>\n<\/tr>\n<tr>\n<td width=\"293\">Aline de Oliveira Teixeira; Pedro Paulo da Silva<\/td>\n<td width=\"244\">Maria do Rosario Roxo. Elisa Abrantes<\/td>\n<td>UFRRJ<\/td>\n<td width=\"126\">Ensinar comprometendo-se: situatividade do saber na sala de aula<\/td>\n<\/tr>\n<tr>\n<td width=\"293\">Andreza Patricia Almeida dos Santos<\/td>\n<td width=\"244\">Alessandra Carvalho<\/td>\n<td>UFRRJ<\/td>\n<td width=\"126\">O leitor imaginado e o jornalismo de revista: uma compara\u00e7\u00e3o entre &#8220;Galileu&#8221; e &#8220;Superinteressante&#8221;<\/td>\n<\/tr>\n<tr>\n<td width=\"293\">Bianca de Souza Juli\u00e3o; Elaine Juli\u00e3o Ferreira; Gabrielle de Almeida Sans\u00e3o Montenario; Larissa MarcellaSoares Castilho; Natalia da Silva Quirino Oliveira; Thais da Concei\u00e7\u00e3o Santos<\/td>\n<td width=\"244\">Mikaela Roberto<\/td>\n<td>UFRRJ<\/td>\n<td width=\"126\">N\u00e3o (,) faz sentido!<\/td>\n<\/tr>\n<tr>\n<td width=\"293\">Eduardo Santana Moreira<\/td>\n<td width=\"244\">Maria do Rosario Roxo<\/td>\n<td>UFRRJ<\/td>\n<td width=\"126\">Aluno-aprendiz em foco: reflex\u00e3o sobre o ato da leitura<\/td>\n<\/tr>\n<tr>\n<td width=\"293\">Fernanda da Silva Ribeiro<\/td>\n<td width=\"244\">Roza Palomanes<\/td>\n<td>UFRRJ<\/td>\n<td width=\"126\">A Lingu\u00edstica Cognitiva e suas principais vertentes<\/td>\n<\/tr>\n<tr>\n<td width=\"293\">Hilda dos Santos Silva<\/td>\n<td width=\"244\">Mikaela Roberto<\/td>\n<td>UFRRJ<\/td>\n<td width=\"126\">Letramento nos cursos de Letras da UFRRJ<\/td>\n<\/tr>\n<tr>\n<td width=\"293\">Igor de Sousa; Isabella Moreira Barros Costa; J\u00e9ssica da Silva; Maria teresa dos Santos Monteiro; Patr\u00edcia Dias Borges; Thalyta de Oliveira Inoc\u00eancio; Suyane de Souza<\/td>\n<td width=\"244\">Mikaela Roberto<\/td>\n<td>UFRRJ<\/td>\n<td width=\"126\">O uso do blog na educa\u00e7\u00e3o b\u00e1sica: a inser\u00e7\u00e3o do hipertexto em sala de aula<\/td>\n<\/tr>\n<tr>\n<td width=\"293\">Ilmara Alves da Silva Ribeiro<\/td>\n<td width=\"244\">Ana Ziner<\/td>\n<td>UFRRJ<\/td>\n<td width=\"126\">Literatura surda: uma proposta de an\u00e1lise sobre a cultura surda.<\/td>\n<\/tr>\n<tr>\n<td width=\"293\">Isabel Zopellaro Soares<\/td>\n<td width=\"244\">Mikaela Roberto<\/td>\n<td>UFRRJ<\/td>\n<td width=\"126\">Processos fonol\u00f3gicos: o impacto da oralidade na escrita de alunos do 4\u00ba ano de uma escola privada de Paracambi<\/td>\n<\/tr>\n<tr>\n<td width=\"293\">Jackson Dougla Schmiedek de Oliveira<\/td>\n<td width=\"244\">Fernanda Dias<\/td>\n<td>UFRRJ<\/td>\n<td width=\"126\">Rela\u00e7\u00f5es entre tradu\u00e7\u00e3o e cultura em The Great Gatsby<\/td>\n<\/tr>\n<tr>\n<td width=\"293\">J\u00e9ssica Corr\u00eaa Cavalcante da Silva<\/td>\n<td width=\"244\">Gerson Rodrigues<\/td>\n<td>UFRRJ<\/td>\n<td width=\"126\">Mesclagem de tipologias: um estudo das letras dos Racionais mc\u2019s sob o vi\u00e9s da lingu\u00edstica textual<\/td>\n<\/tr>\n<tr>\n<td width=\"293\">J\u00e9ssica Pimenta Lopes, Suzana Gon\u00e7alves de Freitas; Michele Barbosa Haubrick<\/td>\n<td width=\"244\">Rivia Silveira Fonseca<\/td>\n<td>UFRRJ<\/td>\n<td width=\"126\">Hist\u00f3ria da gram\u00e1tica tradicional: Roma e suas contribui\u00e7\u00f5es<\/td>\n<\/tr>\n<tr>\n<td width=\"293\">J\u00e9ssica Ros\u00e1rio de Siqueira; Pedro Henrique A. P\u00f3voa<\/td>\n<td width=\"244\">Eduardo da Cruz<\/td>\n<td>UFRRJ<\/td>\n<td width=\"126\">Aspectos homoer\u00f3ticos na rela\u00e7\u00e3o entre pintura e poesia na obra &#8220;Um dia de c\u00e3o&#8221; de M\u00e1rio Cesariny<\/td>\n<\/tr>\n<tr>\n<td width=\"293\">Joyce Oliveira dos Santos<\/td>\n<td width=\"244\">Gerson Rodrigues<\/td>\n<td>UFRRJ<\/td>\n<td width=\"126\">O discurso religioso presente na obra dos racionais Mcs: um olhar dos anos 90 aos anos 2000<\/td>\n<\/tr>\n<tr>\n<td width=\"293\">Juliander Silva de Farias; Tatiane Sant\u2019Anna da Silva<\/td>\n<td width=\"244\">Maria do Ros\u00e1rio Roxo<\/td>\n<td>UFRRJ<\/td>\n<td width=\"126\">A metacogni\u00e7\u00e3o no ensino da leitura: a consci\u00eancia do conhecimento em alunos do ensino fundamental<\/td>\n<\/tr>\n<tr>\n<td width=\"293\">Kassio Bruno Duarte da Silva<\/td>\n<td width=\"244\">Andr\u00e9 Ramos<\/td>\n<td>UFRRJ<\/td>\n<td width=\"126\">A Problematiza\u00e7\u00e3o emergente das institui\u00e7\u00f5es modernas do pensamento foucaultiano na obra A Noite de Jos\u00e9 Saramago<\/td>\n<\/tr>\n<tr>\n<td width=\"293\">Larissa de Souza Leite<\/td>\n<td width=\"244\">Rivia Silveira Fonseca<\/td>\n<td>UFRRJ<\/td>\n<td width=\"126\">O romance latino: uma proposta de an\u00e1lise do g\u00eanero a partir de uma abordagem sociodiscursiva<\/td>\n<\/tr>\n<tr>\n<td width=\"293\">Lucas dos Santos Dias<\/td>\n<td width=\"244\">Eduardo da Cruz<\/td>\n<td>UFRRJ\/RGPL<\/td>\n<td width=\"126\">O Rio de Janeiro e os Bailes: Uma vis\u00e3o liter\u00e1ria da vida social da segunda metade do s\u00e9culo XIX nas cr\u00f4nicas de Guimar\u00e3es Jr. no Di\u00e1rio do Rio de Janeiro.<\/td>\n<\/tr>\n<tr>\n<td width=\"293\">Pedro Henrique Almeida P\u00f3voa<\/td>\n<td width=\"244\">Eduardo da Cruz<\/td>\n<td>UFRRJ\/RGPL<\/td>\n<td width=\"126\">Espa\u00e7os f\u00edsicos do Rio de Janeiro como objeto de intera\u00e7\u00e3o e compreens\u00e3o do cotidiano social em A Capital Federal de Coelho Neto<\/td>\n<\/tr>\n<tr>\n<td width=\"293\">Pedro Thiago Santos de Souza<\/td>\n<td width=\"244\">Gabriel Arcanjo Santos Albuquerque<\/td>\n<td>UFAM<\/td>\n<td width=\"126\">De jornalista ao monstro sagrado: Clarice Lispector sob a luz do espa\u00e7o biogr\u00e1fico.<\/td>\n<\/tr>\n<tr>\n<td width=\"293\">Raissa Floriano Batista<\/td>\n<td width=\"244\">Kigenes Simas<\/td>\n<td>UFAM<\/td>\n<td width=\"126\">Astrid Cabral: Clube da madrugada, literatura libert\u00e1ria e democratiza\u00e7\u00e3o da arte<\/td>\n<\/tr>\n<tr>\n<td width=\"293\">Roberta Cardoso de Almeida; Elizangela de Resende Silva; Maianna Aline Pontes Soares; Lucas de Oliveira<\/td>\n<td width=\"244\">Mikaela Roberto<\/td>\n<td>UFRRJ<\/td>\n<td width=\"126\">A no\u00e7\u00e3o de hipertexto nos cursos de Letras da UFRRJ<\/td>\n<\/tr>\n<tr>\n<td width=\"293\">S\u00e9rgio Luis Silva de Abreu<\/td>\n<td width=\"244\">Eduardo da Cruz<\/td>\n<td>UFRRJ\/RGPL<\/td>\n<td width=\"126\">Paulina Campelo na imprensa luso-brasileira da transi\u00e7\u00e3o entre os s\u00e9culos XIX e XX: educa\u00e7\u00e3o e escritas femininas<\/td>\n<\/tr>\n<tr>\n<td width=\"293\">Thain\u00e1 Sarmento Dantas<\/td>\n<td width=\"244\">Eduardo da Cruz<\/td>\n<td>UFRRJ<\/td>\n<td width=\"126\">\u201cA Arr\u00e1bida\u201d e \u201cCaminhante sobre o mar de n\u00e9voa\u201d \u2013 O sublime rom\u00e2ntico do solit\u00e1rio das montanhas ao encontro da felicidade divina<\/td>\n<\/tr>\n<tr>\n<td width=\"293\">Thiago Wallace Rodrigues dos Santos Lopes<\/td>\n<td width=\"244\">Eduardo da Cruz<\/td>\n<td>UFRRJ\/CNPq<\/td>\n<td width=\"126\">O Iris na Imprensa Luso-brasileira do S\u00e9culo XIX<\/td>\n<\/tr>\n<tr>\n<td width=\"293\">Wellton Silva<\/td>\n<td width=\"244\">Rivia Silveira Fonseca<\/td>\n<td>UFRRJ<\/td>\n<td width=\"126\">Folha Mulher\u00a0e a domina\u00e7\u00e3o masculina: uma an\u00e1lise do discurso da m\u00eddia impressa religiosa<\/td>\n<\/tr>\n<\/tbody>\n<\/table>\n<p>&nbsp;<\/p>\n<p>&nbsp;<\/p>\n<p>&nbsp;<\/p>\n<p><strong>\u00a0* COMUNICA\u00c7\u00d5ES<\/strong><\/p>\n<table border=\"1\" width=\"714\">\n<tbody>\n<tr>\n<td style=\"text-align: center\" width=\"334\"><strong>Nome<\/strong><\/td>\n<td style=\"text-align: center\" width=\"153\"><strong>Institui\u00e7\u00e3o<\/strong><\/td>\n<td style=\"text-align: center\" width=\"227\"><strong>T\u00edtulo<\/strong><\/td>\n<\/tr>\n<tr>\n<td width=\"334\">Adonis N\u00f3brega da Silva<\/td>\n<td width=\"153\">UFRJ<\/td>\n<td width=\"227\">Homem comum<\/td>\n<\/tr>\n<tr>\n<td width=\"334\">Alessandra Pinto de Carvalho<\/td>\n<td width=\"153\">UFRRJ<\/td>\n<td width=\"227\">Um estudo sobre a leitura de infogr\u00e1fico e visualiza\u00e7\u00e3o de dados em revistas<\/td>\n<\/tr>\n<tr>\n<td width=\"334\">Alessandro Messias<\/td>\n<td width=\"153\">UERJ<\/td>\n<td width=\"227\">Alfabetiza\u00e7\u00e3o e Letramento: pr\u00e1ticas de leitura no ensino fundamental.<\/td>\n<\/tr>\n<tr>\n<td width=\"334\">Ana Cristina Comandulli<\/td>\n<td width=\"153\">UNIRIO\/RGPL<\/td>\n<td width=\"227\">Ant\u00f3nio Feliciano de Castilho e as mulheres do seu tempo<\/td>\n<\/tr>\n<tr>\n<td width=\"334\">Ana Lucia Farias da Silva<\/td>\n<td width=\"153\">UFRRJ<\/td>\n<td width=\"227\">A Pesquisa em Cogni\u00e7\u00e3o: um andaime para o ensino do texto do g\u00eanero liter\u00e1rio cr\u00f4nica no ensino fundamental<\/td>\n<\/tr>\n<tr>\n<td width=\"334\">Anderson Soares Gomes<\/td>\n<td width=\"153\">UFRRJ<\/td>\n<td width=\"227\">Pol\u00edtica e desumaniza\u00e7\u00e3o em Guerra Mundial Z, de Max Brooks<\/td>\n<\/tr>\n<tr>\n<td width=\"334\">Andreia Alves Monteiro de Castro<\/td>\n<td width=\"153\">UERJ<\/td>\n<td width=\"227\">Os invis\u00edveis de Gerv\u00e1sio Lobato<\/td>\n<\/tr>\n<tr>\n<td width=\"334\">Bruno Lima Oliveira<\/td>\n<td width=\"153\">UERJ<\/td>\n<td width=\"227\">Cr\u00f4nica da casa assassinada e o deslocamento do sujeito em rede<\/td>\n<\/tr>\n<tr>\n<td width=\"334\">Erivelto da Silva Reis<\/td>\n<td width=\"153\">UFRJ\/FIC-RJ\/SEEDUC-RJ<\/td>\n<td width=\"227\">A Po\u00e9tica do Devaneio na obra R\u00e1pida, a sombra de Verg\u00edlio Ferreira: um ensaio<\/td>\n<\/tr>\n<tr>\n<td width=\"334\">Erivelto da Silva Reis<\/td>\n<td width=\"153\">UFRJ\/FIC-RJ\/SEEDUC-RJ<\/td>\n<td width=\"227\">A Sagra\u00e7\u00e3o da Primavera: Nijinski, Stravinski e a (des)ilus\u00e3o da arte no s\u00e9culo XX<\/td>\n<\/tr>\n<tr>\n<td width=\"334\">Fabiana Bazilio Farias<\/td>\n<td width=\"153\">UERJ<\/td>\n<td width=\"227\">Escrita breve e visualidade: rela\u00e7\u00f5es entre imagem e microfic\u00e7\u00e3o<\/td>\n<\/tr>\n<tr>\n<td width=\"334\">Jefferson Evaristo do Nascimento Silva<\/td>\n<td width=\"153\">UFRJ<\/td>\n<td width=\"227\">Materiais did\u00e1ticos para a aula de LE: sequ\u00eancia did\u00e1tica e algumas considera\u00e7\u00f5es a partir do Interacionismo S\u00f3cio-Discursivo<\/td>\n<\/tr>\n<tr>\n<td width=\"334\">Jo\u00e3o Olinto Trindade Junior<\/td>\n<td width=\"153\">UFRRJ\/CTUR<\/td>\n<td width=\"227\">Do Colonial ao P\u00f3s-Colonial &#8211; A Tradi\u00e7\u00e3o do Conto Liter\u00e1rio Mo\u00e7ambicano<\/td>\n<\/tr>\n<tr>\n<td width=\"334\">Julianna Bonfim<\/td>\n<td width=\"153\">UERJ\/RGPL<\/td>\n<td width=\"227\">A. P. Lopes de Mendon\u00e7a: uma cabe\u00e7a pol\u00edtica<\/td>\n<\/tr>\n<tr>\n<td width=\"334\">Leda Marques Loth<\/td>\n<td width=\"153\">UFRRJ<\/td>\n<td width=\"227\">As regularidades fonogr\u00e1ficas morfol\u00f3gicas: aspectos pedag\u00f3gicos<\/td>\n<\/tr>\n<tr>\n<td width=\"334\">L\u00edlia Alves Britto<\/td>\n<td width=\"153\">UERJ<\/td>\n<td width=\"227\">O g\u00eanero resumo e a (des)constru\u00e7\u00e3o de sentidos<\/td>\n<\/tr>\n<tr>\n<td width=\"334\">Luciana Morais da Silva<\/td>\n<td width=\"153\">UERJ<\/td>\n<td width=\"227\">O fant\u00e1stico em Murilo Rubi\u00e3o e M\u00e1rio de Carvalho<\/td>\n<\/tr>\n<tr>\n<td width=\"334\">Lucio Lugao de Macedo<\/td>\n<td width=\"153\">UFRRJ<\/td>\n<td width=\"227\">Reflex\u00f5es sobre o ensino de Libras na UFRRJ<\/td>\n<\/tr>\n<tr>\n<td width=\"334\">Luiza Rodrigues Chapper<\/td>\n<td width=\"153\">UFRJ<\/td>\n<td width=\"227\">Por uma hist\u00f3ria do texto dram\u00e1tico brasileiro<\/td>\n<\/tr>\n<tr>\n<td width=\"334\">Mara\u00edsa Gabriela de Faria<\/td>\n<td width=\"153\">UERJ<\/td>\n<td width=\"227\">Onde a cr\u00edtica p\u00f5e o nariz: a obra folhetinesca de Alu\u00edsio Azevedo<\/td>\n<\/tr>\n<tr>\n<td width=\"334\">Marcos Pasche<\/td>\n<td width=\"153\">UFRRJ<\/td>\n<td width=\"227\">A Proclama\u00e7\u00e3o da Rep\u00fablica do Jogo do Bicho<\/td>\n<\/tr>\n<tr>\n<td width=\"334\">Maria Cl\u00e1udia Ribeiro de Andrade Siqueira<\/td>\n<td width=\"153\">UFF<\/td>\n<td width=\"227\">Os mecanismos argumentativos em um lide de livro did\u00e1tico de 9o.ano<\/td>\n<\/tr>\n<tr>\n<td width=\"334\">Maria do Rosario Roxo<\/td>\n<td width=\"153\">UFRRJ<\/td>\n<td width=\"227\">Pesquisa em cogni\u00e7\u00e3o e ensino da leitura no manual did\u00e1tico<\/td>\n<\/tr>\n<tr>\n<td width=\"334\">Maria do Rosario Roxo; Carlos Emnanoel Ferreira Fran\u00e7a; Nayara Helenn Carvalho dos Santos<\/td>\n<td width=\"153\">UFRRJ<\/td>\n<td width=\"227\">Pesquisa em metacogni\u00e7\u00e3o no trabalho de compreens\u00e3o de texto<\/td>\n<\/tr>\n<tr>\n<td width=\"334\">Michele Cristine Silva de Sousa<\/td>\n<td width=\"153\">UFRRJ<\/td>\n<td width=\"227\">Webquest: uma proposta para o ensino de L\u00edngua Portuguesa<\/td>\n<\/tr>\n<tr>\n<td width=\"334\">M\u00f4nica da Silva Francisco<\/td>\n<td width=\"153\">UFRRJ<\/td>\n<td width=\"227\">A palavra na arte-educa\u00e7\u00e3o<\/td>\n<\/tr>\n<tr>\n<td width=\"334\">M\u00f4nica Paula de Lima Cabral<\/td>\n<td width=\"153\">UVA\/FAETEC<\/td>\n<td width=\"227\">A forma\u00e7\u00e3o do professor para o uso das Novas Tecnologias da Informa\u00e7\u00e3o e da Comunica\u00e7\u00e3o (NTIC): um estudo de caso na cidade de Cabo Frio \u2013 RJ<\/td>\n<\/tr>\n<tr>\n<td width=\"334\">Raquel Haua Alves; Ros\u00e2ngela Haua<\/td>\n<td width=\"153\">UFRJ<\/td>\n<td width=\"227\">Narrativas escritas e digitais na escola: tend\u00eancias e relev\u00e2ncias<\/td>\n<\/tr>\n<tr>\n<td width=\"334\">Regina L\u00facia de Faria<\/td>\n<td width=\"153\">UFRRJ<\/td>\n<td width=\"227\">Machado de Assis, cr\u00edtico liter\u00e1rio<\/td>\n<\/tr>\n<tr>\n<td width=\"334\">Renata de Souza Gomes; Daniele Brant de Moraes, Jaqueline Batista da Silva, Maria Cristina Diogo Victorino de Azevedo, Tamires Nunes da Silva, Vanessa Rodrigues de Souza<\/td>\n<td width=\"153\">FEUC<\/td>\n<td width=\"227\">Elaborando e repensando sobre o material did\u00e1tico para ESP dentro do projeto PIBID-FEUC<\/td>\n<\/tr>\n<tr>\n<td width=\"334\">Renato Pazos Vazquez<\/td>\n<td width=\"153\">UFRRJ\/CTUR<\/td>\n<td width=\"227\">O cinema como proposta intercultural nas aulas de E\/LE<\/td>\n<\/tr>\n<tr>\n<td width=\"334\">Tha\u00eds Bartolomeu Barcellos<\/td>\n<td width=\"153\">UFF<\/td>\n<td width=\"227\">Reflex\u00f5es sobre Morte e Ci\u00eancia nas cr\u00f4nicas de Machado de Assis<\/td>\n<\/tr>\n<tr>\n<td width=\"334\">\u00a0<\/td>\n<td width=\"153\">\u00a0<\/td>\n<td width=\"227\">\u00a0<\/td>\n<\/tr>\n<tr>\n<td width=\"334\">Vanessa Cianconi<\/td>\n<td width=\"153\">UFRRJ<\/td>\n<td width=\"227\">Terror, medo e a possibilidade do diabo em A Bright Room Called Day, de Tony Kushner<\/td>\n<\/tr>\n<tr>\n<td width=\"334\">Vitor da Cunha Gomes<\/td>\n<td width=\"153\">UFRJ<\/td>\n<td width=\"227\">A Evas\u00e3o dos alunos de Letras Portugu\u00eas\/Italiano nas Universidades do Estado do Rio de Janeiro<\/td>\n<\/tr>\n<\/tbody>\n<\/table>\n<p>&nbsp;<\/p>\n<p><strong>* COMUNICA\u00c7\u00d5ES COORDENADAS<\/strong><\/p>\n<table border=\"1\" width=\"714\">\n<tbody>\n<tr>\n<td style=\"text-align: center\" width=\"64\"><strong>1<\/strong><\/td>\n<td style=\"text-align: center\" width=\"442\"><strong>As Constru\u00e7\u00f5es Gramaticais do Portugu\u00eas do Brasil: estudos sob o vi\u00e9s cognitivista<\/strong><\/td>\n<td style=\"text-align: center\" width=\"343\"><strong>T\u00edtulo<\/strong><\/td>\n<\/tr>\n<tr>\n<td width=\"442\">Roza Maria Palomanes Ribeiro<\/td>\n<td>UFRRJ<\/td>\n<td width=\"343\">A Constru\u00e7\u00e3o de movimento-causado do Portugu\u00eas do Brasil e suas rela\u00e7\u00f5es metaf\u00f3ricas com a constru\u00e7\u00e3o resultativa.<\/td>\n<\/tr>\n<tr>\n<td width=\"442\">Fernanda da Silva \u00a0Ribeiro<\/td>\n<td>UFRRJ<\/td>\n<td width=\"343\">Constru\u00e7\u00f5es de Estrutura Argumental na perspectiva da Gram\u00e1tica das Constru\u00e7\u00f5es<\/td>\n<\/tr>\n<tr>\n<td width=\"442\">Patr\u00edcia Oliveira de Freitas<\/td>\n<td>UFRRJ<\/td>\n<td width=\"343\">Uma interface entre a constru\u00e7\u00e3o com o verbo virar, a met\u00e1fora e a meton\u00edmia nas constru\u00e7\u00f5es Resultativas do Portugu\u00eas<\/td>\n<\/tr>\n<tr>\n<td style=\"text-align: center\"><strong>2<\/strong><\/td>\n<td style=\"text-align: center\" width=\"442\"><strong>Letramento escolar e acad\u00eamico: da varia\u00e7\u00e3o para a conscientiza\u00e7\u00e3o<\/strong><\/td>\n<td style=\"text-align: center\" width=\"343\"><strong>T\u00edtulo<\/strong><\/td>\n<\/tr>\n<tr>\n<td width=\"442\">\u00c2ngela Marina Bravin dos Santos<\/td>\n<td>UFRRJ<\/td>\n<td width=\"343\">O uso consciente das formas variantes de indeterminar o sujeito: uma proposta para o letramento acad\u00eamico<\/td>\n<\/tr>\n<tr>\n<td width=\"442\">Cristiane Alves de Lima Cardoso<\/td>\n<td>UFRRJ<\/td>\n<td width=\"343\">Concord\u00e2ncia verbal de primeira pessoa do plural por alunos de sexto ano: estudo e proposta de interven\u00e7\u00e3o pedag\u00f3gica<\/td>\n<\/tr>\n<tr>\n<td style=\"text-align: center\"><strong>3<\/strong><\/td>\n<td style=\"text-align: center\" width=\"442\"><strong>Ensino de L\u00edngua e de Literaturas &#8211; Propostas e Reflex\u00f5es<\/strong><\/td>\n<td style=\"text-align: center\" width=\"343\"><strong>T\u00edtulo<\/strong><\/td>\n<\/tr>\n<tr>\n<td width=\"442\">F\u00e1bio Andr\u00e9 Coelho<\/td>\n<td>UFRRJ<\/td>\n<td width=\"343\">Por uma educa\u00e7\u00e3o lingu\u00edstica: o samba e a forma\u00e7\u00e3o da cidadania.<\/td>\n<\/tr>\n<tr>\n<td width=\"442\">Wesley Machado<\/td>\n<td>UFRRJ<\/td>\n<td width=\"343\">Morte e vida severina e Faroeste caboclo: o encontro de duas trajet\u00f3rias? &#8211; Reflex\u00f5es para o ensino de Literatura.<\/td>\n<\/tr>\n<tr>\n<td width=\"442\">Carmen Pimentel<\/td>\n<td>UFRRJ<\/td>\n<td width=\"343\">Literatura nas m\u00eddias digitais<\/td>\n<\/tr>\n<tr>\n<td style=\"text-align: center\"><strong>4<\/strong><\/td>\n<td style=\"text-align: center\" width=\"442\"><strong>A for\u00e7a do perif\u00e9rico: releituras do imagin\u00e1rio em Ondjaki, Br\u00e1ulio Tavares, Mia Couto e Guimar\u00e3es Rosa<\/strong><\/td>\n<td style=\"text-align: center\" width=\"343\"><strong>T\u00edtulo<\/strong><\/td>\n<\/tr>\n<tr>\n<td width=\"442\">Andr\u00e9 Carneiro Ramos<\/td>\n<td width=\"64\">UFRRJ<\/td>\n<td width=\"343\">Se n\u00e3o houvesse luz?: redefini\u00e7\u00f5es p\u00f3s-coloniais em &#8220;Uma escurid\u00e3o bonita&#8221;, de Ondjaki<\/td>\n<\/tr>\n<tr>\n<td width=\"442\">Karla Menezes Lopes Niels<\/td>\n<td width=\"64\">UERJ\/UFF<\/td>\n<td width=\"343\">Fant\u00e1stico e mito: leitura de Sete monstros brasileiros, de Br\u00e1ulio Tavares<\/td>\n<\/tr>\n<tr>\n<td width=\"442\">Carlos Emanoel Ferreira Fran\u00e7a<\/td>\n<td width=\"64\">UFRRJ<\/td>\n<td width=\"343\">Guimar\u00e3es Rosa e Mia Couto: um di\u00e1logo entre &#8220;Famigerado&#8221; e &#8220;Os p\u00e1ssaros de Deus&#8221;<\/td>\n<\/tr>\n<\/tbody>\n<\/table>\n","protected":false},"excerpt":{"rendered":"<p>Inscri\u00e7\u00f5es de trabalhos aceitas (Em caso de d\u00favidas, entrar em contato pelo email semanadeletras@ufrrj.br) * P\u00d4STERES Apresentadores Orientadores Institui\u00e7\u00e3o T\u00edtulo Adriana Soares [&hellip;]<\/p>\n","protected":false},"author":15,"featured_media":0,"parent":0,"menu_order":0,"comment_status":"closed","ping_status":"closed","template":"","meta":{"_acf_changed":false,"ngg_post_thumbnail":0,"footnotes":""},"tags":[],"class_list":["post-146","page","type-page","status-publish","hentry"],"acf":[],"yoast_head":"<!-- This site is optimized with the Yoast SEO plugin v27.5 - https:\/\/yoast.com\/product\/yoast-seo-wordpress\/ -->\n<title>Inscri\u00e7\u00f5es Aceitas - V Semana de Letras - UFRRJ<\/title>\n<meta name=\"robots\" content=\"index, follow, max-snippet:-1, max-image-preview:large, max-video-preview:-1\" \/>\n<link rel=\"canonical\" href=\"https:\/\/eventos.ufrrj.br\/semana-de-letras\/inscricoes-aceitas\/\" \/>\n<meta property=\"og:locale\" content=\"pt_BR\" \/>\n<meta property=\"og:type\" content=\"article\" \/>\n<meta property=\"og:title\" content=\"Inscri\u00e7\u00f5es Aceitas - V Semana de Letras - UFRRJ\" \/>\n<meta property=\"og:description\" content=\"Inscri\u00e7\u00f5es de trabalhos aceitas (Em caso de d\u00favidas, entrar em contato pelo email semanadeletras@ufrrj.br) * P\u00d4STERES Apresentadores Orientadores Institui\u00e7\u00e3o T\u00edtulo Adriana Soares [&hellip;]\" \/>\n<meta property=\"og:url\" content=\"https:\/\/eventos.ufrrj.br\/semana-de-letras\/inscricoes-aceitas\/\" \/>\n<meta property=\"og:site_name\" content=\"V Semana de Letras - UFRRJ\" \/>\n<meta property=\"article:modified_time\" content=\"2014-10-07T16:37:59+00:00\" \/>\n<meta name=\"twitter:card\" content=\"summary_large_image\" \/>\n<meta name=\"twitter:label1\" content=\"Est. tempo de leitura\" \/>\n\t<meta name=\"twitter:data1\" content=\"7 minutos\" \/>\n<script type=\"application\/ld+json\" class=\"yoast-schema-graph\">{\"@context\":\"https:\\\/\\\/schema.org\",\"@graph\":[{\"@type\":\"WebPage\",\"@id\":\"https:\\\/\\\/eventos.ufrrj.br\\\/semana-de-letras\\\/inscricoes-aceitas\\\/\",\"url\":\"https:\\\/\\\/eventos.ufrrj.br\\\/semana-de-letras\\\/inscricoes-aceitas\\\/\",\"name\":\"Inscri\u00e7\u00f5es Aceitas - V Semana de Letras - UFRRJ\",\"isPartOf\":{\"@id\":\"https:\\\/\\\/eventos.ufrrj.br\\\/semana-de-letras\\\/#website\"},\"datePublished\":\"2014-10-06T12:39:54+00:00\",\"dateModified\":\"2014-10-07T16:37:59+00:00\",\"breadcrumb\":{\"@id\":\"https:\\\/\\\/eventos.ufrrj.br\\\/semana-de-letras\\\/inscricoes-aceitas\\\/#breadcrumb\"},\"inLanguage\":\"pt-BR\",\"potentialAction\":[{\"@type\":\"ReadAction\",\"target\":[\"https:\\\/\\\/eventos.ufrrj.br\\\/semana-de-letras\\\/inscricoes-aceitas\\\/\"]}]},{\"@type\":\"BreadcrumbList\",\"@id\":\"https:\\\/\\\/eventos.ufrrj.br\\\/semana-de-letras\\\/inscricoes-aceitas\\\/#breadcrumb\",\"itemListElement\":[{\"@type\":\"ListItem\",\"position\":1,\"name\":\"In\u00edcio\",\"item\":\"https:\\\/\\\/eventos.ufrrj.br\\\/semana-de-letras\\\/\"},{\"@type\":\"ListItem\",\"position\":2,\"name\":\"Inscri\u00e7\u00f5es Aceitas\"}]},{\"@type\":\"WebSite\",\"@id\":\"https:\\\/\\\/eventos.ufrrj.br\\\/semana-de-letras\\\/#website\",\"url\":\"https:\\\/\\\/eventos.ufrrj.br\\\/semana-de-letras\\\/\",\"name\":\"V Semana de Letras - UFRRJ\",\"description\":\"V Semana de Letras - UFRRJ\",\"potentialAction\":[{\"@type\":\"SearchAction\",\"target\":{\"@type\":\"EntryPoint\",\"urlTemplate\":\"https:\\\/\\\/eventos.ufrrj.br\\\/semana-de-letras\\\/?s={search_term_string}\"},\"query-input\":{\"@type\":\"PropertyValueSpecification\",\"valueRequired\":true,\"valueName\":\"search_term_string\"}}],\"inLanguage\":\"pt-BR\"}]}<\/script>\n<!-- \/ Yoast SEO plugin. -->","yoast_head_json":{"title":"Inscri\u00e7\u00f5es Aceitas - V Semana de Letras - UFRRJ","robots":{"index":"index","follow":"follow","max-snippet":"max-snippet:-1","max-image-preview":"max-image-preview:large","max-video-preview":"max-video-preview:-1"},"canonical":"https:\/\/eventos.ufrrj.br\/semana-de-letras\/inscricoes-aceitas\/","og_locale":"pt_BR","og_type":"article","og_title":"Inscri\u00e7\u00f5es Aceitas - V Semana de Letras - UFRRJ","og_description":"Inscri\u00e7\u00f5es de trabalhos aceitas (Em caso de d\u00favidas, entrar em contato pelo email semanadeletras@ufrrj.br) * P\u00d4STERES Apresentadores Orientadores Institui\u00e7\u00e3o T\u00edtulo Adriana Soares [&hellip;]","og_url":"https:\/\/eventos.ufrrj.br\/semana-de-letras\/inscricoes-aceitas\/","og_site_name":"V Semana de Letras - UFRRJ","article_modified_time":"2014-10-07T16:37:59+00:00","twitter_card":"summary_large_image","twitter_misc":{"Est. tempo de leitura":"7 minutos"},"schema":{"@context":"https:\/\/schema.org","@graph":[{"@type":"WebPage","@id":"https:\/\/eventos.ufrrj.br\/semana-de-letras\/inscricoes-aceitas\/","url":"https:\/\/eventos.ufrrj.br\/semana-de-letras\/inscricoes-aceitas\/","name":"Inscri\u00e7\u00f5es Aceitas - V Semana de Letras - UFRRJ","isPartOf":{"@id":"https:\/\/eventos.ufrrj.br\/semana-de-letras\/#website"},"datePublished":"2014-10-06T12:39:54+00:00","dateModified":"2014-10-07T16:37:59+00:00","breadcrumb":{"@id":"https:\/\/eventos.ufrrj.br\/semana-de-letras\/inscricoes-aceitas\/#breadcrumb"},"inLanguage":"pt-BR","potentialAction":[{"@type":"ReadAction","target":["https:\/\/eventos.ufrrj.br\/semana-de-letras\/inscricoes-aceitas\/"]}]},{"@type":"BreadcrumbList","@id":"https:\/\/eventos.ufrrj.br\/semana-de-letras\/inscricoes-aceitas\/#breadcrumb","itemListElement":[{"@type":"ListItem","position":1,"name":"In\u00edcio","item":"https:\/\/eventos.ufrrj.br\/semana-de-letras\/"},{"@type":"ListItem","position":2,"name":"Inscri\u00e7\u00f5es Aceitas"}]},{"@type":"WebSite","@id":"https:\/\/eventos.ufrrj.br\/semana-de-letras\/#website","url":"https:\/\/eventos.ufrrj.br\/semana-de-letras\/","name":"V Semana de Letras - UFRRJ","description":"V Semana de Letras - UFRRJ","potentialAction":[{"@type":"SearchAction","target":{"@type":"EntryPoint","urlTemplate":"https:\/\/eventos.ufrrj.br\/semana-de-letras\/?s={search_term_string}"},"query-input":{"@type":"PropertyValueSpecification","valueRequired":true,"valueName":"search_term_string"}}],"inLanguage":"pt-BR"}]}},"_links":{"self":[{"href":"https:\/\/eventos.ufrrj.br\/semana-de-letras\/wp-json\/wp\/v2\/pages\/146","targetHints":{"allow":["GET"]}}],"collection":[{"href":"https:\/\/eventos.ufrrj.br\/semana-de-letras\/wp-json\/wp\/v2\/pages"}],"about":[{"href":"https:\/\/eventos.ufrrj.br\/semana-de-letras\/wp-json\/wp\/v2\/types\/page"}],"author":[{"embeddable":true,"href":"https:\/\/eventos.ufrrj.br\/semana-de-letras\/wp-json\/wp\/v2\/users\/15"}],"replies":[{"embeddable":true,"href":"https:\/\/eventos.ufrrj.br\/semana-de-letras\/wp-json\/wp\/v2\/comments?post=146"}],"version-history":[{"count":14,"href":"https:\/\/eventos.ufrrj.br\/semana-de-letras\/wp-json\/wp\/v2\/pages\/146\/revisions"}],"predecessor-version":[{"id":166,"href":"https:\/\/eventos.ufrrj.br\/semana-de-letras\/wp-json\/wp\/v2\/pages\/146\/revisions\/166"}],"wp:attachment":[{"href":"https:\/\/eventos.ufrrj.br\/semana-de-letras\/wp-json\/wp\/v2\/media?parent=146"}],"wp:term":[{"taxonomy":"post_tag","embeddable":true,"href":"https:\/\/eventos.ufrrj.br\/semana-de-letras\/wp-json\/wp\/v2\/tags?post=146"}],"curies":[{"name":"wp","href":"https:\/\/api.w.org\/{rel}","templated":true}]}}