{"id":2,"date":"2017-03-29T16:30:15","date_gmt":"2017-03-29T19:30:15","guid":{"rendered":"http:\/\/eventos.ufrrj.br\/sapsi\/?page_id=2"},"modified":"2017-04-19T20:43:11","modified_gmt":"2017-04-19T23:43:11","slug":"pagina-exemplo","status":"publish","type":"page","link":"https:\/\/eventos.ufrrj.br\/sapsi\/pagina-exemplo\/","title":{"rendered":"A PROPOSTA"},"content":{"rendered":"<p>A relev\u00e2ncia das Semanas Acad\u00eamicas nos cursos de gradua\u00e7\u00e3o j\u00e1 est\u00e1 mais que assegurada. Esses eventos s\u00e3o vastos campos de oportunidades de troca entre profissionais, discentes, o corpo docente da institui\u00e7\u00e3o e at\u00e9 mesmo os profissionais de \u00e1reas afins.<br \/>\nPor isso, mais uma vez o curso de Psicologia da Universidade Federal Rural do Rio de Janeiro promove sua Semana Acad\u00eamica, j\u00e1 na quinta edi\u00e7\u00e3o, trazendo um tema com reverbera\u00e7\u00f5es pol\u00edticas: \u201cAs novas demandas sociais e a atua\u00e7\u00e3o da Psicologia\u201d.<br \/>\nA forma\u00e7\u00e3o do psic\u00f3logo o habilita a atuar em qualquer uma das \u00e1reas da Psicologia, descritas na Resolu\u00e7\u00e3o CFP 13\/2007, sendo elas: Psicologia Escolar\/Educacional; Psicologia Organizacional e do Trabalho; Psicologia de Tr\u00e2nsito; Psicologia Jur\u00eddica; Psicologia do Esporte; Psicologia Cl\u00ednica; Psicologia Hospitalar; Psicopedagogia; Psicomotricidade; Psicologia Social; Neuropsicologia.<br \/>\nO psic\u00f3logo pode trabalhar em qualquer uma das \u00e1reas. Contudo, cada uma apresenta especificidades, de acordo com o local em que o(a) mesmo(a) exerce sua profiss\u00e3o, ou seja, existe uma descri\u00e7\u00e3o de atividades espec\u00edficas para o(a) psic\u00f3logo(a) que trabalha em uma escola, ou em uma empresa, ou no consult\u00f3rio cl\u00ednico, ou na assist\u00eancia social, etc.<br \/>\nEntende-se, no entanto, que atua\u00e7\u00e3o do profissional de Psicologia n\u00e3o se limita de forma t\u00e3o r\u00edgida a cat\u00e1logos que indiquem com precis\u00e3o todos os caminhos a serem seguidos. Em um pa\u00eds que passa por uma centena de instabilidades sociais, pol\u00edticas, econ\u00f4micas e outras tantas vari\u00e1veis de ordem social, \u00e9 necess\u00e1rio, muitas vezes, sair da zona de conforto e entender novos meios de abordar demandas ainda pouco conhecidas.<br \/>\nA <strong>V Semana Acad\u00eamica de Psicologia da UFRRJ<\/strong>, portanto, prop\u00f5e a discuss\u00e3o desse novo tipo de olhar, desse <em>approach<\/em> ao pouco conhecido, \u00e0s novas demandas que nosso campo de atua\u00e7\u00e3o traz de tempos em tempos. A discuss\u00e3o desses temas \u00e9 fundamental tanto para estudantes que entrar\u00e3o em contato com essas exig\u00eancias em seus est\u00e1gios e quando atuando profissionalmente, quanto para os profissionais j\u00e1 em exerc\u00edcio, que se deparam frequentemente com situa\u00e7\u00f5es que lhes exige um olhar diferenciado e criativo.<br \/>\nA V edi\u00e7\u00e3o da SAPSI, ent\u00e3o, traz debates, rodas de conversa, grupos de oficinas e outras atividades que trar\u00e3o luz acerca do tema proposto.<br \/>\nA Semana Acad\u00eamica de Psicologia ocorrer\u00e1 entre nos dias 08, 09, 10, 11 e 12 de Maio de 2017 no Sal\u00e3o Azul (P1) do campus de Serop\u00e9dica da Universidade Federal Rural do Rio de Janeiro. Ser\u00e1 um evento totalmente <strong>gratuito<\/strong>.<br \/>\nVenha construir conhecimento conosco!<\/p>\n<p><img loading=\"lazy\" decoding=\"async\" class=\" wp-image-80 aligncenter\" src=\"http:\/\/eventos.ufrrj.br\/sapsi\/files\/2017\/03\/SAPSI-foto-fb-300x300.png\" alt=\"\" width=\"177\" height=\"177\" srcset=\"https:\/\/eventos.ufrrj.br\/sapsi\/files\/2017\/03\/SAPSI-foto-fb-300x300.png 300w, https:\/\/eventos.ufrrj.br\/sapsi\/files\/2017\/03\/SAPSI-foto-fb-150x150.png 150w, https:\/\/eventos.ufrrj.br\/sapsi\/files\/2017\/03\/SAPSI-foto-fb-100x100.png 100w, https:\/\/eventos.ufrrj.br\/sapsi\/files\/2017\/03\/SAPSI-foto-fb.png 640w\" sizes=\"auto, (max-width: 177px) 100vw, 177px\" \/><\/p>\n","protected":false},"excerpt":{"rendered":"<p>A relev\u00e2ncia das Semanas Acad\u00eamicas nos cursos de gradua\u00e7\u00e3o j\u00e1 est\u00e1 mais que assegurada. Esses eventos s\u00e3o vastos campos de oportunidades de [&hellip;]<\/p>\n","protected":false},"author":29,"featured_media":0,"parent":0,"menu_order":0,"comment_status":"closed","ping_status":"open","template":"","meta":{"_acf_changed":false,"footnotes":""},"tags":[],"class_list":["post-2","page","type-page","status-publish","hentry"],"acf":[],"yoast_head":"<!-- This site is optimized with the Yoast SEO plugin v27.5 - https:\/\/yoast.com\/product\/yoast-seo-wordpress\/ -->\n<title>A PROPOSTA - Semana Acad\u00eamica de Psicologia<\/title>\n<meta name=\"robots\" content=\"index, follow, max-snippet:-1, max-image-preview:large, max-video-preview:-1\" \/>\n<link rel=\"canonical\" href=\"https:\/\/eventos.ufrrj.br\/sapsi\/pagina-exemplo\/\" \/>\n<meta property=\"og:locale\" content=\"pt_BR\" \/>\n<meta property=\"og:type\" content=\"article\" \/>\n<meta property=\"og:title\" content=\"A PROPOSTA - Semana Acad\u00eamica de Psicologia\" \/>\n<meta property=\"og:description\" content=\"A relev\u00e2ncia das Semanas Acad\u00eamicas nos cursos de gradua\u00e7\u00e3o j\u00e1 est\u00e1 mais que assegurada. Esses eventos s\u00e3o vastos campos de oportunidades de [&hellip;]\" \/>\n<meta property=\"og:url\" content=\"https:\/\/eventos.ufrrj.br\/sapsi\/pagina-exemplo\/\" \/>\n<meta property=\"og:site_name\" content=\"Semana Acad\u00eamica de Psicologia\" \/>\n<meta property=\"article:modified_time\" content=\"2017-04-19T23:43:11+00:00\" \/>\n<meta property=\"og:image\" content=\"https:\/\/eventos.ufrrj.br\/sapsi\/files\/2017\/03\/SAPSI-foto-fb.png\" \/>\n\t<meta property=\"og:image:width\" content=\"640\" \/>\n\t<meta property=\"og:image:height\" content=\"640\" \/>\n\t<meta property=\"og:image:type\" content=\"image\/png\" \/>\n<meta name=\"twitter:card\" content=\"summary_large_image\" \/>\n<meta name=\"twitter:label1\" content=\"Est. tempo de leitura\" \/>\n\t<meta name=\"twitter:data1\" content=\"2 minutos\" \/>\n<script type=\"application\/ld+json\" class=\"yoast-schema-graph\">{\"@context\":\"https:\\\/\\\/schema.org\",\"@graph\":[{\"@type\":\"WebPage\",\"@id\":\"https:\\\/\\\/eventos.ufrrj.br\\\/sapsi\\\/pagina-exemplo\\\/\",\"url\":\"https:\\\/\\\/eventos.ufrrj.br\\\/sapsi\\\/pagina-exemplo\\\/\",\"name\":\"A PROPOSTA - Semana Acad\u00eamica de Psicologia\",\"isPartOf\":{\"@id\":\"https:\\\/\\\/eventos.ufrrj.br\\\/sapsi\\\/#website\"},\"primaryImageOfPage\":{\"@id\":\"https:\\\/\\\/eventos.ufrrj.br\\\/sapsi\\\/pagina-exemplo\\\/#primaryimage\"},\"image\":{\"@id\":\"https:\\\/\\\/eventos.ufrrj.br\\\/sapsi\\\/pagina-exemplo\\\/#primaryimage\"},\"thumbnailUrl\":\"http:\\\/\\\/eventos.ufrrj.br\\\/sapsi\\\/files\\\/2017\\\/03\\\/SAPSI-foto-fb-300x300.png\",\"datePublished\":\"2017-03-29T19:30:15+00:00\",\"dateModified\":\"2017-04-19T23:43:11+00:00\",\"breadcrumb\":{\"@id\":\"https:\\\/\\\/eventos.ufrrj.br\\\/sapsi\\\/pagina-exemplo\\\/#breadcrumb\"},\"inLanguage\":\"pt-BR\",\"potentialAction\":[{\"@type\":\"ReadAction\",\"target\":[\"https:\\\/\\\/eventos.ufrrj.br\\\/sapsi\\\/pagina-exemplo\\\/\"]}]},{\"@type\":\"ImageObject\",\"inLanguage\":\"pt-BR\",\"@id\":\"https:\\\/\\\/eventos.ufrrj.br\\\/sapsi\\\/pagina-exemplo\\\/#primaryimage\",\"url\":\"https:\\\/\\\/eventos.ufrrj.br\\\/sapsi\\\/files\\\/2017\\\/03\\\/SAPSI-foto-fb.png\",\"contentUrl\":\"https:\\\/\\\/eventos.ufrrj.br\\\/sapsi\\\/files\\\/2017\\\/03\\\/SAPSI-foto-fb.png\",\"width\":640,\"height\":640},{\"@type\":\"BreadcrumbList\",\"@id\":\"https:\\\/\\\/eventos.ufrrj.br\\\/sapsi\\\/pagina-exemplo\\\/#breadcrumb\",\"itemListElement\":[{\"@type\":\"ListItem\",\"position\":1,\"name\":\"In\u00edcio\",\"item\":\"https:\\\/\\\/eventos.ufrrj.br\\\/sapsi\\\/\"},{\"@type\":\"ListItem\",\"position\":2,\"name\":\"A PROPOSTA\"}]},{\"@type\":\"WebSite\",\"@id\":\"https:\\\/\\\/eventos.ufrrj.br\\\/sapsi\\\/#website\",\"url\":\"https:\\\/\\\/eventos.ufrrj.br\\\/sapsi\\\/\",\"name\":\"Semana Acad\u00eamica de Psicologia\",\"description\":\"S\u00f3 mais um site Eventos da UFRRJ \",\"potentialAction\":[{\"@type\":\"SearchAction\",\"target\":{\"@type\":\"EntryPoint\",\"urlTemplate\":\"https:\\\/\\\/eventos.ufrrj.br\\\/sapsi\\\/?s={search_term_string}\"},\"query-input\":{\"@type\":\"PropertyValueSpecification\",\"valueRequired\":true,\"valueName\":\"search_term_string\"}}],\"inLanguage\":\"pt-BR\"}]}<\/script>\n<!-- \/ Yoast SEO plugin. -->","yoast_head_json":{"title":"A PROPOSTA - Semana Acad\u00eamica de Psicologia","robots":{"index":"index","follow":"follow","max-snippet":"max-snippet:-1","max-image-preview":"max-image-preview:large","max-video-preview":"max-video-preview:-1"},"canonical":"https:\/\/eventos.ufrrj.br\/sapsi\/pagina-exemplo\/","og_locale":"pt_BR","og_type":"article","og_title":"A PROPOSTA - Semana Acad\u00eamica de Psicologia","og_description":"A relev\u00e2ncia das Semanas Acad\u00eamicas nos cursos de gradua\u00e7\u00e3o j\u00e1 est\u00e1 mais que assegurada. Esses eventos s\u00e3o vastos campos de oportunidades de [&hellip;]","og_url":"https:\/\/eventos.ufrrj.br\/sapsi\/pagina-exemplo\/","og_site_name":"Semana Acad\u00eamica de Psicologia","article_modified_time":"2017-04-19T23:43:11+00:00","og_image":[{"width":640,"height":640,"url":"https:\/\/eventos.ufrrj.br\/sapsi\/files\/2017\/03\/SAPSI-foto-fb.png","type":"image\/png"}],"twitter_card":"summary_large_image","twitter_misc":{"Est. tempo de leitura":"2 minutos"},"schema":{"@context":"https:\/\/schema.org","@graph":[{"@type":"WebPage","@id":"https:\/\/eventos.ufrrj.br\/sapsi\/pagina-exemplo\/","url":"https:\/\/eventos.ufrrj.br\/sapsi\/pagina-exemplo\/","name":"A PROPOSTA - Semana Acad\u00eamica de Psicologia","isPartOf":{"@id":"https:\/\/eventos.ufrrj.br\/sapsi\/#website"},"primaryImageOfPage":{"@id":"https:\/\/eventos.ufrrj.br\/sapsi\/pagina-exemplo\/#primaryimage"},"image":{"@id":"https:\/\/eventos.ufrrj.br\/sapsi\/pagina-exemplo\/#primaryimage"},"thumbnailUrl":"http:\/\/eventos.ufrrj.br\/sapsi\/files\/2017\/03\/SAPSI-foto-fb-300x300.png","datePublished":"2017-03-29T19:30:15+00:00","dateModified":"2017-04-19T23:43:11+00:00","breadcrumb":{"@id":"https:\/\/eventos.ufrrj.br\/sapsi\/pagina-exemplo\/#breadcrumb"},"inLanguage":"pt-BR","potentialAction":[{"@type":"ReadAction","target":["https:\/\/eventos.ufrrj.br\/sapsi\/pagina-exemplo\/"]}]},{"@type":"ImageObject","inLanguage":"pt-BR","@id":"https:\/\/eventos.ufrrj.br\/sapsi\/pagina-exemplo\/#primaryimage","url":"https:\/\/eventos.ufrrj.br\/sapsi\/files\/2017\/03\/SAPSI-foto-fb.png","contentUrl":"https:\/\/eventos.ufrrj.br\/sapsi\/files\/2017\/03\/SAPSI-foto-fb.png","width":640,"height":640},{"@type":"BreadcrumbList","@id":"https:\/\/eventos.ufrrj.br\/sapsi\/pagina-exemplo\/#breadcrumb","itemListElement":[{"@type":"ListItem","position":1,"name":"In\u00edcio","item":"https:\/\/eventos.ufrrj.br\/sapsi\/"},{"@type":"ListItem","position":2,"name":"A PROPOSTA"}]},{"@type":"WebSite","@id":"https:\/\/eventos.ufrrj.br\/sapsi\/#website","url":"https:\/\/eventos.ufrrj.br\/sapsi\/","name":"Semana Acad\u00eamica de Psicologia","description":"S\u00f3 mais um site Eventos da UFRRJ ","potentialAction":[{"@type":"SearchAction","target":{"@type":"EntryPoint","urlTemplate":"https:\/\/eventos.ufrrj.br\/sapsi\/?s={search_term_string}"},"query-input":{"@type":"PropertyValueSpecification","valueRequired":true,"valueName":"search_term_string"}}],"inLanguage":"pt-BR"}]}},"_links":{"self":[{"href":"https:\/\/eventos.ufrrj.br\/sapsi\/wp-json\/wp\/v2\/pages\/2","targetHints":{"allow":["GET"]}}],"collection":[{"href":"https:\/\/eventos.ufrrj.br\/sapsi\/wp-json\/wp\/v2\/pages"}],"about":[{"href":"https:\/\/eventos.ufrrj.br\/sapsi\/wp-json\/wp\/v2\/types\/page"}],"author":[{"embeddable":true,"href":"https:\/\/eventos.ufrrj.br\/sapsi\/wp-json\/wp\/v2\/users\/29"}],"replies":[{"embeddable":true,"href":"https:\/\/eventos.ufrrj.br\/sapsi\/wp-json\/wp\/v2\/comments?post=2"}],"version-history":[{"count":9,"href":"https:\/\/eventos.ufrrj.br\/sapsi\/wp-json\/wp\/v2\/pages\/2\/revisions"}],"predecessor-version":[{"id":83,"href":"https:\/\/eventos.ufrrj.br\/sapsi\/wp-json\/wp\/v2\/pages\/2\/revisions\/83"}],"wp:attachment":[{"href":"https:\/\/eventos.ufrrj.br\/sapsi\/wp-json\/wp\/v2\/media?parent=2"}],"wp:term":[{"taxonomy":"post_tag","embeddable":true,"href":"https:\/\/eventos.ufrrj.br\/sapsi\/wp-json\/wp\/v2\/tags?post=2"}],"curies":[{"name":"wp","href":"https:\/\/api.w.org\/{rel}","templated":true}]}}